{"id":494,"date":"2023-01-05T13:56:16","date_gmt":"2023-01-05T13:56:16","guid":{"rendered":"https:\/\/test-technique-ski.fr\/daten-test-technik-ski-alpin\/"},"modified":"2026-02-28T10:21:51","modified_gmt":"2026-02-28T10:21:51","slug":"datum-technischen-pruefung-alpinen-skis","status":"publish","type":"page","link":"https:\/\/test-technique-ski.fr\/de\/datum-technischen-pruefung-alpinen-skis\/","title":{"rendered":"Termine Technischer Test Ski Alpin"},"content":{"rendered":"\n<h1 class=\"wp-block-heading\">Daten des Technischen Tests Ski Alpin im Jahr 2026<\/h1>\n\n<p>Hier finden Sie alle Termine f\u00fcr den <a href=\"https:\/\/test-technique-ski.fr\/de\/\">Technischen Test Ski<\/a> Alpin im Winter 2026.<\/p>\n\n<p><strong>Die technischen Tests f\u00fcr 2026 finden in 2 Sitzungen statt:<\/strong><\/p>\n\n<ul class=\"wp-block-list\">\n<li>Die 1. Sitzung findet vom 15. Dezember bis zum 7. Februar 2026 statt.<\/li>\n\n\n\n<li>Die 2. Sitzung findet vom 9. M\u00e4rz bis 22. April 2026 statt.<\/li>\n<\/ul>\n\n<div style=\"height:10px\" aria-hidden=\"true\" class=\"wp-block-spacer\"><\/div>\n\n<p>Die Anmeldung ist nur einige Tage lang zu bestimmten Terminen m\u00f6glich. Stellen Sie sicher, dass Sie sich fr\u00fchzeitig f\u00fcr den <a href=\"https:\/\/test-technique-ski.fr\/de\/anmeldung-zur-skitechnischen-pruefung\/\">Technischen Test anmelden<\/a>, um den gew\u00e4hlten Termin nicht zu verpassen. <\/p>\n\n<p>Die fr\u00fchesten verf\u00fcgbaren Daten f\u00fcr die erste Runde 2025-2026 des Technischen Tests Ski Alpin werden unten aufgef\u00fchrt, sobald sie offiziell ver\u00f6ffentlicht wurden.<\/p>\n\n<div style=\"height:10px\" aria-hidden=\"true\" class=\"wp-block-spacer\"><\/div>\n\n<h2 class=\"wp-block-heading\">Termine f\u00fcr den Technischen Test Ski Alpin 2026<\/h2>\n\n<p>Die Termine werden von GEPAFO Montagne f\u00fcr die beiden Sessionen 2025-2026 ver\u00f6ffentlicht:<\/p>\n\n<figure class=\"wp-block-table\"><table><tbody><tr><td class=\"has-text-align-center\" data-align=\"center\">Ort<\/td><td class=\"has-text-align-center\" data-align=\"center\">Dep.<\/td><td class=\"has-text-align-center\" data-align=\"center\">Termine der Tests<\/td><td class=\"has-text-align-center\" data-align=\"center\">Angemeldet min.<\/td><td class=\"has-text-align-center\" data-align=\"center\">Angemeldete max.<\/td><td class=\"has-text-align-center\" data-align=\"center\">Datum Er\u00f6ffnung Anmeldung<\/td><td class=\"has-text-align-center\" data-align=\"center\">Datum des Anmeldeschlusses<\/td><\/tr><tr><td class=\"has-text-align-center\" data-align=\"center\">Val Thorens<\/td><td class=\"has-text-align-center\" data-align=\"center\">73<\/td><td class=\"has-text-align-center\" data-align=\"center\">von 15\/12\/25 bis 17\/12\/25<\/td><td class=\"has-text-align-center\" data-align=\"center\">40<\/td><td class=\"has-text-align-center\" data-align=\"center\">140<\/td><td class=\"has-text-align-center\" data-align=\"center\">13\/10\/25<\/td><td class=\"has-text-align-center\" data-align=\"center\">21\/11\/25<\/td><\/tr><tr><td class=\"has-text-align-center\" data-align=\"center\"><a href=\"https:\/\/test-technique-ski.fr\/de\/test-technique-ski-alpin-menuires\/\">Les Menuires<\/a><\/td><td class=\"has-text-align-center\" data-align=\"center\">73<\/td><td class=\"has-text-align-center\" data-align=\"center\">von 05\/01\/26 bis 09\/01\/26<\/td><td class=\"has-text-align-center\" data-align=\"center\">40<\/td><td class=\"has-text-align-center\" data-align=\"center\">280<\/td><td class=\"has-text-align-center\" data-align=\"center\">13\/10\/25<\/td><td class=\"has-text-align-center\" data-align=\"center\">21\/11\/25<\/td><\/tr><tr><td class=\"has-text-align-center\" data-align=\"center\">Font Romeu<\/td><td class=\"has-text-align-center\" data-align=\"center\">73<\/td><td class=\"has-text-align-center\" data-align=\"center\">von 06\/01\/26 bis 08\/01\/26<\/td><td class=\"has-text-align-center\" data-align=\"center\">40<\/td><td class=\"has-text-align-center\" data-align=\"center\">140<\/td><td class=\"has-text-align-center\" data-align=\"center\">13\/10\/25<\/td><td class=\"has-text-align-center\" data-align=\"center\">21\/11\/25<\/td><\/tr><tr><td class=\"has-text-align-center\" data-align=\"center\">Le Sauze<\/td><td class=\"has-text-align-center\" data-align=\"center\">04<\/td><td class=\"has-text-align-center\" data-align=\"center\">von 12\/01\/26 bis 14\/01\/26<\/td><td class=\"has-text-align-center\" data-align=\"center\">40<\/td><td class=\"has-text-align-center\" data-align=\"center\">140<\/td><td class=\"has-text-align-center\" data-align=\"center\">13\/10\/25<\/td><td class=\"has-text-align-center\" data-align=\"center\">21\/11\/25<\/td><\/tr><tr><td class=\"has-text-align-center\" data-align=\"center\">Isola 2000<\/td><td class=\"has-text-align-center\" data-align=\"center\">06<\/td><td class=\"has-text-align-center\" data-align=\"center\">von 15\/01\/26 bis 17\/01\/26<\/td><td class=\"has-text-align-center\" data-align=\"center\">40<\/td><td class=\"has-text-align-center\" data-align=\"center\">140<\/td><td class=\"has-text-align-center\" data-align=\"center\">13\/10\/25<\/td><td class=\"has-text-align-center\" data-align=\"center\">21\/11\/25<\/td><\/tr><tr><td class=\"has-text-align-center\" data-align=\"center\">Le Grand Bornand<\/td><td class=\"has-text-align-center\" data-align=\"center\">74<\/td><td class=\"has-text-align-center\" data-align=\"center\">von 19\/01\/26 bis 23\/01\/26<\/td><td class=\"has-text-align-center\" data-align=\"center\">40<\/td><td class=\"has-text-align-center\" data-align=\"center\">280<\/td><td class=\"has-text-align-center\" data-align=\"center\">13\/10\/25<\/td><td class=\"has-text-align-center\" data-align=\"center\">21\/11\/25<\/td><\/tr><tr><td class=\"has-text-align-center\" data-align=\"center\">L&#8217;Alpe d&#8217;Huez<\/td><td class=\"has-text-align-center\" data-align=\"center\">38<\/td><td class=\"has-text-align-center\" data-align=\"center\">von 26\/01\/26 bis 30\/01\/26<\/td><td class=\"has-text-align-center\" data-align=\"center\">40<\/td><td class=\"has-text-align-center\" data-align=\"center\">280<\/td><td class=\"has-text-align-center\" data-align=\"center\">13\/10\/25<\/td><td class=\"has-text-align-center\" data-align=\"center\">21\/11\/25<\/td><\/tr><tr><td class=\"has-text-align-center\" data-align=\"center\">Markstein<\/td><td class=\"has-text-align-center\" data-align=\"center\">68<\/td><td class=\"has-text-align-center\" data-align=\"center\">von 02\/02\/26 bis 03\/02\/26<\/td><td class=\"has-text-align-center\" data-align=\"center\">40<\/td><td class=\"has-text-align-center\" data-align=\"center\">70<\/td><td class=\"has-text-align-center\" data-align=\"center\">13\/10\/25<\/td><td class=\"has-text-align-center\" data-align=\"center\">21\/11\/25<\/td><\/tr><tr><td class=\"has-text-align-center\" data-align=\"center\">Lelex<\/td><td class=\"has-text-align-center\" data-align=\"center\">01<\/td><td class=\"has-text-align-center\" data-align=\"center\">von 04\/02\/26 bis 05\/02\/26<\/td><td class=\"has-text-align-center\" data-align=\"center\">40<\/td><td class=\"has-text-align-center\" data-align=\"center\">70<\/td><td class=\"has-text-align-center\" data-align=\"center\">13\/10\/25<\/td><td class=\"has-text-align-center\" data-align=\"center\">21\/11\/25<\/td><\/tr><tr><td class=\"has-text-align-center\" data-align=\"center\">Superbesse<\/td><td class=\"has-text-align-center\" data-align=\"center\">63<\/td><td class=\"has-text-align-center\" data-align=\"center\">von 06\/02\/26 bis 07\/02\/26<\/td><td class=\"has-text-align-center\" data-align=\"center\">40<\/td><td class=\"has-text-align-center\" data-align=\"center\">70<\/td><td class=\"has-text-align-center\" data-align=\"center\">13\/10\/25<\/td><td class=\"has-text-align-center\" data-align=\"center\">21\/11\/25<\/td><\/tr><tr><td class=\"has-text-align-center\" data-align=\"center\">Peyragudes<\/td><td class=\"has-text-align-center\" data-align=\"center\">65<\/td><td class=\"has-text-align-center\" data-align=\"center\">von 09\/03\/26 bis 11\/03\/26<\/td><td class=\"has-text-align-center\" data-align=\"center\">40<\/td><td class=\"has-text-align-center\" data-align=\"center\">140<\/td><td class=\"has-text-align-center\" data-align=\"center\">09\/02\/26<\/td><td class=\"has-text-align-center\" data-align=\"center\">27\/02\/26<\/td><\/tr><tr><td class=\"has-text-align-center\" data-align=\"center\">Morzine<\/td><td class=\"has-text-align-center\" data-align=\"center\">74<\/td><td class=\"has-text-align-center\" data-align=\"center\">von 09\/03\/26 bis 13\/03\/26<\/td><td class=\"has-text-align-center\" data-align=\"center\">40<\/td><td class=\"has-text-align-center\" data-align=\"center\">280<\/td><td class=\"has-text-align-center\" data-align=\"center\">09\/02\/26<\/td><td class=\"has-text-align-center\" data-align=\"center\">27\/02\/26<\/td><\/tr><tr><td class=\"has-text-align-center\" data-align=\"center\">L&#8217;Alpe d&#8217;Huez<\/td><td class=\"has-text-align-center\" data-align=\"center\">38<\/td><td class=\"has-text-align-center\" data-align=\"center\">von 16\/03\/26 bis 20\/03\/26<\/td><td class=\"has-text-align-center\" data-align=\"center\">40<\/td><td class=\"has-text-align-center\" data-align=\"center\">280<\/td><td class=\"has-text-align-center\" data-align=\"center\">09\/02\/26<\/td><td class=\"has-text-align-center\" data-align=\"center\">27\/02\/26<\/td><\/tr><tr><td class=\"has-text-align-center\" data-align=\"center\">Montgen\u00e8vre<\/td><td class=\"has-text-align-center\" data-align=\"center\">05<\/td><td class=\"has-text-align-center\" data-align=\"center\">von 23\/03\/26 bis 27\/03\/26<\/td><td class=\"has-text-align-center\" data-align=\"center\">40<\/td><td class=\"has-text-align-center\" data-align=\"center\">280<\/td><td class=\"has-text-align-center\" data-align=\"center\">09\/02\/26<\/td><td class=\"has-text-align-center\" data-align=\"center\">27\/02\/26<\/td><\/tr><tr><td class=\"has-text-align-center\" data-align=\"center\">Val Cenis<\/td><td class=\"has-text-align-center\" data-align=\"center\">73<\/td><td class=\"has-text-align-center\" data-align=\"center\">von 30\/03\/26 bis 03\/04\/26<\/td><td class=\"has-text-align-center\" data-align=\"center\">40<\/td><td class=\"has-text-align-center\" data-align=\"center\">280<\/td><td class=\"has-text-align-center\" data-align=\"center\">09\/02\/26<\/td><td class=\"has-text-align-center\" data-align=\"center\">27\/02\/26<\/td><\/tr><tr><td class=\"has-text-align-center\" data-align=\"center\"><a href=\"https:\/\/test-technique-ski.fr\/de\/val-thorens\/\" type=\"page\" id=\"3819\">Val Thorens<\/a><\/td><td class=\"has-text-align-center\" data-align=\"center\">73<\/td><td class=\"has-text-align-center\" data-align=\"center\">von 20\/04\/26 bis 22\/04\/26<\/td><td class=\"has-text-align-center\" data-align=\"center\">40<\/td><td class=\"has-text-align-center\" data-align=\"center\">140<\/td><td class=\"has-text-align-center\" data-align=\"center\">09\/02\/26<\/td><td class=\"has-text-align-center\" data-align=\"center\">27\/02\/26<\/td><\/tr><\/tbody><\/table><figcaption class=\"wp-element-caption\">Kalender der Termine f\u00fcr den Technischen Test Ski Alpin in Frankreich in den Jahren 2025-2026<\/figcaption><\/figure>\n\n<div style=\"height:10px\" aria-hidden=\"true\" class=\"wp-block-spacer\"><\/div>\n\n<h2 class=\"wp-block-heading\">Trainingskurs f\u00fcr den technischen Test in Les Menuires  <\/h2>\n\n<p>Die ESF Academy in Les Menuires organisiert <strong>w\u00e4hrend der gesamten Skisaison<\/strong> <a href=\"https:\/\/test-technique-ski.fr\/de\/vorbereitungskurs-fur-die-technische-prufung-im-ski-alpin\/\">Trainingskurse f\u00fcr den Technischen Test<\/a> im Slalomstadion von <strong>Les M\u00e9nuires<\/strong>. Diese Kurse dienen der Vorbereitung auf die Pr\u00fcfungen des <a href=\"https:\/\/test-technique-ski.fr\/de\/test-technique-ski-alpin-menuires\/\">Technischen Tests in Les Menuires<\/a>, die ab dem 5. Januar 2026 stattfinden. <\/p>\n","protected":false},"excerpt":{"rendered":"<p>Daten des Technischen Tests Ski Alpin im Jahr 2026 Hier finden Sie alle Termine f\u00fcr den Technischen Test Ski Alpin im Winter 2026. Die technischen Tests f\u00fcr 2026 finden in 2 Sitzungen statt: Die Anmeldung ist nur einige Tage lang zu bestimmten Terminen m\u00f6glich. Stellen Sie sicher, dass Sie sich fr\u00fchzeitig f\u00fcr den Technischen Test [&hellip;]<\/p>\n","protected":false},"author":1,"featured_media":0,"parent":0,"menu_order":0,"comment_status":"closed","ping_status":"closed","template":"","meta":{"footnotes":""},"class_list":["post-494","page","type-page","status-publish","hentry"],"yoast_head":"<!-- This site is optimized with the Yoast SEO plugin v27.3 - https:\/\/yoast.com\/product\/yoast-seo-wordpress\/ -->\n<title>Termine Technischer Test Ski Alpin<\/title>\n<meta name=\"description\" content=\"Informieren Sie sich \u00fcber die Termine der technischen Tests Ski Alpin in Frankreich. Alle Anmeldedaten f\u00fcr Ihren technischen Skitest\" \/>\n<meta name=\"robots\" content=\"index, follow, max-snippet:-1, max-image-preview:large, max-video-preview:-1\" \/>\n<link rel=\"canonical\" href=\"https:\/\/test-technique-ski.fr\/de\/datum-technischen-pruefung-alpinen-skis\/\" \/>\n<meta property=\"og:locale\" content=\"de_DE\" \/>\n<meta property=\"og:type\" content=\"article\" \/>\n<meta property=\"og:title\" content=\"Termine Technischer Test Ski Alpin\" \/>\n<meta property=\"og:description\" content=\"Informieren Sie sich \u00fcber die Termine der technischen Tests Ski Alpin in Frankreich. Alle Anmeldedaten f\u00fcr Ihren technischen Skitest\" \/>\n<meta property=\"og:url\" content=\"https:\/\/test-technique-ski.fr\/de\/datum-technischen-pruefung-alpinen-skis\/\" \/>\n<meta property=\"og:site_name\" content=\"TEST TECHNIQUE SKI\" \/>\n<meta property=\"article:modified_time\" content=\"2026-02-28T10:21:51+00:00\" \/>\n<meta name=\"twitter:card\" content=\"summary_large_image\" \/>\n<meta name=\"twitter:label1\" content=\"Gesch\u00e4tzte Lesezeit\" \/>\n\t<meta name=\"twitter:data1\" content=\"1\u00a0Minute\" \/>\n<script type=\"application\/ld+json\" class=\"yoast-schema-graph\">{\"@context\":\"https:\\\/\\\/schema.org\",\"@graph\":[{\"@type\":\"WebPage\",\"@id\":\"https:\\\/\\\/test-technique-ski.fr\\\/de\\\/datum-technischen-pruefung-alpinen-skis\\\/\",\"url\":\"https:\\\/\\\/test-technique-ski.fr\\\/de\\\/datum-technischen-pruefung-alpinen-skis\\\/\",\"name\":\"Termine Technischer Test Ski Alpin\",\"isPartOf\":{\"@id\":\"https:\\\/\\\/test-technique-ski.fr\\\/de\\\/#website\"},\"datePublished\":\"2023-01-05T13:56:16+00:00\",\"dateModified\":\"2026-02-28T10:21:51+00:00\",\"description\":\"Informieren Sie sich \u00fcber die Termine der technischen Tests Ski Alpin in Frankreich. Alle Anmeldedaten f\u00fcr Ihren technischen Skitest\",\"inLanguage\":\"de\",\"potentialAction\":[{\"@type\":\"ReadAction\",\"target\":[\"https:\\\/\\\/test-technique-ski.fr\\\/de\\\/datum-technischen-pruefung-alpinen-skis\\\/\"]}]},{\"@type\":\"WebSite\",\"@id\":\"https:\\\/\\\/test-technique-ski.fr\\\/de\\\/#website\",\"url\":\"https:\\\/\\\/test-technique-ski.fr\\\/de\\\/\",\"name\":\"TEST TECHNIQUE SKI\",\"description\":\"\",\"potentialAction\":[{\"@type\":\"SearchAction\",\"target\":{\"@type\":\"EntryPoint\",\"urlTemplate\":\"https:\\\/\\\/test-technique-ski.fr\\\/de\\\/?s={search_term_string}\"},\"query-input\":{\"@type\":\"PropertyValueSpecification\",\"valueRequired\":true,\"valueName\":\"search_term_string\"}}],\"inLanguage\":\"de\"}]}<\/script>\n<!-- \/ Yoast SEO plugin. -->","yoast_head_json":{"title":"Termine Technischer Test Ski Alpin","description":"Informieren Sie sich \u00fcber die Termine der technischen Tests Ski Alpin in Frankreich. Alle Anmeldedaten f\u00fcr Ihren technischen Skitest","robots":{"index":"index","follow":"follow","max-snippet":"max-snippet:-1","max-image-preview":"max-image-preview:large","max-video-preview":"max-video-preview:-1"},"canonical":"https:\/\/test-technique-ski.fr\/de\/datum-technischen-pruefung-alpinen-skis\/","og_locale":"de_DE","og_type":"article","og_title":"Termine Technischer Test Ski Alpin","og_description":"Informieren Sie sich \u00fcber die Termine der technischen Tests Ski Alpin in Frankreich. Alle Anmeldedaten f\u00fcr Ihren technischen Skitest","og_url":"https:\/\/test-technique-ski.fr\/de\/datum-technischen-pruefung-alpinen-skis\/","og_site_name":"TEST TECHNIQUE SKI","article_modified_time":"2026-02-28T10:21:51+00:00","twitter_card":"summary_large_image","twitter_misc":{"Gesch\u00e4tzte Lesezeit":"1\u00a0Minute"},"schema":{"@context":"https:\/\/schema.org","@graph":[{"@type":"WebPage","@id":"https:\/\/test-technique-ski.fr\/de\/datum-technischen-pruefung-alpinen-skis\/","url":"https:\/\/test-technique-ski.fr\/de\/datum-technischen-pruefung-alpinen-skis\/","name":"Termine Technischer Test Ski Alpin","isPartOf":{"@id":"https:\/\/test-technique-ski.fr\/de\/#website"},"datePublished":"2023-01-05T13:56:16+00:00","dateModified":"2026-02-28T10:21:51+00:00","description":"Informieren Sie sich \u00fcber die Termine der technischen Tests Ski Alpin in Frankreich. Alle Anmeldedaten f\u00fcr Ihren technischen Skitest","inLanguage":"de","potentialAction":[{"@type":"ReadAction","target":["https:\/\/test-technique-ski.fr\/de\/datum-technischen-pruefung-alpinen-skis\/"]}]},{"@type":"WebSite","@id":"https:\/\/test-technique-ski.fr\/de\/#website","url":"https:\/\/test-technique-ski.fr\/de\/","name":"TEST TECHNIQUE SKI","description":"","potentialAction":[{"@type":"SearchAction","target":{"@type":"EntryPoint","urlTemplate":"https:\/\/test-technique-ski.fr\/de\/?s={search_term_string}"},"query-input":{"@type":"PropertyValueSpecification","valueRequired":true,"valueName":"search_term_string"}}],"inLanguage":"de"}]}},"_links":{"self":[{"href":"https:\/\/test-technique-ski.fr\/de\/wp-json\/wp\/v2\/pages\/494","targetHints":{"allow":["GET"]}}],"collection":[{"href":"https:\/\/test-technique-ski.fr\/de\/wp-json\/wp\/v2\/pages"}],"about":[{"href":"https:\/\/test-technique-ski.fr\/de\/wp-json\/wp\/v2\/types\/page"}],"author":[{"embeddable":true,"href":"https:\/\/test-technique-ski.fr\/de\/wp-json\/wp\/v2\/users\/1"}],"replies":[{"embeddable":true,"href":"https:\/\/test-technique-ski.fr\/de\/wp-json\/wp\/v2\/comments?post=494"}],"version-history":[{"count":8,"href":"https:\/\/test-technique-ski.fr\/de\/wp-json\/wp\/v2\/pages\/494\/revisions"}],"predecessor-version":[{"id":3867,"href":"https:\/\/test-technique-ski.fr\/de\/wp-json\/wp\/v2\/pages\/494\/revisions\/3867"}],"wp:attachment":[{"href":"https:\/\/test-technique-ski.fr\/de\/wp-json\/wp\/v2\/media?parent=494"}],"curies":[{"name":"wp","href":"https:\/\/api.w.org\/{rel}","templated":true}]}}