{"id":515,"date":"2023-01-05T13:56:16","date_gmt":"2023-01-05T13:56:16","guid":{"rendered":"https:\/\/test-technique-ski.fr\/fechas-prueba-tecnica-ski-alpin\/"},"modified":"2026-02-28T10:21:51","modified_gmt":"2026-02-28T10:21:51","slug":"fechas-prueba-tecnica-esqui-alpino","status":"publish","type":"page","link":"https:\/\/test-technique-ski.fr\/es\/fechas-prueba-tecnica-esqui-alpino\/","title":{"rendered":"Fechas Prueba t\u00e9cnica de esqu\u00ed alpino"},"content":{"rendered":"\n<h1 class=\"wp-block-heading\">Fechas de las Pruebas T\u00e9cnicas de Esqu\u00ed Alpino en 2026<\/h1>\n\n<p>Descubre todas las fechas de las <a href=\"https:\/\/test-technique-ski.fr\/es\/\">Pruebas T\u00e9cnicas de Esqu\u00ed<\/a> Alpino del invierno de 2026.<\/p>\n\n<p><strong>Las pruebas t\u00e9cnicas de 2026 tendr\u00e1n lugar en 2 sesiones:<\/strong><\/p>\n\n<ul class=\"wp-block-list\">\n<li>La 1\u00aa sesi\u00f3n va del 15 de diciembre al 7 de febrero de 2026.<\/li>\n\n\n\n<li>La 2\u00aa sesi\u00f3n va del 9 de marzo al 22 de abril de 2026.<\/li>\n<\/ul>\n\n<div style=\"height:10px\" aria-hidden=\"true\" class=\"wp-block-spacer\"><\/div>\n\n<p>Las inscripciones s\u00f3lo est\u00e1n abiertas durante unos d\u00edas en fechas muy concretas. Aseg\u00farate de <a href=\"https:\/\/test-technique-ski.fr\/es\/inscripcion-prueba-tecnica-esqui\/\">inscribirte en la Prueba T\u00e9cnica<\/a> con suficiente antelaci\u00f3n para no perder la fecha elegida.  <\/p>\n\n<p>Las primeras fechas disponibles para la 1\u00aa sesi\u00f3n 2025-2026 de las Pruebas T\u00e9cnicas de Esqu\u00ed Alpino se presentar\u00e1n a continuaci\u00f3n, una vez que se hayan publicado oficialmente.<\/p>\n\n<div style=\"height:10px\" aria-hidden=\"true\" class=\"wp-block-spacer\"><\/div>\n\n<h2 class=\"wp-block-heading\">Fechas de las pruebas t\u00e9cnicas de esqu\u00ed alpino de 2026<\/h2>\n\n<p>Las fechas son publicadas por GEPAFO Montagne para las 2 sesiones 2025-2026 :<\/p>\n\n<figure class=\"wp-block-table\"><table><tbody><tr><td class=\"has-text-align-center\" data-align=\"center\">Ubicaci\u00f3n<\/td><td class=\"has-text-align-center\" data-align=\"center\">Dep.<\/td><td class=\"has-text-align-center\" data-align=\"center\">Fechas de las pruebas<\/td><td class=\"has-text-align-center\" data-align=\"center\">Registrado min.<\/td><td class=\"has-text-align-center\" data-align=\"center\">N\u00famero m\u00e1ximo de inscripciones<\/td><td class=\"has-text-align-center\" data-align=\"center\">Fecha de apertura de las inscripciones<\/td><td class=\"has-text-align-center\" data-align=\"center\">Fecha l\u00edmite de inscripci\u00f3n<\/td><\/tr><tr><td class=\"has-text-align-center\" data-align=\"center\">Val Thorens<\/td><td class=\"has-text-align-center\" data-align=\"center\">73<\/td><td class=\"has-text-align-center\" data-align=\"center\">del 15\/12\/25 al 17\/12\/25<\/td><td class=\"has-text-align-center\" data-align=\"center\">40<\/td><td class=\"has-text-align-center\" data-align=\"center\">140<\/td><td class=\"has-text-align-center\" data-align=\"center\">13\/10\/25<\/td><td class=\"has-text-align-center\" data-align=\"center\">21\/11\/25<\/td><\/tr><tr><td class=\"has-text-align-center\" data-align=\"center\"><a href=\"https:\/\/test-technique-ski.fr\/es\/prueba-tecnica-esqui-alpin-menuires\/\">Les Menuires<\/a><\/td><td class=\"has-text-align-center\" data-align=\"center\">73<\/td><td class=\"has-text-align-center\" data-align=\"center\">del 05\/01\/26 al 09\/01\/26<\/td><td class=\"has-text-align-center\" data-align=\"center\">40<\/td><td class=\"has-text-align-center\" data-align=\"center\">280<\/td><td class=\"has-text-align-center\" data-align=\"center\">13\/10\/25<\/td><td class=\"has-text-align-center\" data-align=\"center\">21\/11\/25<\/td><\/tr><tr><td class=\"has-text-align-center\" data-align=\"center\">Font Romeu<\/td><td class=\"has-text-align-center\" data-align=\"center\">73<\/td><td class=\"has-text-align-center\" data-align=\"center\">del 06\/01\/26 al 08\/01\/26<\/td><td class=\"has-text-align-center\" data-align=\"center\">40<\/td><td class=\"has-text-align-center\" data-align=\"center\">140<\/td><td class=\"has-text-align-center\" data-align=\"center\">13\/10\/25<\/td><td class=\"has-text-align-center\" data-align=\"center\">21\/11\/25<\/td><\/tr><tr><td class=\"has-text-align-center\" data-align=\"center\">Le Sauze<\/td><td class=\"has-text-align-center\" data-align=\"center\">04<\/td><td class=\"has-text-align-center\" data-align=\"center\">del 12\/01\/26 al 14\/01\/26<\/td><td class=\"has-text-align-center\" data-align=\"center\">40<\/td><td class=\"has-text-align-center\" data-align=\"center\">140<\/td><td class=\"has-text-align-center\" data-align=\"center\">13\/10\/25<\/td><td class=\"has-text-align-center\" data-align=\"center\">21\/11\/25<\/td><\/tr><tr><td class=\"has-text-align-center\" data-align=\"center\">Isola 2000<\/td><td class=\"has-text-align-center\" data-align=\"center\">06<\/td><td class=\"has-text-align-center\" data-align=\"center\">del 15\/01\/26 al 17\/01\/26<\/td><td class=\"has-text-align-center\" data-align=\"center\">40<\/td><td class=\"has-text-align-center\" data-align=\"center\">140<\/td><td class=\"has-text-align-center\" data-align=\"center\">13\/10\/25<\/td><td class=\"has-text-align-center\" data-align=\"center\">21\/11\/25<\/td><\/tr><tr><td class=\"has-text-align-center\" data-align=\"center\">Le Grand Bornand<\/td><td class=\"has-text-align-center\" data-align=\"center\">74<\/td><td class=\"has-text-align-center\" data-align=\"center\">del 19\/01\/26 al 23\/01\/26<\/td><td class=\"has-text-align-center\" data-align=\"center\">40<\/td><td class=\"has-text-align-center\" data-align=\"center\">280<\/td><td class=\"has-text-align-center\" data-align=\"center\">13\/10\/25<\/td><td class=\"has-text-align-center\" data-align=\"center\">21\/11\/25<\/td><\/tr><tr><td class=\"has-text-align-center\" data-align=\"center\">L&#8217;Alpe d&#8217;Huez<\/td><td class=\"has-text-align-center\" data-align=\"center\">38<\/td><td class=\"has-text-align-center\" data-align=\"center\">del 26\/01\/26 al 30\/01\/26<\/td><td class=\"has-text-align-center\" data-align=\"center\">40<\/td><td class=\"has-text-align-center\" data-align=\"center\">280<\/td><td class=\"has-text-align-center\" data-align=\"center\">13\/10\/25<\/td><td class=\"has-text-align-center\" data-align=\"center\">21\/11\/25<\/td><\/tr><tr><td class=\"has-text-align-center\" data-align=\"center\">Markstein<\/td><td class=\"has-text-align-center\" data-align=\"center\">68<\/td><td class=\"has-text-align-center\" data-align=\"center\">del 02\/02\/26 al 03\/02\/26<\/td><td class=\"has-text-align-center\" data-align=\"center\">40<\/td><td class=\"has-text-align-center\" data-align=\"center\">70<\/td><td class=\"has-text-align-center\" data-align=\"center\">13\/10\/25<\/td><td class=\"has-text-align-center\" data-align=\"center\">21\/11\/25<\/td><\/tr><tr><td class=\"has-text-align-center\" data-align=\"center\">Lelex<\/td><td class=\"has-text-align-center\" data-align=\"center\">01<\/td><td class=\"has-text-align-center\" data-align=\"center\">del 04\/02\/26 al 05\/02\/26<\/td><td class=\"has-text-align-center\" data-align=\"center\">40<\/td><td class=\"has-text-align-center\" data-align=\"center\">70<\/td><td class=\"has-text-align-center\" data-align=\"center\">13\/10\/25<\/td><td class=\"has-text-align-center\" data-align=\"center\">21\/11\/25<\/td><\/tr><tr><td class=\"has-text-align-center\" data-align=\"center\">Superbesse<\/td><td class=\"has-text-align-center\" data-align=\"center\">63<\/td><td class=\"has-text-align-center\" data-align=\"center\">del 06\/02\/26 al 07\/02\/26<\/td><td class=\"has-text-align-center\" data-align=\"center\">40<\/td><td class=\"has-text-align-center\" data-align=\"center\">70<\/td><td class=\"has-text-align-center\" data-align=\"center\">13\/10\/25<\/td><td class=\"has-text-align-center\" data-align=\"center\">21\/11\/25<\/td><\/tr><tr><td class=\"has-text-align-center\" data-align=\"center\">Peyragudes<\/td><td class=\"has-text-align-center\" data-align=\"center\">65<\/td><td class=\"has-text-align-center\" data-align=\"center\">del 09\/03\/26 al 11\/03\/26<\/td><td class=\"has-text-align-center\" data-align=\"center\">40<\/td><td class=\"has-text-align-center\" data-align=\"center\">140<\/td><td class=\"has-text-align-center\" data-align=\"center\">09\/02\/26<\/td><td class=\"has-text-align-center\" data-align=\"center\">27\/02\/26<\/td><\/tr><tr><td class=\"has-text-align-center\" data-align=\"center\">Morzine<\/td><td class=\"has-text-align-center\" data-align=\"center\">74<\/td><td class=\"has-text-align-center\" data-align=\"center\">del 09\/03\/26 al 13\/03\/26<\/td><td class=\"has-text-align-center\" data-align=\"center\">40<\/td><td class=\"has-text-align-center\" data-align=\"center\">280<\/td><td class=\"has-text-align-center\" data-align=\"center\">09\/02\/26<\/td><td class=\"has-text-align-center\" data-align=\"center\">27\/02\/26<\/td><\/tr><tr><td class=\"has-text-align-center\" data-align=\"center\">L&#8217;Alpe d&#8217;Huez<\/td><td class=\"has-text-align-center\" data-align=\"center\">38<\/td><td class=\"has-text-align-center\" data-align=\"center\">del 16\/03\/26 al 20\/03\/26<\/td><td class=\"has-text-align-center\" data-align=\"center\">40<\/td><td class=\"has-text-align-center\" data-align=\"center\">280<\/td><td class=\"has-text-align-center\" data-align=\"center\">09\/02\/26<\/td><td class=\"has-text-align-center\" data-align=\"center\">27\/02\/26<\/td><\/tr><tr><td class=\"has-text-align-center\" data-align=\"center\">Montgen\u00e8vre<\/td><td class=\"has-text-align-center\" data-align=\"center\">05<\/td><td class=\"has-text-align-center\" data-align=\"center\">del 23\/03\/26 al 27\/03\/26<\/td><td class=\"has-text-align-center\" data-align=\"center\">40<\/td><td class=\"has-text-align-center\" data-align=\"center\">280<\/td><td class=\"has-text-align-center\" data-align=\"center\">09\/02\/26<\/td><td class=\"has-text-align-center\" data-align=\"center\">27\/02\/26<\/td><\/tr><tr><td class=\"has-text-align-center\" data-align=\"center\">Val Cenis<\/td><td class=\"has-text-align-center\" data-align=\"center\">73<\/td><td class=\"has-text-align-center\" data-align=\"center\">del 30\/03\/26 al 03\/04\/26<\/td><td class=\"has-text-align-center\" data-align=\"center\">40<\/td><td class=\"has-text-align-center\" data-align=\"center\">280<\/td><td class=\"has-text-align-center\" data-align=\"center\">09\/02\/26<\/td><td class=\"has-text-align-center\" data-align=\"center\">27\/02\/26<\/td><\/tr><tr><td class=\"has-text-align-center\" data-align=\"center\"><a href=\"https:\/\/test-technique-ski.fr\/es\/val-thorens\/\" type=\"page\" id=\"3819\">Val Thorens<\/a><\/td><td class=\"has-text-align-center\" data-align=\"center\">73<\/td><td class=\"has-text-align-center\" data-align=\"center\">del 20\/04\/26 al 22\/04\/26<\/td><td class=\"has-text-align-center\" data-align=\"center\">40<\/td><td class=\"has-text-align-center\" data-align=\"center\">140<\/td><td class=\"has-text-align-center\" data-align=\"center\">09\/02\/26<\/td><td class=\"has-text-align-center\" data-align=\"center\">27\/02\/26<\/td><\/tr><\/tbody><\/table><figcaption class=\"wp-element-caption\">Calendario de fechas de las Pruebas T\u00e9cnicas de Esqu\u00ed Alpino en Francia en 2025-2026<\/figcaption><\/figure>\n\n<div style=\"height:10px\" aria-hidden=\"true\" class=\"wp-block-spacer\"><\/div>\n\n<h2 class=\"wp-block-heading\">Curso de formaci\u00f3n en Pruebas T\u00e9cnicas en Les Menuires  <\/h2>\n\n<p>La Academia de la FSE en <strong>Les M\u00e9nuires<\/strong> organiza <a href=\"https:\/\/test-technique-ski.fr\/es\/curso-de-preparacion-para-pruebas-tecnicas-de-esqui-alpino\/\">cursos de formaci\u00f3n para la Prueba T\u00e9cnica<\/a> en el Estadio de Slalom <strong>de Les M\u00e9nuires durante toda la temporada de esqu\u00ed<\/strong>. Estos cursos ayudan a preparar la <a href=\"https:\/\/test-technique-ski.fr\/es\/prueba-tecnica-esqui-alpin-menuires\/\">Prueba T\u00e9cnica de Les<\/a> Menuires, que tendr\u00e1 lugar a partir del 5 de enero de 2026. <\/p>\n","protected":false},"excerpt":{"rendered":"<p>Fechas de las Pruebas T\u00e9cnicas de Esqu\u00ed Alpino en 2026 Descubre todas las fechas de las Pruebas T\u00e9cnicas de Esqu\u00ed Alpino del invierno de 2026. Las pruebas t\u00e9cnicas de 2026 tendr\u00e1n lugar en 2 sesiones: Las inscripciones s\u00f3lo est\u00e1n abiertas durante unos d\u00edas en fechas muy concretas. Aseg\u00farate de inscribirte en la Prueba T\u00e9cnica con [&hellip;]<\/p>\n","protected":false},"author":1,"featured_media":0,"parent":0,"menu_order":0,"comment_status":"closed","ping_status":"closed","template":"","meta":{"footnotes":""},"class_list":["post-515","page","type-page","status-publish","hentry"],"yoast_head":"<!-- This site is optimized with the Yoast SEO plugin v27.3 - https:\/\/yoast.com\/product\/yoast-seo-wordpress\/ -->\n<title>Fechas Prueba t\u00e9cnica de esqu\u00ed alpino<\/title>\n<meta name=\"description\" content=\"Descubra las fechas de las pruebas t\u00e9cnicas en Francia. Todas las fechas de inscripci\u00f3n para realizar la prueba t\u00e9cnica de esqu\u00ed\" \/>\n<meta name=\"robots\" content=\"index, follow, max-snippet:-1, max-image-preview:large, max-video-preview:-1\" \/>\n<link rel=\"canonical\" href=\"https:\/\/test-technique-ski.fr\/es\/fechas-prueba-tecnica-esqui-alpino\/\" \/>\n<meta property=\"og:locale\" content=\"es_ES\" \/>\n<meta property=\"og:type\" content=\"article\" \/>\n<meta property=\"og:title\" content=\"Fechas Prueba t\u00e9cnica de esqu\u00ed alpino\" \/>\n<meta property=\"og:description\" content=\"Descubra las fechas de las pruebas t\u00e9cnicas en Francia. Todas las fechas de inscripci\u00f3n para realizar la prueba t\u00e9cnica de esqu\u00ed\" \/>\n<meta property=\"og:url\" content=\"https:\/\/test-technique-ski.fr\/es\/fechas-prueba-tecnica-esqui-alpino\/\" \/>\n<meta property=\"og:site_name\" content=\"TEST TECHNIQUE SKI\" \/>\n<meta property=\"article:modified_time\" content=\"2026-02-28T10:21:51+00:00\" \/>\n<meta name=\"twitter:card\" content=\"summary_large_image\" \/>\n<meta name=\"twitter:label1\" content=\"Tiempo de lectura\" \/>\n\t<meta name=\"twitter:data1\" content=\"2 minutos\" \/>\n<script type=\"application\/ld+json\" class=\"yoast-schema-graph\">{\"@context\":\"https:\\\/\\\/schema.org\",\"@graph\":[{\"@type\":\"WebPage\",\"@id\":\"https:\\\/\\\/test-technique-ski.fr\\\/es\\\/fechas-prueba-tecnica-esqui-alpino\\\/\",\"url\":\"https:\\\/\\\/test-technique-ski.fr\\\/es\\\/fechas-prueba-tecnica-esqui-alpino\\\/\",\"name\":\"Fechas Prueba t\u00e9cnica de esqu\u00ed alpino\",\"isPartOf\":{\"@id\":\"https:\\\/\\\/test-technique-ski.fr\\\/es\\\/#website\"},\"datePublished\":\"2023-01-05T13:56:16+00:00\",\"dateModified\":\"2026-02-28T10:21:51+00:00\",\"description\":\"Descubra las fechas de las pruebas t\u00e9cnicas en Francia. Todas las fechas de inscripci\u00f3n para realizar la prueba t\u00e9cnica de esqu\u00ed\",\"inLanguage\":\"es\",\"potentialAction\":[{\"@type\":\"ReadAction\",\"target\":[\"https:\\\/\\\/test-technique-ski.fr\\\/es\\\/fechas-prueba-tecnica-esqui-alpino\\\/\"]}]},{\"@type\":\"WebSite\",\"@id\":\"https:\\\/\\\/test-technique-ski.fr\\\/es\\\/#website\",\"url\":\"https:\\\/\\\/test-technique-ski.fr\\\/es\\\/\",\"name\":\"TEST TECHNIQUE SKI\",\"description\":\"\",\"potentialAction\":[{\"@type\":\"SearchAction\",\"target\":{\"@type\":\"EntryPoint\",\"urlTemplate\":\"https:\\\/\\\/test-technique-ski.fr\\\/es\\\/?s={search_term_string}\"},\"query-input\":{\"@type\":\"PropertyValueSpecification\",\"valueRequired\":true,\"valueName\":\"search_term_string\"}}],\"inLanguage\":\"es\"}]}<\/script>\n<!-- \/ Yoast SEO plugin. -->","yoast_head_json":{"title":"Fechas Prueba t\u00e9cnica de esqu\u00ed alpino","description":"Descubra las fechas de las pruebas t\u00e9cnicas en Francia. Todas las fechas de inscripci\u00f3n para realizar la prueba t\u00e9cnica de esqu\u00ed","robots":{"index":"index","follow":"follow","max-snippet":"max-snippet:-1","max-image-preview":"max-image-preview:large","max-video-preview":"max-video-preview:-1"},"canonical":"https:\/\/test-technique-ski.fr\/es\/fechas-prueba-tecnica-esqui-alpino\/","og_locale":"es_ES","og_type":"article","og_title":"Fechas Prueba t\u00e9cnica de esqu\u00ed alpino","og_description":"Descubra las fechas de las pruebas t\u00e9cnicas en Francia. Todas las fechas de inscripci\u00f3n para realizar la prueba t\u00e9cnica de esqu\u00ed","og_url":"https:\/\/test-technique-ski.fr\/es\/fechas-prueba-tecnica-esqui-alpino\/","og_site_name":"TEST TECHNIQUE SKI","article_modified_time":"2026-02-28T10:21:51+00:00","twitter_card":"summary_large_image","twitter_misc":{"Tiempo de lectura":"2 minutos"},"schema":{"@context":"https:\/\/schema.org","@graph":[{"@type":"WebPage","@id":"https:\/\/test-technique-ski.fr\/es\/fechas-prueba-tecnica-esqui-alpino\/","url":"https:\/\/test-technique-ski.fr\/es\/fechas-prueba-tecnica-esqui-alpino\/","name":"Fechas Prueba t\u00e9cnica de esqu\u00ed alpino","isPartOf":{"@id":"https:\/\/test-technique-ski.fr\/es\/#website"},"datePublished":"2023-01-05T13:56:16+00:00","dateModified":"2026-02-28T10:21:51+00:00","description":"Descubra las fechas de las pruebas t\u00e9cnicas en Francia. Todas las fechas de inscripci\u00f3n para realizar la prueba t\u00e9cnica de esqu\u00ed","inLanguage":"es","potentialAction":[{"@type":"ReadAction","target":["https:\/\/test-technique-ski.fr\/es\/fechas-prueba-tecnica-esqui-alpino\/"]}]},{"@type":"WebSite","@id":"https:\/\/test-technique-ski.fr\/es\/#website","url":"https:\/\/test-technique-ski.fr\/es\/","name":"TEST TECHNIQUE SKI","description":"","potentialAction":[{"@type":"SearchAction","target":{"@type":"EntryPoint","urlTemplate":"https:\/\/test-technique-ski.fr\/es\/?s={search_term_string}"},"query-input":{"@type":"PropertyValueSpecification","valueRequired":true,"valueName":"search_term_string"}}],"inLanguage":"es"}]}},"_links":{"self":[{"href":"https:\/\/test-technique-ski.fr\/es\/wp-json\/wp\/v2\/pages\/515","targetHints":{"allow":["GET"]}}],"collection":[{"href":"https:\/\/test-technique-ski.fr\/es\/wp-json\/wp\/v2\/pages"}],"about":[{"href":"https:\/\/test-technique-ski.fr\/es\/wp-json\/wp\/v2\/types\/page"}],"author":[{"embeddable":true,"href":"https:\/\/test-technique-ski.fr\/es\/wp-json\/wp\/v2\/users\/1"}],"replies":[{"embeddable":true,"href":"https:\/\/test-technique-ski.fr\/es\/wp-json\/wp\/v2\/comments?post=515"}],"version-history":[{"count":8,"href":"https:\/\/test-technique-ski.fr\/es\/wp-json\/wp\/v2\/pages\/515\/revisions"}],"predecessor-version":[{"id":3870,"href":"https:\/\/test-technique-ski.fr\/es\/wp-json\/wp\/v2\/pages\/515\/revisions\/3870"}],"wp:attachment":[{"href":"https:\/\/test-technique-ski.fr\/es\/wp-json\/wp\/v2\/media?parent=515"}],"curies":[{"name":"wp","href":"https:\/\/api.w.org\/{rel}","templated":true}]}}