{"id":1375,"date":"2024-01-11T09:21:47","date_gmt":"2024-01-11T09:21:47","guid":{"rendered":"https:\/\/test-technique-ski.fr\/ctt-common-koulutustesti\/"},"modified":"2026-02-28T10:22:33","modified_gmt":"2026-02-28T10:22:33","slug":"ctt-common-training-test-eurotest","status":"publish","type":"page","link":"https:\/\/test-technique-ski.fr\/fi\/ctt-common-training-test-eurotest\/","title":{"rendered":"CTT Common Training Test alppihiihto"},"content":{"rendered":"\n<h1 class=\"wp-block-heading\">CTT Yhteinen harjoittelukoe alppihiihdossa<\/h1>\n\n<p>Lue kaikki, mit\u00e4 sinun tarvitsee tiet\u00e4\u00e4 yhteisest\u00e4 harjoituskokeesta (CTT): ilmoittautumisehdot, koep\u00e4iv\u00e4t ja vaiheittainen opas alppihiihdon CTT-kokeeseen ilmoittautumiseen.<\/p>\n\n<h2 class=\"wp-block-heading\">Mik\u00e4 on yhteinen koulutustesti?<\/h2>\n\n<p>Yhteinen harjoitustesti (CTT) on joukko arviointeja, joiden tarkoituksena on mitata osallistujien taitoja ja tietoja eri osa-alueilla, my\u00f6s talviurheilulajeissa, kuten laskettelussa. T\u00e4ss\u00e4 kokeessa arvioidaan hakijoiden taso sen varmistamiseksi, ett\u00e4 heill\u00e4 on vaadittava p\u00e4tevyys osallistua tiettyihin koulutuskursseihin tai kilpailuihin. CTT:t tunnustetaan kansallisella ja kansainv\u00e4lisell\u00e4 tasolla, ja ne tarjoavat osallistujille arvokkaan sertifikaatin urheilu- tai ammattiuraa varten.<\/p>\n\n<h2 class=\"wp-block-heading\">Mitk\u00e4 ovat CTT:hen rekister\u00f6itymisen edellytykset?<\/h2>\n\n<p>Yhteiseen koulutuskokeeseen ilmoittautumisen edellytyksen\u00e4 on, ett\u00e4 hakijat t\u00e4ytt\u00e4v\u00e4t tietyt edellytykset, jotka voivat vaihdella koetyypist\u00e4 riippuen. Ehtoihin kuuluvat:<\/p>\n\n<ul class=\"wp-block-list\">\n<li>ovat saavuttaneet tietyn v\u00e4himm\u00e4isik\u00e4rajan (usein 16 vuotta tai yli).<\/li>\n\n\n\n<li>Hakijalla on oltava aiempaa ammattitaitoa tai koulutusta kyseisell\u00e4 alalla.<\/li>\n\n\n\n<li>Toimita l\u00e4\u00e4k\u00e4rintodistus, joka osoittaa, ett\u00e4 voit harjoittaa kyseist\u00e4 urheilulajia.<\/li>\n\n\n\n<li>Maksa kokeen rekister\u00f6intimaksu.<\/li>\n<\/ul>\n\n<p>On t\u00e4rke\u00e4\u00e4 tarkistaa sen CTT:n erityisehdot, johon haluat ilmoittautua, sill\u00e4 ne voivat vaihdella.<\/p>\n\n<h2 class=\"wp-block-heading\">Mitk\u00e4 ovat vuonna 2026 j\u00e4rjestett\u00e4v\u00e4n CTT:n teknisen kokeen p\u00e4iv\u00e4m\u00e4\u00e4r\u00e4t?<\/h2>\n\n<p>T\u00e4ss\u00e4 ovat GEPAFO Montagnen julkaisemat ensimm\u00e4iset p\u00e4iv\u00e4m\u00e4\u00e4r\u00e4t 1. istuntokaudelle 2025-2026:<\/p>\n\n<figure class=\"wp-block-table\"><table><tbody><tr><td class=\"has-text-align-center\" data-align=\"center\">Sijainti<\/td><td class=\"has-text-align-center\" data-align=\"center\">Dep.<\/td><td class=\"has-text-align-center\" data-align=\"center\">Koep\u00e4iv\u00e4m\u00e4\u00e4r\u00e4t<\/td><td class=\"has-text-align-center\" data-align=\"center\">Rekister\u00f6ity min.<\/td><td class=\"has-text-align-center\" data-align=\"center\">Rekister\u00f6intien enimm\u00e4ism\u00e4\u00e4r\u00e4<\/td><td class=\"has-text-align-center\" data-align=\"center\">Rekister\u00f6innin avaamisp\u00e4iv\u00e4<\/td><td class=\"has-text-align-center\" data-align=\"center\">Ilmoittautumisen m\u00e4\u00e4r\u00e4aika<\/td><\/tr><tr><td class=\"has-text-align-center\" data-align=\"center\">L&#8217;Alpe d&#8217;Huez<\/td><td class=\"has-text-align-center\" data-align=\"center\">38<\/td><td class=\"has-text-align-center\" data-align=\"center\">18\/12\/2025 &#8211; 20\/12\/2025<\/td><td class=\"has-text-align-center\" data-align=\"center\">40<\/td><td class=\"has-text-align-center\" data-align=\"center\">180<\/td><td class=\"has-text-align-center\" data-align=\"center\">13\/10\/2025<\/td><td class=\"has-text-align-center\" data-align=\"center\">21\/11\/2025<\/td><\/tr><tr><td class=\"has-text-align-center\" data-align=\"center\">Morzine<\/td><td class=\"has-text-align-center\" data-align=\"center\">74<\/td><td class=\"has-text-align-center\" data-align=\"center\">12\/01\/2026 &#8211; 14\/01\/2026<\/td><td class=\"has-text-align-center\" data-align=\"center\">40<\/td><td class=\"has-text-align-center\" data-align=\"center\">180<\/td><td class=\"has-text-align-center\" data-align=\"center\">13\/10\/2025<\/td><td class=\"has-text-align-center\" data-align=\"center\">21\/11\/2025<\/td><\/tr><tr><td class=\"has-text-align-center\" data-align=\"center\"><a href=\"https:\/\/test-technique-ski.fr\/fi\/test-technique-ski-alpin-menuires\/\">Les Menuires<\/a><\/td><td class=\"has-text-align-center\" data-align=\"center\">73<\/td><td class=\"has-text-align-center\" data-align=\"center\">22\/01\/2026 &#8211; 24\/01\/2026<\/td><td class=\"has-text-align-center\" data-align=\"center\">40<\/td><td class=\"has-text-align-center\" data-align=\"center\">180<\/td><td class=\"has-text-align-center\" data-align=\"center\">13\/10\/2025<\/td><td class=\"has-text-align-center\" data-align=\"center\">21\/11\/2025<\/td><\/tr><tr><td class=\"has-text-align-center\" data-align=\"center\">Saint Lary Soulan<\/td><td class=\"has-text-align-center\" data-align=\"center\">65<\/td><td class=\"has-text-align-center\" data-align=\"center\">02\/02\/2026 &#8211; 03\/02\/2026<\/td><td class=\"has-text-align-center\" data-align=\"center\">40<\/td><td class=\"has-text-align-center\" data-align=\"center\">90<\/td><td class=\"has-text-align-center\" data-align=\"center\">13\/10\/2025<\/td><td class=\"has-text-align-center\" data-align=\"center\">21\/11\/2025<\/td><\/tr><tr><td class=\"has-text-align-center\" data-align=\"center\">Serre Chevalier<\/td><td class=\"has-text-align-center\" data-align=\"center\">06<\/td><td class=\"has-text-align-center\" data-align=\"center\">04\/02\/2026 &#8211; 06\/02\/2026<\/td><td class=\"has-text-align-center\" data-align=\"center\">40<\/td><td class=\"has-text-align-center\" data-align=\"center\">180<\/td><td class=\"has-text-align-center\" data-align=\"center\">13\/10\/2025<\/td><td class=\"has-text-align-center\" data-align=\"center\">21\/11\/2025<\/td><\/tr><tr><td class=\"has-text-align-center\" data-align=\"center\">Saint Lary Soulan<\/td><td class=\"has-text-align-center\" data-align=\"center\">65<\/td><td class=\"has-text-align-center\" data-align=\"center\">17\/03\/2026 &#8211; 18\/03\/2026<\/td><td class=\"has-text-align-center\" data-align=\"center\">40<\/td><td class=\"has-text-align-center\" data-align=\"center\">90<\/td><td class=\"has-text-align-center\" data-align=\"center\">  09\/02\/2026<\/td><td class=\"has-text-align-center\" data-align=\"center\">  27\/02\/2026<\/td><\/tr><tr><td class=\"has-text-align-center\" data-align=\"center\">Auron<\/td><td class=\"has-text-align-center\" data-align=\"center\">06<\/td><td class=\"has-text-align-center\" data-align=\"center\">19\/03\/2026 &#8211; 20\/03\/2026<\/td><td class=\"has-text-align-center\" data-align=\"center\">40<\/td><td class=\"has-text-align-center\" data-align=\"center\">90<\/td><td class=\"has-text-align-center\" data-align=\"center\">  09\/02\/2026<\/td><td class=\"has-text-align-center\" data-align=\"center\">  27\/02\/2026<\/td><\/tr><tr><td class=\"has-text-align-center\" data-align=\"center\">L&#8217;Alpe d&#8217;Huez<\/td><td class=\"has-text-align-center\" data-align=\"center\">38<\/td><td class=\"has-text-align-center\" data-align=\"center\">30\/03\/2026 &#8211; 03\/04\/2026<\/td><td class=\"has-text-align-center\" data-align=\"center\">40<\/td><td class=\"has-text-align-center\" data-align=\"center\">360<\/td><td class=\"has-text-align-center\" data-align=\"center\">  09\/02\/2026<\/td><td class=\"has-text-align-center\" data-align=\"center\">  27\/02\/2026<\/td><\/tr><tr><td class=\"has-text-align-center\" data-align=\"center\"><a href=\"https:\/\/test-technique-ski.fr\/fi\/val-thorens\/\" type=\"page\" id=\"3819\">Val Thorens<\/a><\/td><td class=\"has-text-align-center\" data-align=\"center\">73<\/td><td class=\"has-text-align-center\" data-align=\"center\">23\/04\/2026 &#8211; 25\/04\/2026<\/td><td class=\"has-text-align-center\" data-align=\"center\">40<\/td><td class=\"has-text-align-center\" data-align=\"center\">180<\/td><td class=\"has-text-align-center\" data-align=\"center\">  09\/02\/2026<\/td><td class=\"has-text-align-center\" data-align=\"center\">  27\/02\/2026<\/td><\/tr><\/tbody><\/table><figcaption class=\"wp-element-caption\">Ranskassa vuonna 2026 j\u00e4rjestett\u00e4v\u00e4n teknisen C.T.T.-testin p\u00e4iv\u00e4m\u00e4\u00e4r\u00e4t kalenteri.<\/figcaption><\/figure>\n\n<h2 class=\"wp-block-heading\">Koulutuskurssi CTT:ss\u00e4 Les Menuiresissa<\/h2>\n\n<p>Menuiresin ESF-akatemia j\u00e4rjesti <strong>12.-22. tammikuuta 2026 Les M\u00e9nuiresin<\/strong> Slalom-stadionilla <a href=\"https:\/\/test-technique-ski.fr\/fi\/kurssi-valmiuskoe-tekninen-alppihiihto\/\">koulutuksen CTT:n teknist\u00e4 testi\u00e4 varten<\/a>. Kurssilla valmistauduttiin Les Menuiresissa 22.-24. tammikuuta 2026 j\u00e4rjestettyyn CTT:n tekniseen testiin. <\/p>\n\n<p>Jos haluat osallistua kurssille, ota yhteytt\u00e4 <strong>Nicolas Flageen<\/strong> numeroon <a href=\"tel:+33625690113\">06 25 69 01 13<\/a>.<\/p>\n\n<div style=\"height:30px\" aria-hidden=\"true\" class=\"wp-block-spacer\"><\/div>\n\n<h2 class=\"wp-block-heading\">Miten ilmoittaudun alppihiihdon CTT-koulutukseen?<\/h2>\n\n<p>Voit rekister\u00f6ity\u00e4 CTT:hen seuraavasti:<\/p>\n\n<ol class=\"wp-block-list\">\n<li><strong>K\u00e4y virallisella sivustolla:<\/strong> K\u00e4y aluksi alppihiihdon CTT-kilpailujen j\u00e4rjest\u00e4jien virallisella sivustolla.<\/li>\n\n\n\n<li><strong>Tutustu rekister\u00f6intiin liittyviin ehtoihin:<\/strong> Varmista, ett\u00e4 t\u00e4yt\u00e4t kaikki rekister\u00f6intiin vaadittavat ehdot.<\/li>\n\n\n\n<li><strong>P\u00e4iv\u00e4m\u00e4\u00e4r\u00e4n valinta:<\/strong> Valitse alppihiihdon CTT:lle ehdotetuista p\u00e4iv\u00e4m\u00e4\u00e4rist\u00e4 sinulle sopiva.<\/li>\n\n\n\n<li><strong>T\u00e4yt\u00e4 rekister\u00f6intilomake:<\/strong> T\u00e4yt\u00e4 verkkolomake ja t\u00e4yt\u00e4 kaikki pyydetyt tiedot.<\/li>\n\n\n\n<li><strong>Maksa ilmoittautumismaksu:<\/strong> Suorita maksu, jotta testiin ilmoittautuminen voidaan viimeistell\u00e4.<\/li>\n\n\n\n<li><strong>Valmistaudu kokeeseen:<\/strong> Valmistaudu asianmukaisesti l\u00e4p\u00e4ist\u00e4ksesi alppihiihdon CTT-kokeen.<\/li>\n<\/ol>\n\n<p>Varmista, ett\u00e4 noudatat kaikkia organisaation antamia ohjeita, jotta rekister\u00f6inti onnistuu ja valmistaudut kokeeseen asianmukaisesti.<\/p>\n","protected":false},"excerpt":{"rendered":"<p>CTT Yhteinen harjoittelukoe alppihiihdossa Lue kaikki, mit\u00e4 sinun tarvitsee tiet\u00e4\u00e4 yhteisest\u00e4 harjoituskokeesta (CTT): ilmoittautumisehdot, koep\u00e4iv\u00e4t ja vaiheittainen opas alppihiihdon CTT-kokeeseen ilmoittautumiseen. Mik\u00e4 on yhteinen koulutustesti? Yhteinen harjoitustesti (CTT) on joukko arviointeja, joiden tarkoituksena on mitata osallistujien taitoja ja tietoja eri osa-alueilla, my\u00f6s talviurheilulajeissa, kuten laskettelussa. T\u00e4ss\u00e4 kokeessa arvioidaan hakijoiden taso sen varmistamiseksi, ett\u00e4 heill\u00e4 on [&hellip;]<\/p>\n","protected":false},"author":1,"featured_media":0,"parent":0,"menu_order":0,"comment_status":"closed","ping_status":"closed","template":"","meta":{"footnotes":""},"class_list":["post-1375","page","type-page","status-publish","hentry"],"yoast_head":"<!-- This site is optimized with the Yoast SEO plugin v27.3 - https:\/\/yoast.com\/product\/yoast-seo-wordpress\/ -->\n<title>CTT Common Training Test alppihiihto - TEST TECHNIQUE SKI<\/title>\n<meta name=\"description\" content=\"Eurotestin nimi on nyt yhteinen koulutustesti. Sen ansiosta useat Euroopan maat voivat j\u00e4rjest\u00e4\u00e4 alppihiihdon teknisen testin.\" \/>\n<meta name=\"robots\" content=\"index, follow, max-snippet:-1, max-image-preview:large, max-video-preview:-1\" \/>\n<link rel=\"canonical\" href=\"https:\/\/test-technique-ski.fr\/fi\/ctt-common-training-test-eurotest\/\" \/>\n<meta property=\"og:locale\" content=\"fi_FI\" \/>\n<meta property=\"og:type\" content=\"article\" \/>\n<meta property=\"og:title\" content=\"CTT Common Training Test alppihiihto - TEST TECHNIQUE SKI\" \/>\n<meta property=\"og:description\" content=\"Eurotestin nimi on nyt yhteinen koulutustesti. Sen ansiosta useat Euroopan maat voivat j\u00e4rjest\u00e4\u00e4 alppihiihdon teknisen testin.\" \/>\n<meta property=\"og:url\" content=\"https:\/\/test-technique-ski.fr\/fi\/ctt-common-training-test-eurotest\/\" \/>\n<meta property=\"og:site_name\" content=\"TEST TECHNIQUE SKI\" \/>\n<meta property=\"article:modified_time\" content=\"2026-02-28T10:22:33+00:00\" \/>\n<meta name=\"twitter:card\" content=\"summary_large_image\" \/>\n<meta name=\"twitter:label1\" content=\"Arvioitu lukuaika\" \/>\n\t<meta name=\"twitter:data1\" content=\"2 minuuttia\" \/>\n<script type=\"application\/ld+json\" class=\"yoast-schema-graph\">{\"@context\":\"https:\\\/\\\/schema.org\",\"@graph\":[{\"@type\":\"WebPage\",\"@id\":\"https:\\\/\\\/test-technique-ski.fr\\\/fi\\\/ctt-common-training-test-eurotest\\\/\",\"url\":\"https:\\\/\\\/test-technique-ski.fr\\\/fi\\\/ctt-common-training-test-eurotest\\\/\",\"name\":\"CTT Common Training Test alppihiihto - TEST TECHNIQUE SKI\",\"isPartOf\":{\"@id\":\"https:\\\/\\\/test-technique-ski.fr\\\/fi\\\/#website\"},\"datePublished\":\"2024-01-11T09:21:47+00:00\",\"dateModified\":\"2026-02-28T10:22:33+00:00\",\"description\":\"Eurotestin nimi on nyt yhteinen koulutustesti. Sen ansiosta useat Euroopan maat voivat j\u00e4rjest\u00e4\u00e4 alppihiihdon teknisen testin.\",\"inLanguage\":\"fi\",\"potentialAction\":[{\"@type\":\"ReadAction\",\"target\":[\"https:\\\/\\\/test-technique-ski.fr\\\/fi\\\/ctt-common-training-test-eurotest\\\/\"]}]},{\"@type\":\"WebSite\",\"@id\":\"https:\\\/\\\/test-technique-ski.fr\\\/fi\\\/#website\",\"url\":\"https:\\\/\\\/test-technique-ski.fr\\\/fi\\\/\",\"name\":\"TEST TECHNIQUE SKI\",\"description\":\"\",\"potentialAction\":[{\"@type\":\"SearchAction\",\"target\":{\"@type\":\"EntryPoint\",\"urlTemplate\":\"https:\\\/\\\/test-technique-ski.fr\\\/fi\\\/?s={search_term_string}\"},\"query-input\":{\"@type\":\"PropertyValueSpecification\",\"valueRequired\":true,\"valueName\":\"search_term_string\"}}],\"inLanguage\":\"fi\"}]}<\/script>\n<!-- \/ Yoast SEO plugin. -->","yoast_head_json":{"title":"CTT Common Training Test alppihiihto - TEST TECHNIQUE SKI","description":"Eurotestin nimi on nyt yhteinen koulutustesti. Sen ansiosta useat Euroopan maat voivat j\u00e4rjest\u00e4\u00e4 alppihiihdon teknisen testin.","robots":{"index":"index","follow":"follow","max-snippet":"max-snippet:-1","max-image-preview":"max-image-preview:large","max-video-preview":"max-video-preview:-1"},"canonical":"https:\/\/test-technique-ski.fr\/fi\/ctt-common-training-test-eurotest\/","og_locale":"fi_FI","og_type":"article","og_title":"CTT Common Training Test alppihiihto - TEST TECHNIQUE SKI","og_description":"Eurotestin nimi on nyt yhteinen koulutustesti. Sen ansiosta useat Euroopan maat voivat j\u00e4rjest\u00e4\u00e4 alppihiihdon teknisen testin.","og_url":"https:\/\/test-technique-ski.fr\/fi\/ctt-common-training-test-eurotest\/","og_site_name":"TEST TECHNIQUE SKI","article_modified_time":"2026-02-28T10:22:33+00:00","twitter_card":"summary_large_image","twitter_misc":{"Arvioitu lukuaika":"2 minuuttia"},"schema":{"@context":"https:\/\/schema.org","@graph":[{"@type":"WebPage","@id":"https:\/\/test-technique-ski.fr\/fi\/ctt-common-training-test-eurotest\/","url":"https:\/\/test-technique-ski.fr\/fi\/ctt-common-training-test-eurotest\/","name":"CTT Common Training Test alppihiihto - TEST TECHNIQUE SKI","isPartOf":{"@id":"https:\/\/test-technique-ski.fr\/fi\/#website"},"datePublished":"2024-01-11T09:21:47+00:00","dateModified":"2026-02-28T10:22:33+00:00","description":"Eurotestin nimi on nyt yhteinen koulutustesti. Sen ansiosta useat Euroopan maat voivat j\u00e4rjest\u00e4\u00e4 alppihiihdon teknisen testin.","inLanguage":"fi","potentialAction":[{"@type":"ReadAction","target":["https:\/\/test-technique-ski.fr\/fi\/ctt-common-training-test-eurotest\/"]}]},{"@type":"WebSite","@id":"https:\/\/test-technique-ski.fr\/fi\/#website","url":"https:\/\/test-technique-ski.fr\/fi\/","name":"TEST TECHNIQUE SKI","description":"","potentialAction":[{"@type":"SearchAction","target":{"@type":"EntryPoint","urlTemplate":"https:\/\/test-technique-ski.fr\/fi\/?s={search_term_string}"},"query-input":{"@type":"PropertyValueSpecification","valueRequired":true,"valueName":"search_term_string"}}],"inLanguage":"fi"}]}},"_links":{"self":[{"href":"https:\/\/test-technique-ski.fr\/fi\/wp-json\/wp\/v2\/pages\/1375","targetHints":{"allow":["GET"]}}],"collection":[{"href":"https:\/\/test-technique-ski.fr\/fi\/wp-json\/wp\/v2\/pages"}],"about":[{"href":"https:\/\/test-technique-ski.fr\/fi\/wp-json\/wp\/v2\/types\/page"}],"author":[{"embeddable":true,"href":"https:\/\/test-technique-ski.fr\/fi\/wp-json\/wp\/v2\/users\/1"}],"replies":[{"embeddable":true,"href":"https:\/\/test-technique-ski.fr\/fi\/wp-json\/wp\/v2\/comments?post=1375"}],"version-history":[{"count":9,"href":"https:\/\/test-technique-ski.fr\/fi\/wp-json\/wp\/v2\/pages\/1375\/revisions"}],"predecessor-version":[{"id":3879,"href":"https:\/\/test-technique-ski.fr\/fi\/wp-json\/wp\/v2\/pages\/1375\/revisions\/3879"}],"wp:attachment":[{"href":"https:\/\/test-technique-ski.fr\/fi\/wp-json\/wp\/v2\/media?parent=1375"}],"curies":[{"name":"wp","href":"https:\/\/api.w.org\/{rel}","templated":true}]}}