{"id":3446,"date":"2025-10-24T14:46:06","date_gmt":"2025-10-24T13:46:06","guid":{"rendered":"https:\/\/test-technique-ski.fr\/stage-ski-slalom-amneville\/"},"modified":"2025-10-24T18:29:59","modified_gmt":"2025-10-24T17:29:59","slug":"stage-ski-slalom-amneville","status":"publish","type":"page","link":"https:\/\/test-technique-ski.fr\/fi\/stage-ski-slalom-amneville\/","title":{"rendered":"Hiihtoslalom-rata Amn\u00e9villess\u00e4"},"content":{"rendered":"\n<h1 class=\"wp-block-heading\"><strong>Amn\u00e9villen slalom-hiihtorata | Nuoret kilpailijat ja tekninen testi<\/strong><\/h1>\n\n<p>T\u00e4m\u00e4 kurssi tarjoaa intensiivist\u00e4, j\u00e4sennelty\u00e4 slalomharjoittelua Amn\u00e9ville-les-Thermesin sis\u00e4rinteess\u00e4.<br\/>Kurssi on tarkoitettu <strong>nuorille kilpailijoille<\/strong> ja <strong>aikuisille<\/strong>, jotka valmistautuvat <a href=\"https:\/\/test-technique-ski.fr\/fi\/\">alppihiihdon tekniseen kokeeseen<\/a>.<\/p>\n\n<p>Tavoitteena on parantaa lentoradan tarkkuutta, tuen laatua ja rytminhallintaa suurella sy\u00f6tt\u00f6m\u00e4\u00e4r\u00e4ll\u00e4, jonka sis\u00e4radan vakaat olosuhteet mahdollistavat.<\/p>\n\n<p><strong>Amn\u00e9villen slalom-kurssin yhteyshenkil\u00f6<\/strong>: Nicolas, <a href=\"tel:0033625690113\">06 25 69 01 13<\/a>.<\/p>\n\n<div style=\"height:10px\" aria-hidden=\"true\" class=\"wp-block-spacer\"><\/div>\n\n<h2 class=\"wp-block-heading\">Miksi slalom-rata Amn\u00e9villess\u00e4?<\/h2>\n\n<p>Amn\u00e9villen sis\u00e4rata tarjoaa olosuhteet, jotka soveltuvat erityisen hyvin tekniseen ty\u00f6h\u00f6n:<\/p>\n\n<ul class=\"wp-block-list\">\n<li><strong>Avoinna ymp\u00e4ri vuoden<\/strong>, kauden aikaista tai lumetonta harjoittelua varten.<\/li>\n\n\n\n<li><strong>K\u00e4yt\u00e4v\u00e4 on varattu slalomia varten<\/strong> ja tarjoaa vakaan, h\u00e4iri\u00f6tt\u00f6m\u00e4n reitin.<\/li>\n\n\n\n<li><strong>Lunta pidet\u00e4\u00e4n noin -8 \u00b0C:ssa<\/strong>, mik\u00e4 luo kovan, tasaisen ja tasaisen pinnan, joka on ihanteellinen jalkojen harjoitteluun.<\/li>\n\n\n\n<li><strong>Sis\u00e4ymp\u00e4rist\u00f6<\/strong>, joka eliminoi s\u00e4\u00e4vaihtelut ja takaa istunnon jatkuvuuden.<\/li>\n\n\n\n<li><strong>komiteoiden ja seurojen vierailut<\/strong>, joilla vahvistetaan paikan soveltuvuus tekniseen erikoiskoulutukseen.<\/li>\n<\/ul>\n\n<p>N\u00e4iden elementtien avulla voidaan lis\u00e4t\u00e4 sy\u00f6tt\u00f6jen m\u00e4\u00e4r\u00e4\u00e4, analysoida liikkeit\u00e4 tarkasti ja s\u00e4\u00e4t\u00e4\u00e4 tekniikkaa asteittain ja mitattavasti.<\/p>\n\n<figure class=\"wp-block-image size-large\"><img fetchpriority=\"high\" decoding=\"async\" width=\"1024\" height=\"865\" src=\"https:\/\/test-technique-ski.fr\/wp-content\/uploads\/2025\/03\/IMG_1992-1024x865.jpg\" alt=\"Amn&#xE9;villen slalom-hiihtorata  \" class=\"wp-image-2667\" srcset=\"https:\/\/test-technique-ski.fr\/wp-content\/uploads\/2025\/03\/IMG_1992-1024x865.jpg 1024w, https:\/\/test-technique-ski.fr\/wp-content\/uploads\/2025\/03\/IMG_1992-300x253.jpg 300w, https:\/\/test-technique-ski.fr\/wp-content\/uploads\/2025\/03\/IMG_1992-768x649.jpg 768w, https:\/\/test-technique-ski.fr\/wp-content\/uploads\/2025\/03\/IMG_1992.jpg 1290w\" sizes=\"(max-width: 1024px) 100vw, 1024px\" \/><figcaption class=\"wp-element-caption\">Slalomhiihtorata Amn\u00e9villen lumimaailmassa<\/figcaption><\/figure>\n\n<h2 class=\"wp-block-heading\">Hallinto ja resurssit<\/h2>\n\n<h3 class=\"wp-block-heading\"><strong>Kurssin koordinaattori ja yhteyshenkil\u00f6: Nicolas Flage<\/strong> &#8211; <a href=\"tel:0033625690113\">06 25 69 01 13<\/a>.<\/h3>\n\n<ul class=\"wp-block-list\">\n<li>Entinen huippu-urheilija<\/li>\n\n\n\n<li><strong>Alppihiihdon Brevet d&#8217;Etat -tunnuksen haltija.<\/strong><\/li>\n\n\n\n<li>Entinen <strong>FIS-kilpailija<\/strong> (paras arvo: <strong>28 FIS-pistett\u00e4<\/strong>)<\/li>\n\n\n\n<li><strong>8 Challenge des Moniteurs -kilpailun finaalit<\/strong> (2006 \u2192 2018)<\/li>\n\n\n\n<li><strong>ESF-akatemian j\u00e4sen &#8211; ESF Les Menuires<\/strong><\/li>\n\n\n\n<li>Koulutettu <strong>Shiatsussa<\/strong> (Ioka\u00ef-koulu).<\/li>\n\n\n\n<li>Koulutettu <strong>psykoterapeutiksi<\/strong> (\u00c9cole du soin, vuodesta 2011) ja alan kouluttaja.<\/li>\n\n\n\n<li>Mukana my\u00f6s <strong>henkisess\u00e4 valmistelussa<\/strong><\/li>\n<\/ul>\n\n<p>H\u00e4nen l\u00e4hestymistavassaan yhdistyv\u00e4t <strong>korkeat tekniset standardit<\/strong>, <strong>liikkeen<\/strong> ymm\u00e4rt\u00e4minen ja <strong>sis\u00e4inen hallinta<\/strong> (hengitys, keskittyminen, sitoutuminen).<\/p>\n\n<h3 class=\"wp-block-heading\"><strong>Lis\u00e4tuki<\/strong><\/h3>\n\n<p>Nicolas Flagea avustavat <strong>Les Menuiresissa sijaitsevan ESF:n akatemian<\/strong><strong>erikoistuneet slalomvalmentajat<\/strong>, joilla kaikilla on tarvittava opettajan p\u00e4tevyys ja kokemusta nuorten ja aikuisten kilpailijoiden kouluttamisesta.<\/p>\n\n<p><strong>Valmennus tapahtuu pienryhmiss\u00e4<\/strong>, mik\u00e4 mahdollistaa :<\/p>\n\n<ul class=\"wp-block-list\">\n<li>liikeratojen <strong>tarkka havainnointi<\/strong>,<\/li>\n\n\n\n<li><strong>yksitt\u00e4iset korjaukset<\/strong> kutakin ajoa varten,<\/li>\n\n\n\n<li><strong>johdonmukainen tekninen tuki<\/strong> koko kurssin ajan.<\/li>\n<\/ul>\n\n<h2 class=\"wp-block-heading\"><strong>Kurssiin sis\u00e4ltyy<\/strong><\/h2>\n\n<ul class=\"wp-block-list\">\n<li>P\u00e4\u00e4sy <a href=\"https:\/\/www.snowworld.com\/amneville\/fr\">snowworldin<\/a> rinteeseen koko kurssin ajaksi (hissilippu sis\u00e4ltyy hintaan).<\/li>\n\n\n\n<li>Tekninen valvonta ja slalomv\u00e4lineet<\/li>\n\n\n\n<li>Majoitus ja ateriapalvelut  <\/li>\n<\/ul>\n\n<p><strong>Amn\u00e9villen slalom-kurssien hinnat: 4 p\u00e4iv\u00e4\u00e4 \/ 790 \u20ac kaikki mukaan lukien (pois lukien bussikuljetukset*).<\/strong><\/p>\n\n<p>Hinta sis\u00e4lt\u00e4\u00e4 majoituksen, ateriat, hiihtopassit ja ammattitaitoisen ohjauksen.<\/p>\n\n<p><\/p>\n","protected":false},"excerpt":{"rendered":"<p>Amn\u00e9villen slalom-hiihtorata | Nuoret kilpailijat ja tekninen testi T\u00e4m\u00e4 kurssi tarjoaa intensiivist\u00e4, j\u00e4sennelty\u00e4 slalomharjoittelua Amn\u00e9ville-les-Thermesin sis\u00e4rinteess\u00e4.Kurssi on tarkoitettu nuorille kilpailijoille ja aikuisille, jotka valmistautuvat alppihiihdon tekniseen kokeeseen. Tavoitteena on parantaa lentoradan tarkkuutta, tuen laatua ja rytminhallintaa suurella sy\u00f6tt\u00f6m\u00e4\u00e4r\u00e4ll\u00e4, jonka sis\u00e4radan vakaat olosuhteet mahdollistavat. Amn\u00e9villen slalom-kurssin yhteyshenkil\u00f6: Nicolas, 06 25 69 01 13. Miksi slalom-rata Amn\u00e9villess\u00e4? [&hellip;]<\/p>\n","protected":false},"author":1,"featured_media":0,"parent":0,"menu_order":0,"comment_status":"closed","ping_status":"closed","template":"","meta":{"footnotes":""},"class_list":["post-3446","page","type-page","status-publish","hentry"],"yoast_head":"<!-- This site is optimized with the Yoast SEO plugin v27.3 - https:\/\/yoast.com\/product\/yoast-seo-wordpress\/ -->\n<title>Hiihtoslalom-rata Amn\u00e9villess\u00e4 - TEST TECHNIQUE SKI<\/title>\n<meta name=\"description\" content=\"Hiihtoslalom-kurssi Amn\u00e9villess\u00e4: 4 p\u00e4iv\u00e4\u00e4 intensiivist\u00e4 harjoittelua, henkil\u00f6kohtaista valmennusta, videoanalyysi, nopeaa edistymist\u00e4.\" \/>\n<meta name=\"robots\" content=\"index, follow, max-snippet:-1, max-image-preview:large, max-video-preview:-1\" \/>\n<link rel=\"canonical\" href=\"https:\/\/test-technique-ski.fr\/fi\/stage-ski-slalom-amneville\/\" \/>\n<meta property=\"og:locale\" content=\"fi_FI\" \/>\n<meta property=\"og:type\" content=\"article\" \/>\n<meta property=\"og:title\" content=\"Hiihtoslalom-rata Amn\u00e9villess\u00e4 - TEST TECHNIQUE SKI\" \/>\n<meta property=\"og:description\" content=\"Hiihtoslalom-kurssi Amn\u00e9villess\u00e4: 4 p\u00e4iv\u00e4\u00e4 intensiivist\u00e4 harjoittelua, henkil\u00f6kohtaista valmennusta, videoanalyysi, nopeaa edistymist\u00e4.\" \/>\n<meta property=\"og:url\" content=\"https:\/\/test-technique-ski.fr\/fi\/stage-ski-slalom-amneville\/\" \/>\n<meta property=\"og:site_name\" content=\"TEST TECHNIQUE SKI\" \/>\n<meta property=\"article:modified_time\" content=\"2025-10-24T17:29:59+00:00\" \/>\n<meta property=\"og:image\" content=\"https:\/\/test-technique-ski.fr\/wp-content\/uploads\/2025\/03\/IMG_1992.jpg\" \/>\n\t<meta property=\"og:image:width\" content=\"1290\" \/>\n\t<meta property=\"og:image:height\" content=\"1090\" \/>\n\t<meta property=\"og:image:type\" content=\"image\/jpeg\" \/>\n<meta name=\"twitter:card\" content=\"summary_large_image\" \/>\n<meta name=\"twitter:label1\" content=\"Arvioitu lukuaika\" \/>\n\t<meta name=\"twitter:data1\" content=\"2 minuuttia\" \/>\n<script type=\"application\/ld+json\" class=\"yoast-schema-graph\">{\"@context\":\"https:\\\/\\\/schema.org\",\"@graph\":[{\"@type\":\"WebPage\",\"@id\":\"https:\\\/\\\/test-technique-ski.fr\\\/fi\\\/stage-ski-slalom-amneville\\\/\",\"url\":\"https:\\\/\\\/test-technique-ski.fr\\\/fi\\\/stage-ski-slalom-amneville\\\/\",\"name\":\"Hiihtoslalom-rata Amn\u00e9villess\u00e4 - TEST TECHNIQUE SKI\",\"isPartOf\":{\"@id\":\"https:\\\/\\\/test-technique-ski.fr\\\/fi\\\/#website\"},\"primaryImageOfPage\":{\"@id\":\"https:\\\/\\\/test-technique-ski.fr\\\/fi\\\/stage-ski-slalom-amneville\\\/#primaryimage\"},\"image\":{\"@id\":\"https:\\\/\\\/test-technique-ski.fr\\\/fi\\\/stage-ski-slalom-amneville\\\/#primaryimage\"},\"thumbnailUrl\":\"https:\\\/\\\/test-technique-ski.fr\\\/wp-content\\\/uploads\\\/2025\\\/03\\\/IMG_1992-1024x865.jpg\",\"datePublished\":\"2025-10-24T13:46:06+00:00\",\"dateModified\":\"2025-10-24T17:29:59+00:00\",\"description\":\"Hiihtoslalom-kurssi Amn\u00e9villess\u00e4: 4 p\u00e4iv\u00e4\u00e4 intensiivist\u00e4 harjoittelua, henkil\u00f6kohtaista valmennusta, videoanalyysi, nopeaa edistymist\u00e4.\",\"inLanguage\":\"fi\",\"potentialAction\":[{\"@type\":\"ReadAction\",\"target\":[\"https:\\\/\\\/test-technique-ski.fr\\\/fi\\\/stage-ski-slalom-amneville\\\/\"]}]},{\"@type\":\"ImageObject\",\"inLanguage\":\"fi\",\"@id\":\"https:\\\/\\\/test-technique-ski.fr\\\/fi\\\/stage-ski-slalom-amneville\\\/#primaryimage\",\"url\":\"https:\\\/\\\/test-technique-ski.fr\\\/wp-content\\\/uploads\\\/2025\\\/03\\\/IMG_1992-1024x865.jpg\",\"contentUrl\":\"https:\\\/\\\/test-technique-ski.fr\\\/wp-content\\\/uploads\\\/2025\\\/03\\\/IMG_1992-1024x865.jpg\"},{\"@type\":\"WebSite\",\"@id\":\"https:\\\/\\\/test-technique-ski.fr\\\/fi\\\/#website\",\"url\":\"https:\\\/\\\/test-technique-ski.fr\\\/fi\\\/\",\"name\":\"TEST TECHNIQUE SKI\",\"description\":\"\",\"potentialAction\":[{\"@type\":\"SearchAction\",\"target\":{\"@type\":\"EntryPoint\",\"urlTemplate\":\"https:\\\/\\\/test-technique-ski.fr\\\/fi\\\/?s={search_term_string}\"},\"query-input\":{\"@type\":\"PropertyValueSpecification\",\"valueRequired\":true,\"valueName\":\"search_term_string\"}}],\"inLanguage\":\"fi\"}]}<\/script>\n<!-- \/ Yoast SEO plugin. -->","yoast_head_json":{"title":"Hiihtoslalom-rata Amn\u00e9villess\u00e4 - TEST TECHNIQUE SKI","description":"Hiihtoslalom-kurssi Amn\u00e9villess\u00e4: 4 p\u00e4iv\u00e4\u00e4 intensiivist\u00e4 harjoittelua, henkil\u00f6kohtaista valmennusta, videoanalyysi, nopeaa edistymist\u00e4.","robots":{"index":"index","follow":"follow","max-snippet":"max-snippet:-1","max-image-preview":"max-image-preview:large","max-video-preview":"max-video-preview:-1"},"canonical":"https:\/\/test-technique-ski.fr\/fi\/stage-ski-slalom-amneville\/","og_locale":"fi_FI","og_type":"article","og_title":"Hiihtoslalom-rata Amn\u00e9villess\u00e4 - TEST TECHNIQUE SKI","og_description":"Hiihtoslalom-kurssi Amn\u00e9villess\u00e4: 4 p\u00e4iv\u00e4\u00e4 intensiivist\u00e4 harjoittelua, henkil\u00f6kohtaista valmennusta, videoanalyysi, nopeaa edistymist\u00e4.","og_url":"https:\/\/test-technique-ski.fr\/fi\/stage-ski-slalom-amneville\/","og_site_name":"TEST TECHNIQUE SKI","article_modified_time":"2025-10-24T17:29:59+00:00","og_image":[{"width":1290,"height":1090,"url":"https:\/\/test-technique-ski.fr\/wp-content\/uploads\/2025\/03\/IMG_1992.jpg","type":"image\/jpeg"}],"twitter_card":"summary_large_image","twitter_misc":{"Arvioitu lukuaika":"2 minuuttia"},"schema":{"@context":"https:\/\/schema.org","@graph":[{"@type":"WebPage","@id":"https:\/\/test-technique-ski.fr\/fi\/stage-ski-slalom-amneville\/","url":"https:\/\/test-technique-ski.fr\/fi\/stage-ski-slalom-amneville\/","name":"Hiihtoslalom-rata Amn\u00e9villess\u00e4 - TEST TECHNIQUE SKI","isPartOf":{"@id":"https:\/\/test-technique-ski.fr\/fi\/#website"},"primaryImageOfPage":{"@id":"https:\/\/test-technique-ski.fr\/fi\/stage-ski-slalom-amneville\/#primaryimage"},"image":{"@id":"https:\/\/test-technique-ski.fr\/fi\/stage-ski-slalom-amneville\/#primaryimage"},"thumbnailUrl":"https:\/\/test-technique-ski.fr\/wp-content\/uploads\/2025\/03\/IMG_1992-1024x865.jpg","datePublished":"2025-10-24T13:46:06+00:00","dateModified":"2025-10-24T17:29:59+00:00","description":"Hiihtoslalom-kurssi Amn\u00e9villess\u00e4: 4 p\u00e4iv\u00e4\u00e4 intensiivist\u00e4 harjoittelua, henkil\u00f6kohtaista valmennusta, videoanalyysi, nopeaa edistymist\u00e4.","inLanguage":"fi","potentialAction":[{"@type":"ReadAction","target":["https:\/\/test-technique-ski.fr\/fi\/stage-ski-slalom-amneville\/"]}]},{"@type":"ImageObject","inLanguage":"fi","@id":"https:\/\/test-technique-ski.fr\/fi\/stage-ski-slalom-amneville\/#primaryimage","url":"https:\/\/test-technique-ski.fr\/wp-content\/uploads\/2025\/03\/IMG_1992-1024x865.jpg","contentUrl":"https:\/\/test-technique-ski.fr\/wp-content\/uploads\/2025\/03\/IMG_1992-1024x865.jpg"},{"@type":"WebSite","@id":"https:\/\/test-technique-ski.fr\/fi\/#website","url":"https:\/\/test-technique-ski.fr\/fi\/","name":"TEST TECHNIQUE SKI","description":"","potentialAction":[{"@type":"SearchAction","target":{"@type":"EntryPoint","urlTemplate":"https:\/\/test-technique-ski.fr\/fi\/?s={search_term_string}"},"query-input":{"@type":"PropertyValueSpecification","valueRequired":true,"valueName":"search_term_string"}}],"inLanguage":"fi"}]}},"_links":{"self":[{"href":"https:\/\/test-technique-ski.fr\/fi\/wp-json\/wp\/v2\/pages\/3446","targetHints":{"allow":["GET"]}}],"collection":[{"href":"https:\/\/test-technique-ski.fr\/fi\/wp-json\/wp\/v2\/pages"}],"about":[{"href":"https:\/\/test-technique-ski.fr\/fi\/wp-json\/wp\/v2\/types\/page"}],"author":[{"embeddable":true,"href":"https:\/\/test-technique-ski.fr\/fi\/wp-json\/wp\/v2\/users\/1"}],"replies":[{"embeddable":true,"href":"https:\/\/test-technique-ski.fr\/fi\/wp-json\/wp\/v2\/comments?post=3446"}],"version-history":[{"count":6,"href":"https:\/\/test-technique-ski.fr\/fi\/wp-json\/wp\/v2\/pages\/3446\/revisions"}],"predecessor-version":[{"id":3516,"href":"https:\/\/test-technique-ski.fr\/fi\/wp-json\/wp\/v2\/pages\/3446\/revisions\/3516"}],"wp:attachment":[{"href":"https:\/\/test-technique-ski.fr\/fi\/wp-json\/wp\/v2\/media?parent=3446"}],"curies":[{"name":"wp","href":"https:\/\/api.w.org\/{rel}","templated":true}]}}