{"id":505,"date":"2023-01-05T13:56:16","date_gmt":"2023-01-05T13:56:16","guid":{"rendered":"https:\/\/test-technique-ski.fr\/paivamaarat-testi-tekniikka-ski-alpin\/"},"modified":"2026-02-28T10:21:51","modified_gmt":"2026-02-28T10:21:51","slug":"alppisuksien-teknisen-testin-paivamaara","status":"publish","type":"page","link":"https:\/\/test-technique-ski.fr\/fi\/alppisuksien-teknisen-testin-paivamaara\/","title":{"rendered":"P\u00e4iv\u00e4m\u00e4\u00e4r\u00e4t Tekninen testi laskettelu"},"content":{"rendered":"\n<h1 class=\"wp-block-heading\">Alppihiihdon teknisen testin p\u00e4iv\u00e4m\u00e4\u00e4r\u00e4t vuonna 2026<\/h1>\n\n<p>Katso kaikki <a href=\"https:\/\/test-technique-ski.fr\/fi\/\">alppihiihdon teknisen testin<\/a> p\u00e4iv\u00e4m\u00e4\u00e4r\u00e4t talvella 2026.<\/p>\n\n<p><strong>Vuoden 2026 tekniset testit j\u00e4rjestet\u00e4\u00e4n kahdessa jaksossa:<\/strong><\/p>\n\n<ul class=\"wp-block-list\">\n<li>Ensimm\u00e4inen istuntokausi kest\u00e4\u00e4 15. joulukuuta &#8211; 7. helmikuuta 2026.<\/li>\n\n\n\n<li>Toinen istuntokausi kest\u00e4\u00e4 9. maaliskuuta &#8211; 22. huhtikuuta 2026.<\/li>\n<\/ul>\n\n<div style=\"height:10px\" aria-hidden=\"true\" class=\"wp-block-spacer\"><\/div>\n\n<p>Ilmoittautumiset ovat avoinna vain muutaman p\u00e4iv\u00e4n ajan hyvin tiettyin\u00e4 p\u00e4ivin\u00e4. Varmista, <a href=\"https:\/\/test-technique-ski.fr\/fi\/suksien-teknisen-kokeen-rekisterointi\/\">ett\u00e4 ilmoittaudut tekniseen kokeeseen<\/a> hyviss\u00e4 ajoin, jotta et menet\u00e4 valitsemaasi p\u00e4iv\u00e4m\u00e4\u00e4r\u00e4\u00e4.  <\/p>\n\n<p>Ensimm\u00e4iset p\u00e4iv\u00e4m\u00e4\u00e4r\u00e4t alppihiihdon teknisen testin ensimm\u00e4iselle jaksolle 2025-2026 esitell\u00e4\u00e4n alla, kun ne on virallisesti julkaistu.<\/p>\n\n<div style=\"height:10px\" aria-hidden=\"true\" class=\"wp-block-spacer\"><\/div>\n\n<h2 class=\"wp-block-heading\">Vuoden 2026 alppihiihdon teknisten testien p\u00e4iv\u00e4m\u00e4\u00e4r\u00e4t<\/h2>\n\n<p>GEPAFO Montagne on julkaissut p\u00e4iv\u00e4m\u00e4\u00e4r\u00e4t kahdelle istunnolle 2025-2026 :<\/p>\n\n<figure class=\"wp-block-table\"><table><tbody><tr><td class=\"has-text-align-center\" data-align=\"center\">Sijainti<\/td><td class=\"has-text-align-center\" data-align=\"center\">Dep.<\/td><td class=\"has-text-align-center\" data-align=\"center\">Koep\u00e4iv\u00e4m\u00e4\u00e4r\u00e4t<\/td><td class=\"has-text-align-center\" data-align=\"center\">Rekister\u00f6ity min.<\/td><td class=\"has-text-align-center\" data-align=\"center\">Rekister\u00f6intien enimm\u00e4ism\u00e4\u00e4r\u00e4<\/td><td class=\"has-text-align-center\" data-align=\"center\">Rekister\u00f6innin avaamisp\u00e4iv\u00e4<\/td><td class=\"has-text-align-center\" data-align=\"center\">Ilmoittautumisen m\u00e4\u00e4r\u00e4aika<\/td><\/tr><tr><td class=\"has-text-align-center\" data-align=\"center\">Val Thorens<\/td><td class=\"has-text-align-center\" data-align=\"center\">73<\/td><td class=\"has-text-align-center\" data-align=\"center\">alkaen 15\/12\/25 to 17\/12\/25<\/td><td class=\"has-text-align-center\" data-align=\"center\">40<\/td><td class=\"has-text-align-center\" data-align=\"center\">140<\/td><td class=\"has-text-align-center\" data-align=\"center\">13\/10\/25<\/td><td class=\"has-text-align-center\" data-align=\"center\">21\/11\/25<\/td><\/tr><tr><td class=\"has-text-align-center\" data-align=\"center\"><a href=\"https:\/\/test-technique-ski.fr\/fi\/test-technique-ski-alpin-menuires\/\">Les Menuires<\/a><\/td><td class=\"has-text-align-center\" data-align=\"center\">73<\/td><td class=\"has-text-align-center\" data-align=\"center\">05\/01\/26 &#8211; 09\/01\/26<\/td><td class=\"has-text-align-center\" data-align=\"center\">40<\/td><td class=\"has-text-align-center\" data-align=\"center\">280<\/td><td class=\"has-text-align-center\" data-align=\"center\">13\/10\/25<\/td><td class=\"has-text-align-center\" data-align=\"center\">21\/11\/25<\/td><\/tr><tr><td class=\"has-text-align-center\" data-align=\"center\">Font Romeu<\/td><td class=\"has-text-align-center\" data-align=\"center\">73<\/td><td class=\"has-text-align-center\" data-align=\"center\">alkaen 06\/01\/26 to 08\/01\/26<\/td><td class=\"has-text-align-center\" data-align=\"center\">40<\/td><td class=\"has-text-align-center\" data-align=\"center\">140<\/td><td class=\"has-text-align-center\" data-align=\"center\">13\/10\/25<\/td><td class=\"has-text-align-center\" data-align=\"center\">21\/11\/25<\/td><\/tr><tr><td class=\"has-text-align-center\" data-align=\"center\">Le Sauze<\/td><td class=\"has-text-align-center\" data-align=\"center\">04<\/td><td class=\"has-text-align-center\" data-align=\"center\">alkaen 12\/01\/26 to 14\/01\/26<\/td><td class=\"has-text-align-center\" data-align=\"center\">40<\/td><td class=\"has-text-align-center\" data-align=\"center\">140<\/td><td class=\"has-text-align-center\" data-align=\"center\">13\/10\/25<\/td><td class=\"has-text-align-center\" data-align=\"center\">21\/11\/25<\/td><\/tr><tr><td class=\"has-text-align-center\" data-align=\"center\">Isola 2000<\/td><td class=\"has-text-align-center\" data-align=\"center\">06<\/td><td class=\"has-text-align-center\" data-align=\"center\">alkaen 15\/01\/26 to 17\/01\/26<\/td><td class=\"has-text-align-center\" data-align=\"center\">40<\/td><td class=\"has-text-align-center\" data-align=\"center\">140<\/td><td class=\"has-text-align-center\" data-align=\"center\">13\/10\/25<\/td><td class=\"has-text-align-center\" data-align=\"center\">21\/11\/25<\/td><\/tr><tr><td class=\"has-text-align-center\" data-align=\"center\">Le Grand Bornand<\/td><td class=\"has-text-align-center\" data-align=\"center\">74<\/td><td class=\"has-text-align-center\" data-align=\"center\">alkaen 19\/01\/26 to 23\/01\/26<\/td><td class=\"has-text-align-center\" data-align=\"center\">40<\/td><td class=\"has-text-align-center\" data-align=\"center\">280<\/td><td class=\"has-text-align-center\" data-align=\"center\">13\/10\/25<\/td><td class=\"has-text-align-center\" data-align=\"center\">21\/11\/25<\/td><\/tr><tr><td class=\"has-text-align-center\" data-align=\"center\">L&#8217;Alpe d&#8217;Huez<\/td><td class=\"has-text-align-center\" data-align=\"center\">38<\/td><td class=\"has-text-align-center\" data-align=\"center\">26\/01\/26 &#8211; 30\/01\/26<\/td><td class=\"has-text-align-center\" data-align=\"center\">40<\/td><td class=\"has-text-align-center\" data-align=\"center\">280<\/td><td class=\"has-text-align-center\" data-align=\"center\">13\/10\/25<\/td><td class=\"has-text-align-center\" data-align=\"center\">21\/11\/25<\/td><\/tr><tr><td class=\"has-text-align-center\" data-align=\"center\">Markstein<\/td><td class=\"has-text-align-center\" data-align=\"center\">68<\/td><td class=\"has-text-align-center\" data-align=\"center\">alkaen 02\/02\/26 to 03\/02\/26<\/td><td class=\"has-text-align-center\" data-align=\"center\">40<\/td><td class=\"has-text-align-center\" data-align=\"center\">70<\/td><td class=\"has-text-align-center\" data-align=\"center\">13\/10\/25<\/td><td class=\"has-text-align-center\" data-align=\"center\">21\/11\/25<\/td><\/tr><tr><td class=\"has-text-align-center\" data-align=\"center\">Lelex<\/td><td class=\"has-text-align-center\" data-align=\"center\">01<\/td><td class=\"has-text-align-center\" data-align=\"center\">alkaen 04\/02\/26 to 05\/02\/26<\/td><td class=\"has-text-align-center\" data-align=\"center\">40<\/td><td class=\"has-text-align-center\" data-align=\"center\">70<\/td><td class=\"has-text-align-center\" data-align=\"center\">13\/10\/25<\/td><td class=\"has-text-align-center\" data-align=\"center\">21\/11\/25<\/td><\/tr><tr><td class=\"has-text-align-center\" data-align=\"center\">Superbesse<\/td><td class=\"has-text-align-center\" data-align=\"center\">63<\/td><td class=\"has-text-align-center\" data-align=\"center\">alkaen 06\/02\/26 to 07\/02\/26<\/td><td class=\"has-text-align-center\" data-align=\"center\">40<\/td><td class=\"has-text-align-center\" data-align=\"center\">70<\/td><td class=\"has-text-align-center\" data-align=\"center\">13\/10\/25<\/td><td class=\"has-text-align-center\" data-align=\"center\">21\/11\/25<\/td><\/tr><tr><td class=\"has-text-align-center\" data-align=\"center\">Peyragudes<\/td><td class=\"has-text-align-center\" data-align=\"center\">65<\/td><td class=\"has-text-align-center\" data-align=\"center\">alkaen 09\/03\/26 to 11\/03\/26<\/td><td class=\"has-text-align-center\" data-align=\"center\">40<\/td><td class=\"has-text-align-center\" data-align=\"center\">140<\/td><td class=\"has-text-align-center\" data-align=\"center\">09\/02\/26<\/td><td class=\"has-text-align-center\" data-align=\"center\">27\/02\/26<\/td><\/tr><tr><td class=\"has-text-align-center\" data-align=\"center\">Morzine<\/td><td class=\"has-text-align-center\" data-align=\"center\">74<\/td><td class=\"has-text-align-center\" data-align=\"center\">alkaen 09\/03\/26 to 13\/03\/26<\/td><td class=\"has-text-align-center\" data-align=\"center\">40<\/td><td class=\"has-text-align-center\" data-align=\"center\">280<\/td><td class=\"has-text-align-center\" data-align=\"center\">09\/02\/26<\/td><td class=\"has-text-align-center\" data-align=\"center\">27\/02\/26<\/td><\/tr><tr><td class=\"has-text-align-center\" data-align=\"center\">L&#8217;Alpe d&#8217;Huez<\/td><td class=\"has-text-align-center\" data-align=\"center\">38<\/td><td class=\"has-text-align-center\" data-align=\"center\">alkaen 16\/03\/26 to 20\/03\/26<\/td><td class=\"has-text-align-center\" data-align=\"center\">40<\/td><td class=\"has-text-align-center\" data-align=\"center\">280<\/td><td class=\"has-text-align-center\" data-align=\"center\">09\/02\/26<\/td><td class=\"has-text-align-center\" data-align=\"center\">27\/02\/26<\/td><\/tr><tr><td class=\"has-text-align-center\" data-align=\"center\">Montgen\u00e8vre<\/td><td class=\"has-text-align-center\" data-align=\"center\">05<\/td><td class=\"has-text-align-center\" data-align=\"center\">alkaen 23\/03\/26 to 27\/03\/26<\/td><td class=\"has-text-align-center\" data-align=\"center\">40<\/td><td class=\"has-text-align-center\" data-align=\"center\">280<\/td><td class=\"has-text-align-center\" data-align=\"center\">09\/02\/26<\/td><td class=\"has-text-align-center\" data-align=\"center\">27\/02\/26<\/td><\/tr><tr><td class=\"has-text-align-center\" data-align=\"center\">Val Cenis<\/td><td class=\"has-text-align-center\" data-align=\"center\">73<\/td><td class=\"has-text-align-center\" data-align=\"center\">alkaen 30\/03\/26 to 03\/04\/26<\/td><td class=\"has-text-align-center\" data-align=\"center\">40<\/td><td class=\"has-text-align-center\" data-align=\"center\">280<\/td><td class=\"has-text-align-center\" data-align=\"center\">09\/02\/26<\/td><td class=\"has-text-align-center\" data-align=\"center\">27\/02\/26<\/td><\/tr><tr><td class=\"has-text-align-center\" data-align=\"center\"><a href=\"https:\/\/test-technique-ski.fr\/fi\/val-thorens\/\" type=\"page\" id=\"3819\">Val Thorens<\/a><\/td><td class=\"has-text-align-center\" data-align=\"center\">73<\/td><td class=\"has-text-align-center\" data-align=\"center\">alkaen 20\/04\/26 to 22\/04\/26<\/td><td class=\"has-text-align-center\" data-align=\"center\">40<\/td><td class=\"has-text-align-center\" data-align=\"center\">140<\/td><td class=\"has-text-align-center\" data-align=\"center\">09\/02\/26<\/td><td class=\"has-text-align-center\" data-align=\"center\">27\/02\/26<\/td><\/tr><\/tbody><\/table><figcaption class=\"wp-element-caption\">Alppihiihdon teknisen testin p\u00e4iv\u00e4m\u00e4\u00e4r\u00e4t Ranskassa vuosina 2025-2026<\/figcaption><\/figure>\n\n<div style=\"height:10px\" aria-hidden=\"true\" class=\"wp-block-spacer\"><\/div>\n\n<h2 class=\"wp-block-heading\">Teknisen testauksen kurssi Les Menuiresissa  <\/h2>\n\n<p>Les Menuiresin ESF-akatemia j\u00e4rjest\u00e4\u00e4 <strong>Les M\u00e9nuiresin<\/strong> Slalom <a href=\"https:\/\/test-technique-ski.fr\/fi\/kurssi-valmiuskoe-tekninen-alppihiihto\/\">-stadionilla teknisi\u00e4 testikursseja<\/a> <strong>koko hiihtokauden ajan.<\/strong> N\u00e4m\u00e4 kurssit auttavat valmistautumaan <a href=\"https:\/\/test-technique-ski.fr\/fi\/test-technique-ski-alpin-menuires\/\">Les Menuiresin tekniseen testiin,<\/a> joka j\u00e4rjestet\u00e4\u00e4n 5. tammikuuta 2026 alkaen. <\/p>\n","protected":false},"excerpt":{"rendered":"<p>Alppihiihdon teknisen testin p\u00e4iv\u00e4m\u00e4\u00e4r\u00e4t vuonna 2026 Katso kaikki alppihiihdon teknisen testin p\u00e4iv\u00e4m\u00e4\u00e4r\u00e4t talvella 2026. Vuoden 2026 tekniset testit j\u00e4rjestet\u00e4\u00e4n kahdessa jaksossa: Ilmoittautumiset ovat avoinna vain muutaman p\u00e4iv\u00e4n ajan hyvin tiettyin\u00e4 p\u00e4ivin\u00e4. Varmista, ett\u00e4 ilmoittaudut tekniseen kokeeseen hyviss\u00e4 ajoin, jotta et menet\u00e4 valitsemaasi p\u00e4iv\u00e4m\u00e4\u00e4r\u00e4\u00e4. Ensimm\u00e4iset p\u00e4iv\u00e4m\u00e4\u00e4r\u00e4t alppihiihdon teknisen testin ensimm\u00e4iselle jaksolle 2025-2026 esitell\u00e4\u00e4n alla, kun ne [&hellip;]<\/p>\n","protected":false},"author":1,"featured_media":0,"parent":0,"menu_order":0,"comment_status":"closed","ping_status":"closed","template":"","meta":{"footnotes":""},"class_list":["post-505","page","type-page","status-publish","hentry"],"yoast_head":"<!-- This site is optimized with the Yoast SEO plugin v27.3 - https:\/\/yoast.com\/product\/yoast-seo-wordpress\/ -->\n<title>P\u00e4iv\u00e4m\u00e4\u00e4r\u00e4t Tekninen testi laskettelu<\/title>\n<meta name=\"description\" content=\"Tutustu Ranskassa j\u00e4rjestett\u00e4vien teknisten kokeiden p\u00e4iv\u00e4m\u00e4\u00e4riin. Kaikki rekister\u00f6intip\u00e4iv\u00e4t teknisen hiihtokokeen suorittamista varten\" \/>\n<meta name=\"robots\" content=\"index, follow, max-snippet:-1, max-image-preview:large, max-video-preview:-1\" \/>\n<link rel=\"canonical\" href=\"https:\/\/test-technique-ski.fr\/fi\/alppisuksien-teknisen-testin-paivamaara\/\" \/>\n<meta property=\"og:locale\" content=\"fi_FI\" \/>\n<meta property=\"og:type\" content=\"article\" \/>\n<meta property=\"og:title\" content=\"P\u00e4iv\u00e4m\u00e4\u00e4r\u00e4t Tekninen testi laskettelu\" \/>\n<meta property=\"og:description\" content=\"Tutustu Ranskassa j\u00e4rjestett\u00e4vien teknisten kokeiden p\u00e4iv\u00e4m\u00e4\u00e4riin. Kaikki rekister\u00f6intip\u00e4iv\u00e4t teknisen hiihtokokeen suorittamista varten\" \/>\n<meta property=\"og:url\" content=\"https:\/\/test-technique-ski.fr\/fi\/alppisuksien-teknisen-testin-paivamaara\/\" \/>\n<meta property=\"og:site_name\" content=\"TEST TECHNIQUE SKI\" \/>\n<meta property=\"article:modified_time\" content=\"2026-02-28T10:21:51+00:00\" \/>\n<meta name=\"twitter:card\" content=\"summary_large_image\" \/>\n<meta name=\"twitter:label1\" content=\"Arvioitu lukuaika\" \/>\n\t<meta name=\"twitter:data1\" content=\"1 minuutti\" \/>\n<script type=\"application\/ld+json\" class=\"yoast-schema-graph\">{\"@context\":\"https:\\\/\\\/schema.org\",\"@graph\":[{\"@type\":\"WebPage\",\"@id\":\"https:\\\/\\\/test-technique-ski.fr\\\/fi\\\/alppisuksien-teknisen-testin-paivamaara\\\/\",\"url\":\"https:\\\/\\\/test-technique-ski.fr\\\/fi\\\/alppisuksien-teknisen-testin-paivamaara\\\/\",\"name\":\"P\u00e4iv\u00e4m\u00e4\u00e4r\u00e4t Tekninen testi laskettelu\",\"isPartOf\":{\"@id\":\"https:\\\/\\\/test-technique-ski.fr\\\/fi\\\/#website\"},\"datePublished\":\"2023-01-05T13:56:16+00:00\",\"dateModified\":\"2026-02-28T10:21:51+00:00\",\"description\":\"Tutustu Ranskassa j\u00e4rjestett\u00e4vien teknisten kokeiden p\u00e4iv\u00e4m\u00e4\u00e4riin. Kaikki rekister\u00f6intip\u00e4iv\u00e4t teknisen hiihtokokeen suorittamista varten\",\"inLanguage\":\"fi\",\"potentialAction\":[{\"@type\":\"ReadAction\",\"target\":[\"https:\\\/\\\/test-technique-ski.fr\\\/fi\\\/alppisuksien-teknisen-testin-paivamaara\\\/\"]}]},{\"@type\":\"WebSite\",\"@id\":\"https:\\\/\\\/test-technique-ski.fr\\\/fi\\\/#website\",\"url\":\"https:\\\/\\\/test-technique-ski.fr\\\/fi\\\/\",\"name\":\"TEST TECHNIQUE SKI\",\"description\":\"\",\"potentialAction\":[{\"@type\":\"SearchAction\",\"target\":{\"@type\":\"EntryPoint\",\"urlTemplate\":\"https:\\\/\\\/test-technique-ski.fr\\\/fi\\\/?s={search_term_string}\"},\"query-input\":{\"@type\":\"PropertyValueSpecification\",\"valueRequired\":true,\"valueName\":\"search_term_string\"}}],\"inLanguage\":\"fi\"}]}<\/script>\n<!-- \/ Yoast SEO plugin. -->","yoast_head_json":{"title":"P\u00e4iv\u00e4m\u00e4\u00e4r\u00e4t Tekninen testi laskettelu","description":"Tutustu Ranskassa j\u00e4rjestett\u00e4vien teknisten kokeiden p\u00e4iv\u00e4m\u00e4\u00e4riin. Kaikki rekister\u00f6intip\u00e4iv\u00e4t teknisen hiihtokokeen suorittamista varten","robots":{"index":"index","follow":"follow","max-snippet":"max-snippet:-1","max-image-preview":"max-image-preview:large","max-video-preview":"max-video-preview:-1"},"canonical":"https:\/\/test-technique-ski.fr\/fi\/alppisuksien-teknisen-testin-paivamaara\/","og_locale":"fi_FI","og_type":"article","og_title":"P\u00e4iv\u00e4m\u00e4\u00e4r\u00e4t Tekninen testi laskettelu","og_description":"Tutustu Ranskassa j\u00e4rjestett\u00e4vien teknisten kokeiden p\u00e4iv\u00e4m\u00e4\u00e4riin. Kaikki rekister\u00f6intip\u00e4iv\u00e4t teknisen hiihtokokeen suorittamista varten","og_url":"https:\/\/test-technique-ski.fr\/fi\/alppisuksien-teknisen-testin-paivamaara\/","og_site_name":"TEST TECHNIQUE SKI","article_modified_time":"2026-02-28T10:21:51+00:00","twitter_card":"summary_large_image","twitter_misc":{"Arvioitu lukuaika":"1 minuutti"},"schema":{"@context":"https:\/\/schema.org","@graph":[{"@type":"WebPage","@id":"https:\/\/test-technique-ski.fr\/fi\/alppisuksien-teknisen-testin-paivamaara\/","url":"https:\/\/test-technique-ski.fr\/fi\/alppisuksien-teknisen-testin-paivamaara\/","name":"P\u00e4iv\u00e4m\u00e4\u00e4r\u00e4t Tekninen testi laskettelu","isPartOf":{"@id":"https:\/\/test-technique-ski.fr\/fi\/#website"},"datePublished":"2023-01-05T13:56:16+00:00","dateModified":"2026-02-28T10:21:51+00:00","description":"Tutustu Ranskassa j\u00e4rjestett\u00e4vien teknisten kokeiden p\u00e4iv\u00e4m\u00e4\u00e4riin. Kaikki rekister\u00f6intip\u00e4iv\u00e4t teknisen hiihtokokeen suorittamista varten","inLanguage":"fi","potentialAction":[{"@type":"ReadAction","target":["https:\/\/test-technique-ski.fr\/fi\/alppisuksien-teknisen-testin-paivamaara\/"]}]},{"@type":"WebSite","@id":"https:\/\/test-technique-ski.fr\/fi\/#website","url":"https:\/\/test-technique-ski.fr\/fi\/","name":"TEST TECHNIQUE SKI","description":"","potentialAction":[{"@type":"SearchAction","target":{"@type":"EntryPoint","urlTemplate":"https:\/\/test-technique-ski.fr\/fi\/?s={search_term_string}"},"query-input":{"@type":"PropertyValueSpecification","valueRequired":true,"valueName":"search_term_string"}}],"inLanguage":"fi"}]}},"_links":{"self":[{"href":"https:\/\/test-technique-ski.fr\/fi\/wp-json\/wp\/v2\/pages\/505","targetHints":{"allow":["GET"]}}],"collection":[{"href":"https:\/\/test-technique-ski.fr\/fi\/wp-json\/wp\/v2\/pages"}],"about":[{"href":"https:\/\/test-technique-ski.fr\/fi\/wp-json\/wp\/v2\/types\/page"}],"author":[{"embeddable":true,"href":"https:\/\/test-technique-ski.fr\/fi\/wp-json\/wp\/v2\/users\/1"}],"replies":[{"embeddable":true,"href":"https:\/\/test-technique-ski.fr\/fi\/wp-json\/wp\/v2\/comments?post=505"}],"version-history":[{"count":8,"href":"https:\/\/test-technique-ski.fr\/fi\/wp-json\/wp\/v2\/pages\/505\/revisions"}],"predecessor-version":[{"id":3869,"href":"https:\/\/test-technique-ski.fr\/fi\/wp-json\/wp\/v2\/pages\/505\/revisions\/3869"}],"wp:attachment":[{"href":"https:\/\/test-technique-ski.fr\/fi\/wp-json\/wp\/v2\/media?parent=505"}],"curies":[{"name":"wp","href":"https:\/\/api.w.org\/{rel}","templated":true}]}}