{"id":1377,"date":"2024-01-11T09:21:47","date_gmt":"2024-01-11T09:21:47","guid":{"rendered":"https:\/\/test-technique-ski.fr\/ctt-vanlig-treningstest\/"},"modified":"2026-02-28T10:22:33","modified_gmt":"2026-02-28T10:22:33","slug":"ctt-common-training-test-eurotest","status":"publish","type":"page","link":"https:\/\/test-technique-ski.fr\/no\/ctt-common-training-test-eurotest\/","title":{"rendered":"CTT Common Training Test alpint"},"content":{"rendered":"\n<h1 class=\"wp-block-heading\">CTT Common Training Test de ski alpin<\/h1>\n\n<p>Finn ut alt du trenger \u00e5 vite om Common Training Test (CTT): p\u00e5meldingsvilk\u00e5r, testdatoer og en trinnvis guide til hvordan du melder deg p\u00e5 CTT i alpint.<\/p>\n\n<h2 class=\"wp-block-heading\">Hva er den vanlige treningstesten?<\/h2>\n\n<p>Common Training Test (CTT) er et sett med tester som er utviklet for \u00e5 m\u00e5le deltakernes ferdigheter og kunnskaper p\u00e5 ulike omr\u00e5der, inkludert vinteridretter som alpint. Denne testen vurderer kandidatenes niv\u00e5 for \u00e5 sikre at de har de kvalifikasjonene som kreves for \u00e5 delta i spesifikke kurs eller konkurranser. CTT er anerkjent p\u00e5 nasjonalt og internasjonalt niv\u00e5 og gir deltakerne en verdifull sertifisering for deres sportslige eller profesjonelle karriere.<\/p>\n\n<h2 class=\"wp-block-heading\">Hva er betingelsene for \u00e5 registrere seg for en CTT?<\/h2>\n\n<p>For \u00e5 melde seg opp til en felles oppl\u00e6ringspr\u00f8ve m\u00e5 kandidatene oppfylle en rekke vilk\u00e5r, som kan variere avhengig av type pr\u00f8ve. Tilstandene omfatter:<\/p>\n\n<ul class=\"wp-block-list\">\n<li>Har n\u00e5dd en bestemt minimumsalder (ofte 16 \u00e5r eller eldre).<\/li>\n\n\n\n<li>Har tidligere kompetanse eller oppl\u00e6ring p\u00e5 det aktuelle omr\u00e5det.<\/li>\n\n\n\n<li>Legg frem en legeerkl\u00e6ring som bekrefter at du er i stand til \u00e5 ut\u00f8ve den aktuelle idretten.<\/li>\n\n\n\n<li>Betal registreringsavgiften for pr\u00f8ven.<\/li>\n<\/ul>\n\n<p>Det er viktig at du leser de spesifikke vilk\u00e5rene for den CTT-en du \u00f8nsker \u00e5 melde deg p\u00e5, da de kan variere.<\/p>\n\n<h2 class=\"wp-block-heading\">Hva er datoene for den tekniske CTT-pr\u00f8ven i 2026?<\/h2>\n\n<p>Her er de f\u00f8rste datoene publisert av GEPAFO Montagne for 1. sesjon 2025-2026:<\/p>\n\n<figure class=\"wp-block-table\"><table><tbody><tr><td class=\"has-text-align-center\" data-align=\"center\">Beliggenhet<\/td><td class=\"has-text-align-center\" data-align=\"center\">Avd.<\/td><td class=\"has-text-align-center\" data-align=\"center\">Testdatoer<\/td><td class=\"has-text-align-center\" data-align=\"center\">Registrert min.<\/td><td class=\"has-text-align-center\" data-align=\"center\">Maks p\u00e5meldte<\/td><td class=\"has-text-align-center\" data-align=\"center\">\u00c5pningsdato for registrering<\/td><td class=\"has-text-align-center\" data-align=\"center\">P\u00e5meldingsfrist<\/td><\/tr><tr><td class=\"has-text-align-center\" data-align=\"center\">Alpe d&#8217;Huez<\/td><td class=\"has-text-align-center\" data-align=\"center\">38<\/td><td class=\"has-text-align-center\" data-align=\"center\">18\/12\/2025 til 20\/12\/2025<\/td><td class=\"has-text-align-center\" data-align=\"center\">40<\/td><td class=\"has-text-align-center\" data-align=\"center\">180<\/td><td class=\"has-text-align-center\" data-align=\"center\">13\/10\/2025<\/td><td class=\"has-text-align-center\" data-align=\"center\">21\/11\/2025<\/td><\/tr><tr><td class=\"has-text-align-center\" data-align=\"center\">Morzine<\/td><td class=\"has-text-align-center\" data-align=\"center\">74<\/td><td class=\"has-text-align-center\" data-align=\"center\">12\/01\/2026 til 14\/01\/2026<\/td><td class=\"has-text-align-center\" data-align=\"center\">40<\/td><td class=\"has-text-align-center\" data-align=\"center\">180<\/td><td class=\"has-text-align-center\" data-align=\"center\">13\/10\/2025<\/td><td class=\"has-text-align-center\" data-align=\"center\">21\/11\/2025<\/td><\/tr><tr><td class=\"has-text-align-center\" data-align=\"center\"><a href=\"https:\/\/test-technique-ski.fr\/no\/test-teknikk-ski-alpin-menuires\/\">Les Menuires<\/a><\/td><td class=\"has-text-align-center\" data-align=\"center\">73<\/td><td class=\"has-text-align-center\" data-align=\"center\">22\/01\/2026 til 24\/01\/2026<\/td><td class=\"has-text-align-center\" data-align=\"center\">40<\/td><td class=\"has-text-align-center\" data-align=\"center\">180<\/td><td class=\"has-text-align-center\" data-align=\"center\">13\/10\/2025<\/td><td class=\"has-text-align-center\" data-align=\"center\">21\/11\/2025<\/td><\/tr><tr><td class=\"has-text-align-center\" data-align=\"center\">Saint Lary Soulan<\/td><td class=\"has-text-align-center\" data-align=\"center\">65<\/td><td class=\"has-text-align-center\" data-align=\"center\">02\/02\/2026 til 03\/02\/2026<\/td><td class=\"has-text-align-center\" data-align=\"center\">40<\/td><td class=\"has-text-align-center\" data-align=\"center\">90<\/td><td class=\"has-text-align-center\" data-align=\"center\">13\/10\/2025<\/td><td class=\"has-text-align-center\" data-align=\"center\">21\/11\/2025<\/td><\/tr><tr><td class=\"has-text-align-center\" data-align=\"center\">Serre Chevalier<\/td><td class=\"has-text-align-center\" data-align=\"center\">06<\/td><td class=\"has-text-align-center\" data-align=\"center\">04\/02\/2026 til 06\/02\/2026<\/td><td class=\"has-text-align-center\" data-align=\"center\">40<\/td><td class=\"has-text-align-center\" data-align=\"center\">180<\/td><td class=\"has-text-align-center\" data-align=\"center\">13\/10\/2025<\/td><td class=\"has-text-align-center\" data-align=\"center\">21\/11\/2025<\/td><\/tr><tr><td class=\"has-text-align-center\" data-align=\"center\">Saint Lary Soulan<\/td><td class=\"has-text-align-center\" data-align=\"center\">65<\/td><td class=\"has-text-align-center\" data-align=\"center\">17\/03\/2026 til 18\/03\/2026<\/td><td class=\"has-text-align-center\" data-align=\"center\">40<\/td><td class=\"has-text-align-center\" data-align=\"center\">90<\/td><td class=\"has-text-align-center\" data-align=\"center\">  09\/02\/2026<\/td><td class=\"has-text-align-center\" data-align=\"center\">  27\/02\/2026<\/td><\/tr><tr><td class=\"has-text-align-center\" data-align=\"center\">Auron<\/td><td class=\"has-text-align-center\" data-align=\"center\">06<\/td><td class=\"has-text-align-center\" data-align=\"center\">19\/03\/2026 til 20\/03\/2026<\/td><td class=\"has-text-align-center\" data-align=\"center\">40<\/td><td class=\"has-text-align-center\" data-align=\"center\">90<\/td><td class=\"has-text-align-center\" data-align=\"center\">  09\/02\/2026<\/td><td class=\"has-text-align-center\" data-align=\"center\">  27\/02\/2026<\/td><\/tr><tr><td class=\"has-text-align-center\" data-align=\"center\">Alpe d&#8217;Huez<\/td><td class=\"has-text-align-center\" data-align=\"center\">38<\/td><td class=\"has-text-align-center\" data-align=\"center\">30\/03\/2026 til 03\/04\/2026<\/td><td class=\"has-text-align-center\" data-align=\"center\">40<\/td><td class=\"has-text-align-center\" data-align=\"center\">360<\/td><td class=\"has-text-align-center\" data-align=\"center\">  09\/02\/2026<\/td><td class=\"has-text-align-center\" data-align=\"center\">  27\/02\/2026<\/td><\/tr><tr><td class=\"has-text-align-center\" data-align=\"center\"><a href=\"https:\/\/test-technique-ski.fr\/no\/val-thorens\/\" type=\"page\" id=\"3819\">Val Thorens<\/a><\/td><td class=\"has-text-align-center\" data-align=\"center\">73<\/td><td class=\"has-text-align-center\" data-align=\"center\">23\/04\/2026 til 25\/04\/2026<\/td><td class=\"has-text-align-center\" data-align=\"center\">40<\/td><td class=\"has-text-align-center\" data-align=\"center\">180<\/td><td class=\"has-text-align-center\" data-align=\"center\">  09\/02\/2026<\/td><td class=\"has-text-align-center\" data-align=\"center\">  27\/02\/2026<\/td><\/tr><\/tbody><\/table><figcaption class=\"wp-element-caption\">Kalender med datoer for den tekniske testen av C.T.T. i Frankrike i 2026<\/figcaption><\/figure>\n\n<h2 class=\"wp-block-heading\">Oppl\u00e6ringskurs ved CTT i Les Menuires<\/h2>\n\n<p>Menuires ESF Academy arrangerte et <a href=\"https:\/\/test-technique-ski.fr\/no\/alpint-teknisk-proveforberedende-kurs\/\">treningskurs for CTT Technical Test<\/a> p\u00e5 slal\u00e5mstadionet <strong>i Les M\u00e9nuires fra 12. til 22. januar 2026<\/strong>. Kurset ble brukt som forberedelse til CTT Technical Test i Les Menuires, som fant sted fra 22. til 24. januar 2026. <\/p>\n\n<p>For \u00e5 delta p\u00e5 kurset, kontakt <strong>Nicolas Flage<\/strong> p\u00e5 telefon <a href=\"tel:+33625690113\">06 25 69 01 13.<\/a><\/p>\n\n<div style=\"height:30px\" aria-hidden=\"true\" class=\"wp-block-spacer\"><\/div>\n\n<h2 class=\"wp-block-heading\">Hvordan registrerer jeg deg for en alpin ski CTT?<\/h2>\n\n<p>F\u00f8lg disse trinnene for \u00e5 registrere deg for en CTT:<\/p>\n\n<ol class=\"wp-block-list\">\n<li><strong>Bes\u00f8k den offisielle siden:<\/strong> Begynn med \u00e5 bes\u00f8ke den offisielle siden til arrang\u00f8rene av CTT i alpint.<\/li>\n\n\n\n<li><strong>Se registreringsvilk\u00e5rene:<\/strong> S\u00f8rg for at du oppfyller alle vilk\u00e5rene for registrering.<\/li>\n\n\n\n<li><strong>Velg dato:<\/strong> Velg den datoen som passer deg blant de foresl\u00e5tte datoene for CTT i alpint.<\/li>\n\n\n\n<li>Fyll ut <strong>registreringsskjemaet:<\/strong> Fyll ut det elektroniske skjemaet med all informasjon som kreves.<\/li>\n\n\n\n<li><strong>Betal registreringsavgiften:<\/strong> Send inn betalingen for \u00e5 fullf\u00f8re testregistreringen.<\/li>\n\n\n\n<li><strong>Forbered<\/strong> deg til pr\u00f8ven: Forbered deg godt for \u00e5 best\u00e5 CTT-pr\u00f8ven i alpint.<\/li>\n<\/ol>\n\n<p>S\u00f8rg for at du f\u00f8lger alle instruksjonene fra organisasjonen, slik at du kan registrere deg og forberede deg godt nok til pr\u00f8ven.<\/p>\n","protected":false},"excerpt":{"rendered":"<p>CTT Common Training Test de ski alpin Finn ut alt du trenger \u00e5 vite om Common Training Test (CTT): p\u00e5meldingsvilk\u00e5r, testdatoer og en trinnvis guide til hvordan du melder deg p\u00e5 CTT i alpint. Hva er den vanlige treningstesten? Common Training Test (CTT) er et sett med tester som er utviklet for \u00e5 m\u00e5le deltakernes [&hellip;]<\/p>\n","protected":false},"author":1,"featured_media":0,"parent":0,"menu_order":0,"comment_status":"closed","ping_status":"closed","template":"","meta":{"footnotes":""},"class_list":["post-1377","page","type-page","status-publish","hentry"],"yoast_head":"<!-- This site is optimized with the Yoast SEO plugin v27.3 - https:\/\/yoast.com\/product\/yoast-seo-wordpress\/ -->\n<title>CTT Common Training Test alpint - TEST TECHNIQUE SKI<\/title>\n<meta name=\"description\" content=\"Eurotesten kalles n\u00e5 Common Training Test. Det gj\u00f8r at flere europeiske land kan organisere en alpint skiteknisk test\" \/>\n<meta name=\"robots\" content=\"index, follow, max-snippet:-1, max-image-preview:large, max-video-preview:-1\" \/>\n<link rel=\"canonical\" href=\"https:\/\/test-technique-ski.fr\/no\/ctt-common-training-test-eurotest\/\" \/>\n<meta property=\"og:locale\" content=\"nb_NO\" \/>\n<meta property=\"og:type\" content=\"article\" \/>\n<meta property=\"og:title\" content=\"CTT Common Training Test alpint - TEST TECHNIQUE SKI\" \/>\n<meta property=\"og:description\" content=\"Eurotesten kalles n\u00e5 Common Training Test. Det gj\u00f8r at flere europeiske land kan organisere en alpint skiteknisk test\" \/>\n<meta property=\"og:url\" content=\"https:\/\/test-technique-ski.fr\/no\/ctt-common-training-test-eurotest\/\" \/>\n<meta property=\"og:site_name\" content=\"TEST TECHNIQUE SKI\" \/>\n<meta property=\"article:modified_time\" content=\"2026-02-28T10:22:33+00:00\" \/>\n<meta name=\"twitter:card\" content=\"summary_large_image\" \/>\n<meta name=\"twitter:label1\" content=\"Ansl. lesetid\" \/>\n\t<meta name=\"twitter:data1\" content=\"2 minutter\" \/>\n<script type=\"application\/ld+json\" class=\"yoast-schema-graph\">{\"@context\":\"https:\\\/\\\/schema.org\",\"@graph\":[{\"@type\":\"WebPage\",\"@id\":\"https:\\\/\\\/test-technique-ski.fr\\\/no\\\/ctt-common-training-test-eurotest\\\/\",\"url\":\"https:\\\/\\\/test-technique-ski.fr\\\/no\\\/ctt-common-training-test-eurotest\\\/\",\"name\":\"CTT Common Training Test alpint - TEST TECHNIQUE SKI\",\"isPartOf\":{\"@id\":\"https:\\\/\\\/test-technique-ski.fr\\\/no\\\/#website\"},\"datePublished\":\"2024-01-11T09:21:47+00:00\",\"dateModified\":\"2026-02-28T10:22:33+00:00\",\"description\":\"Eurotesten kalles n\u00e5 Common Training Test. Det gj\u00f8r at flere europeiske land kan organisere en alpint skiteknisk test\",\"inLanguage\":\"nb-NO\",\"potentialAction\":[{\"@type\":\"ReadAction\",\"target\":[\"https:\\\/\\\/test-technique-ski.fr\\\/no\\\/ctt-common-training-test-eurotest\\\/\"]}]},{\"@type\":\"WebSite\",\"@id\":\"https:\\\/\\\/test-technique-ski.fr\\\/no\\\/#website\",\"url\":\"https:\\\/\\\/test-technique-ski.fr\\\/no\\\/\",\"name\":\"TEST TECHNIQUE SKI\",\"description\":\"\",\"potentialAction\":[{\"@type\":\"SearchAction\",\"target\":{\"@type\":\"EntryPoint\",\"urlTemplate\":\"https:\\\/\\\/test-technique-ski.fr\\\/no\\\/?s={search_term_string}\"},\"query-input\":{\"@type\":\"PropertyValueSpecification\",\"valueRequired\":true,\"valueName\":\"search_term_string\"}}],\"inLanguage\":\"nb-NO\"}]}<\/script>\n<!-- \/ Yoast SEO plugin. -->","yoast_head_json":{"title":"CTT Common Training Test alpint - TEST TECHNIQUE SKI","description":"Eurotesten kalles n\u00e5 Common Training Test. Det gj\u00f8r at flere europeiske land kan organisere en alpint skiteknisk test","robots":{"index":"index","follow":"follow","max-snippet":"max-snippet:-1","max-image-preview":"max-image-preview:large","max-video-preview":"max-video-preview:-1"},"canonical":"https:\/\/test-technique-ski.fr\/no\/ctt-common-training-test-eurotest\/","og_locale":"nb_NO","og_type":"article","og_title":"CTT Common Training Test alpint - TEST TECHNIQUE SKI","og_description":"Eurotesten kalles n\u00e5 Common Training Test. Det gj\u00f8r at flere europeiske land kan organisere en alpint skiteknisk test","og_url":"https:\/\/test-technique-ski.fr\/no\/ctt-common-training-test-eurotest\/","og_site_name":"TEST TECHNIQUE SKI","article_modified_time":"2026-02-28T10:22:33+00:00","twitter_card":"summary_large_image","twitter_misc":{"Ansl. lesetid":"2 minutter"},"schema":{"@context":"https:\/\/schema.org","@graph":[{"@type":"WebPage","@id":"https:\/\/test-technique-ski.fr\/no\/ctt-common-training-test-eurotest\/","url":"https:\/\/test-technique-ski.fr\/no\/ctt-common-training-test-eurotest\/","name":"CTT Common Training Test alpint - TEST TECHNIQUE SKI","isPartOf":{"@id":"https:\/\/test-technique-ski.fr\/no\/#website"},"datePublished":"2024-01-11T09:21:47+00:00","dateModified":"2026-02-28T10:22:33+00:00","description":"Eurotesten kalles n\u00e5 Common Training Test. Det gj\u00f8r at flere europeiske land kan organisere en alpint skiteknisk test","inLanguage":"nb-NO","potentialAction":[{"@type":"ReadAction","target":["https:\/\/test-technique-ski.fr\/no\/ctt-common-training-test-eurotest\/"]}]},{"@type":"WebSite","@id":"https:\/\/test-technique-ski.fr\/no\/#website","url":"https:\/\/test-technique-ski.fr\/no\/","name":"TEST TECHNIQUE SKI","description":"","potentialAction":[{"@type":"SearchAction","target":{"@type":"EntryPoint","urlTemplate":"https:\/\/test-technique-ski.fr\/no\/?s={search_term_string}"},"query-input":{"@type":"PropertyValueSpecification","valueRequired":true,"valueName":"search_term_string"}}],"inLanguage":"nb-NO"}]}},"_links":{"self":[{"href":"https:\/\/test-technique-ski.fr\/no\/wp-json\/wp\/v2\/pages\/1377","targetHints":{"allow":["GET"]}}],"collection":[{"href":"https:\/\/test-technique-ski.fr\/no\/wp-json\/wp\/v2\/pages"}],"about":[{"href":"https:\/\/test-technique-ski.fr\/no\/wp-json\/wp\/v2\/types\/page"}],"author":[{"embeddable":true,"href":"https:\/\/test-technique-ski.fr\/no\/wp-json\/wp\/v2\/users\/1"}],"replies":[{"embeddable":true,"href":"https:\/\/test-technique-ski.fr\/no\/wp-json\/wp\/v2\/comments?post=1377"}],"version-history":[{"count":10,"href":"https:\/\/test-technique-ski.fr\/no\/wp-json\/wp\/v2\/pages\/1377\/revisions"}],"predecessor-version":[{"id":3884,"href":"https:\/\/test-technique-ski.fr\/no\/wp-json\/wp\/v2\/pages\/1377\/revisions\/3884"}],"wp:attachment":[{"href":"https:\/\/test-technique-ski.fr\/no\/wp-json\/wp\/v2\/media?parent=1377"}],"curies":[{"name":"wp","href":"https:\/\/api.w.org\/{rel}","templated":true}]}}