{"id":2533,"date":"2025-03-31T14:35:08","date_gmt":"2025-03-31T13:35:08","guid":{"rendered":"https:\/\/test-technique-ski.fr\/stage-ski-slalom-automne\/"},"modified":"2026-01-12T09:31:55","modified_gmt":"2026-01-12T09:31:55","slug":"stage-ski-slalom-automne","status":"publish","type":"page","link":"https:\/\/test-technique-ski.fr\/no\/stage-ski-slalom-automne\/","title":{"rendered":"H\u00f8stens slal\u00e5mkurs"},"content":{"rendered":"\n<h1 class=\"wp-block-heading\">Skirennstreningskurs p\u00e5 Allehelgensdag<\/h1>\n\n<h2 class=\"wp-block-heading\">H\u00f8stens alpinrennsl\u00f8ype i SnowWorld d&#8217;Amn\u00e9ville<\/h2>\n\n<p>Ta del i v\u00e5re <a href=\"https:\/\/test-technique-ski.fr\/no\/stage-ski-slalom-amneville\/\">slal\u00e5mkurs i Amn\u00e9ville<\/a>. V\u00e5re intensive skirennkurs arrangeres p\u00e5 SnowWorld innend\u00f8rs skisenter i Amn\u00e9ville i Frankrike. Akkurat <a href=\"https:\/\/test-technique-ski.fr\/no\/stage-ski-slalom-ete\/\">som sommerslal\u00e5mkursene v\u00e5re i Tignes<\/a>, er disse kursene en utmerket forberedelse til vintersesongen. Her kan skil\u00f8perne trene p\u00e5 teknikken under optimale forhold i oktober, n\u00e5r skianleggene enn\u00e5 ikke er \u00e5pne.<\/p>\n\n<h2 class=\"wp-block-heading\">Hvorfor velge et skikurs i Amn\u00e9ville p\u00e5 Allehelgensdag?<\/h2>\n\n<p>Innend\u00f8rskuppelen <a href=\"https:\/\/www.snowworld.com\/amneville\/fr\">SnowWorld i Amn\u00e9ville<\/a> byr p\u00e5 perfekte forhold, med sn\u00f8dekte bakker \u00e5ret rundt. Vi reserverer og privatiserer baner spesielt for slal\u00e5mtreningene v\u00e5re, noe som garanterer ideelle omgivelser for effektiv fremgang.<\/p>\n\n<p><strong>Skikurs h\u00f8sten 2026 kontakt<\/strong>: Nicolas p\u00e5 <a href=\"tel:0033625690113\">06 25 69 01 13<\/a><\/p>\n\n<div style=\"height:30px\" aria-hidden=\"true\" class=\"wp-block-spacer\"><\/div>\n\n<figure class=\"wp-block-image size-large\"><img fetchpriority=\"high\" decoding=\"async\" width=\"1024\" height=\"865\" src=\"https:\/\/test-technique-ski.fr\/wp-content\/uploads\/2025\/03\/IMG_1992-1024x865.jpg\" alt=\"\" class=\"wp-image-2667\" srcset=\"https:\/\/test-technique-ski.fr\/wp-content\/uploads\/2025\/03\/IMG_1992-1024x865.jpg 1024w, https:\/\/test-technique-ski.fr\/wp-content\/uploads\/2025\/03\/IMG_1992-300x253.jpg 300w, https:\/\/test-technique-ski.fr\/wp-content\/uploads\/2025\/03\/IMG_1992-768x649.jpg 768w, https:\/\/test-technique-ski.fr\/wp-content\/uploads\/2025\/03\/IMG_1992.jpg 1290w\" sizes=\"(max-width: 1024px) 100vw, 1024px\" \/><figcaption class=\"wp-element-caption\">innend\u00f8rs slal\u00e5mkurs i oktober i Amn\u00e9ville<\/figcaption><\/figure>\n\n<h2 class=\"wp-block-heading\">Et intensivt og omfattende program<\/h2>\n\n<p>Kursene v\u00e5re inkluderer flere timer med slal\u00e5mkj\u00f8ring hver dag, etterfulgt av grundige fysiske forberedelses\u00f8kter for \u00e5 sikre maksimal fremgang:<\/p>\n\n<ul class=\"wp-block-list\">\n<li><strong>Intensiv slal\u00e5mtrening<\/strong>: presist teknisk arbeid i egen bane, m\u00e5lrettede og tidsbestemte \u00f8velser.<\/li>\n\n\n\n<li><strong>Fysisk forberedelse<\/strong>: konkurransespesifikk trening, muskelstyrking, plyometri, utholdenhetstrening og koordinasjons\u00f8velser.<\/li>\n\n\n\n<li><strong>Videoanalyse <\/strong>: personlig tilpasset debriefing for raskt \u00e5 identifisere forbedringsomr\u00e5der.<\/li>\n<\/ul>\n\n<div style=\"height:20px\" aria-hidden=\"true\" class=\"wp-block-spacer\"><\/div>\n\n<h2 class=\"wp-block-heading\">Datoer og priser for h\u00f8stens kurs i Amn\u00e9ville<\/h2>\n\n<ul class=\"wp-block-list\">\n<li><strong>Fra 18. oktober til 22. oktober 2026<\/strong>: 4 dager \/ 790 euro alt inkludert (unntatt busstransport*)<\/li>\n\n\n\n<li><strong>Fra 22. oktober til 26. oktober 2026<\/strong>: 4 dager \/ 790 euro alt inkludert (unntatt busstransport*)<\/li>\n<\/ul>\n\n<div style=\"height:10px\" aria-hidden=\"true\" class=\"wp-block-spacer\"><\/div>\n\n<p><strong>Disse prisene inkluderer overnatting, m\u00e5ltider, skipass og profesjonell veiledning.<\/strong><\/p>\n\n<div style=\"height:20px\" aria-hidden=\"true\" class=\"wp-block-spacer\"><\/div>\n\n<h2 class=\"wp-block-heading\">Veiledning av anerkjente fagfolk<\/h2>\n\n<p>V\u00e5rt team av profesjonelle trenere, hentet fra nasjonale konkurranser og <a href=\"https:\/\/www.esf-lesmenuires.fr\/les-menuires\/\">Menuires ESF<\/a>, vil gi deg personlig teknisk st\u00f8tte gjennom hele kurset. Deres ekspertise og r\u00e5d vil hjelpe deg med \u00e5 f\u00e5 selvtillit og bli klar for vinterens konkurranser.<\/p>\n\n<h2 class=\"wp-block-heading\">Bestill ditt h\u00f8stforberedende kurs i Amn\u00e9ville n\u00e5!<\/h2>\n\n<p>Vi har et begrenset antall plasser for \u00e5 garantere kvaliteten p\u00e5 treningen, s\u00e5 ikke vent lenger med \u00e5 bestille plass og optimalisere forberedelsene dine til vinterens konkurransesesong.<\/p>\n\n<p><strong>Skikurs h\u00f8sten 2026 kontakt<\/strong>: Nicolas p\u00e5 <a href=\"tel:0033625690113\">06 25 69 01 13<\/a><\/p>\n","protected":false},"excerpt":{"rendered":"<p>Skirennstreningskurs p\u00e5 Allehelgensdag H\u00f8stens alpinrennsl\u00f8ype i SnowWorld d&#8217;Amn\u00e9ville Ta del i v\u00e5re slal\u00e5mkurs i Amn\u00e9ville. V\u00e5re intensive skirennkurs arrangeres p\u00e5 SnowWorld innend\u00f8rs skisenter i Amn\u00e9ville i Frankrike. Akkurat som sommerslal\u00e5mkursene v\u00e5re i Tignes, er disse kursene en utmerket forberedelse til vintersesongen. Her kan skil\u00f8perne trene p\u00e5 teknikken under optimale forhold i oktober, n\u00e5r skianleggene enn\u00e5 [&hellip;]<\/p>\n","protected":false},"author":1,"featured_media":0,"parent":0,"menu_order":0,"comment_status":"closed","ping_status":"closed","template":"","meta":{"footnotes":""},"class_list":["post-2533","page","type-page","status-publish","hentry"],"yoast_head":"<!-- This site is optimized with the Yoast SEO plugin v27.3 - https:\/\/yoast.com\/product\/yoast-seo-wordpress\/ -->\n<title>H\u00f8stens slal\u00e5mkurs - TEST TECHNIQUE SKI<\/title>\n<meta name=\"description\" content=\"Delta p\u00e5 h\u00f8stens skikonkurranser i Amn\u00e9ville for \u00e5 forberede deg til vintersesongen. Slal\u00e5mkurs for unge og voksne\" \/>\n<meta name=\"robots\" content=\"index, follow, max-snippet:-1, max-image-preview:large, max-video-preview:-1\" \/>\n<link rel=\"canonical\" href=\"https:\/\/test-technique-ski.fr\/no\/stage-ski-slalom-automne\/\" \/>\n<meta property=\"og:locale\" content=\"nb_NO\" \/>\n<meta property=\"og:type\" content=\"article\" \/>\n<meta property=\"og:title\" content=\"H\u00f8stens slal\u00e5mkurs - TEST TECHNIQUE SKI\" \/>\n<meta property=\"og:description\" content=\"Delta p\u00e5 h\u00f8stens skikonkurranser i Amn\u00e9ville for \u00e5 forberede deg til vintersesongen. Slal\u00e5mkurs for unge og voksne\" \/>\n<meta property=\"og:url\" content=\"https:\/\/test-technique-ski.fr\/no\/stage-ski-slalom-automne\/\" \/>\n<meta property=\"og:site_name\" content=\"TEST TECHNIQUE SKI\" \/>\n<meta property=\"article:modified_time\" content=\"2026-01-12T09:31:55+00:00\" \/>\n<meta property=\"og:image\" content=\"https:\/\/test-technique-ski.fr\/wp-content\/uploads\/2025\/03\/IMG_1992.jpg\" \/>\n\t<meta property=\"og:image:width\" content=\"1290\" \/>\n\t<meta property=\"og:image:height\" content=\"1090\" \/>\n\t<meta property=\"og:image:type\" content=\"image\/jpeg\" \/>\n<meta name=\"twitter:card\" content=\"summary_large_image\" \/>\n<meta name=\"twitter:label1\" content=\"Ansl. lesetid\" \/>\n\t<meta name=\"twitter:data1\" content=\"2 minutter\" \/>\n<script type=\"application\/ld+json\" class=\"yoast-schema-graph\">{\"@context\":\"https:\\\/\\\/schema.org\",\"@graph\":[{\"@type\":\"WebPage\",\"@id\":\"https:\\\/\\\/test-technique-ski.fr\\\/no\\\/stage-ski-slalom-automne\\\/\",\"url\":\"https:\\\/\\\/test-technique-ski.fr\\\/no\\\/stage-ski-slalom-automne\\\/\",\"name\":\"H\u00f8stens slal\u00e5mkurs - TEST TECHNIQUE SKI\",\"isPartOf\":{\"@id\":\"https:\\\/\\\/test-technique-ski.fr\\\/no\\\/#website\"},\"primaryImageOfPage\":{\"@id\":\"https:\\\/\\\/test-technique-ski.fr\\\/no\\\/stage-ski-slalom-automne\\\/#primaryimage\"},\"image\":{\"@id\":\"https:\\\/\\\/test-technique-ski.fr\\\/no\\\/stage-ski-slalom-automne\\\/#primaryimage\"},\"thumbnailUrl\":\"https:\\\/\\\/test-technique-ski.fr\\\/wp-content\\\/uploads\\\/2025\\\/03\\\/IMG_1992-1024x865.jpg\",\"datePublished\":\"2025-03-31T13:35:08+00:00\",\"dateModified\":\"2026-01-12T09:31:55+00:00\",\"description\":\"Delta p\u00e5 h\u00f8stens skikonkurranser i Amn\u00e9ville for \u00e5 forberede deg til vintersesongen. Slal\u00e5mkurs for unge og voksne\",\"inLanguage\":\"nb-NO\",\"potentialAction\":[{\"@type\":\"ReadAction\",\"target\":[\"https:\\\/\\\/test-technique-ski.fr\\\/no\\\/stage-ski-slalom-automne\\\/\"]}]},{\"@type\":\"ImageObject\",\"inLanguage\":\"nb-NO\",\"@id\":\"https:\\\/\\\/test-technique-ski.fr\\\/no\\\/stage-ski-slalom-automne\\\/#primaryimage\",\"url\":\"https:\\\/\\\/test-technique-ski.fr\\\/wp-content\\\/uploads\\\/2025\\\/03\\\/IMG_1992-1024x865.jpg\",\"contentUrl\":\"https:\\\/\\\/test-technique-ski.fr\\\/wp-content\\\/uploads\\\/2025\\\/03\\\/IMG_1992-1024x865.jpg\"},{\"@type\":\"WebSite\",\"@id\":\"https:\\\/\\\/test-technique-ski.fr\\\/no\\\/#website\",\"url\":\"https:\\\/\\\/test-technique-ski.fr\\\/no\\\/\",\"name\":\"TEST TECHNIQUE SKI\",\"description\":\"\",\"potentialAction\":[{\"@type\":\"SearchAction\",\"target\":{\"@type\":\"EntryPoint\",\"urlTemplate\":\"https:\\\/\\\/test-technique-ski.fr\\\/no\\\/?s={search_term_string}\"},\"query-input\":{\"@type\":\"PropertyValueSpecification\",\"valueRequired\":true,\"valueName\":\"search_term_string\"}}],\"inLanguage\":\"nb-NO\"}]}<\/script>\n<!-- \/ Yoast SEO plugin. -->","yoast_head_json":{"title":"H\u00f8stens slal\u00e5mkurs - TEST TECHNIQUE SKI","description":"Delta p\u00e5 h\u00f8stens skikonkurranser i Amn\u00e9ville for \u00e5 forberede deg til vintersesongen. Slal\u00e5mkurs for unge og voksne","robots":{"index":"index","follow":"follow","max-snippet":"max-snippet:-1","max-image-preview":"max-image-preview:large","max-video-preview":"max-video-preview:-1"},"canonical":"https:\/\/test-technique-ski.fr\/no\/stage-ski-slalom-automne\/","og_locale":"nb_NO","og_type":"article","og_title":"H\u00f8stens slal\u00e5mkurs - TEST TECHNIQUE SKI","og_description":"Delta p\u00e5 h\u00f8stens skikonkurranser i Amn\u00e9ville for \u00e5 forberede deg til vintersesongen. Slal\u00e5mkurs for unge og voksne","og_url":"https:\/\/test-technique-ski.fr\/no\/stage-ski-slalom-automne\/","og_site_name":"TEST TECHNIQUE SKI","article_modified_time":"2026-01-12T09:31:55+00:00","og_image":[{"width":1290,"height":1090,"url":"https:\/\/test-technique-ski.fr\/wp-content\/uploads\/2025\/03\/IMG_1992.jpg","type":"image\/jpeg"}],"twitter_card":"summary_large_image","twitter_misc":{"Ansl. lesetid":"2 minutter"},"schema":{"@context":"https:\/\/schema.org","@graph":[{"@type":"WebPage","@id":"https:\/\/test-technique-ski.fr\/no\/stage-ski-slalom-automne\/","url":"https:\/\/test-technique-ski.fr\/no\/stage-ski-slalom-automne\/","name":"H\u00f8stens slal\u00e5mkurs - TEST TECHNIQUE SKI","isPartOf":{"@id":"https:\/\/test-technique-ski.fr\/no\/#website"},"primaryImageOfPage":{"@id":"https:\/\/test-technique-ski.fr\/no\/stage-ski-slalom-automne\/#primaryimage"},"image":{"@id":"https:\/\/test-technique-ski.fr\/no\/stage-ski-slalom-automne\/#primaryimage"},"thumbnailUrl":"https:\/\/test-technique-ski.fr\/wp-content\/uploads\/2025\/03\/IMG_1992-1024x865.jpg","datePublished":"2025-03-31T13:35:08+00:00","dateModified":"2026-01-12T09:31:55+00:00","description":"Delta p\u00e5 h\u00f8stens skikonkurranser i Amn\u00e9ville for \u00e5 forberede deg til vintersesongen. Slal\u00e5mkurs for unge og voksne","inLanguage":"nb-NO","potentialAction":[{"@type":"ReadAction","target":["https:\/\/test-technique-ski.fr\/no\/stage-ski-slalom-automne\/"]}]},{"@type":"ImageObject","inLanguage":"nb-NO","@id":"https:\/\/test-technique-ski.fr\/no\/stage-ski-slalom-automne\/#primaryimage","url":"https:\/\/test-technique-ski.fr\/wp-content\/uploads\/2025\/03\/IMG_1992-1024x865.jpg","contentUrl":"https:\/\/test-technique-ski.fr\/wp-content\/uploads\/2025\/03\/IMG_1992-1024x865.jpg"},{"@type":"WebSite","@id":"https:\/\/test-technique-ski.fr\/no\/#website","url":"https:\/\/test-technique-ski.fr\/no\/","name":"TEST TECHNIQUE SKI","description":"","potentialAction":[{"@type":"SearchAction","target":{"@type":"EntryPoint","urlTemplate":"https:\/\/test-technique-ski.fr\/no\/?s={search_term_string}"},"query-input":{"@type":"PropertyValueSpecification","valueRequired":true,"valueName":"search_term_string"}}],"inLanguage":"nb-NO"}]}},"_links":{"self":[{"href":"https:\/\/test-technique-ski.fr\/no\/wp-json\/wp\/v2\/pages\/2533","targetHints":{"allow":["GET"]}}],"collection":[{"href":"https:\/\/test-technique-ski.fr\/no\/wp-json\/wp\/v2\/pages"}],"about":[{"href":"https:\/\/test-technique-ski.fr\/no\/wp-json\/wp\/v2\/types\/page"}],"author":[{"embeddable":true,"href":"https:\/\/test-technique-ski.fr\/no\/wp-json\/wp\/v2\/users\/1"}],"replies":[{"embeddable":true,"href":"https:\/\/test-technique-ski.fr\/no\/wp-json\/wp\/v2\/comments?post=2533"}],"version-history":[{"count":4,"href":"https:\/\/test-technique-ski.fr\/no\/wp-json\/wp\/v2\/pages\/2533\/revisions"}],"predecessor-version":[{"id":3621,"href":"https:\/\/test-technique-ski.fr\/no\/wp-json\/wp\/v2\/pages\/2533\/revisions\/3621"}],"wp:attachment":[{"href":"https:\/\/test-technique-ski.fr\/no\/wp-json\/wp\/v2\/media?parent=2533"}],"curies":[{"name":"wp","href":"https:\/\/api.w.org\/{rel}","templated":true}]}}