{"id":496,"date":"2023-01-05T13:56:16","date_gmt":"2023-01-05T13:56:16","guid":{"rendered":"https:\/\/test-technique-ski.fr\/datoer-teknisk-test-alpint\/"},"modified":"2026-02-28T10:21:51","modified_gmt":"2026-02-28T10:21:51","slug":"teknisk-testdato-for-alpinski","status":"publish","type":"page","link":"https:\/\/test-technique-ski.fr\/no\/teknisk-testdato-for-alpinski\/","title":{"rendered":"Datoer for tekniske tester for alpint"},"content":{"rendered":"\n<h1 class=\"wp-block-heading\">Datoer for den tekniske pr\u00f8ven i alpint i 2026<\/h1>\n\n<p>Her finner du alle datoene for den <a href=\"https:\/\/test-technique-ski.fr\/no\/\">tekniske pr\u00f8ven<\/a> i alpint vinteren 2026.<\/p>\n\n<p><strong>De tekniske testene i 2026 vil finne sted i to \u00f8kter:<\/strong><\/p>\n\n<ul class=\"wp-block-list\">\n<li>Den f\u00f8rste sesjonen varer fra 15. desember til 7. februar 2026.<\/li>\n\n\n\n<li>Den andre sesjonen varer fra 9. mars til 22. april 2026.<\/li>\n<\/ul>\n\n<div style=\"height:10px\" aria-hidden=\"true\" class=\"wp-block-spacer\"><\/div>\n\n<p>P\u00e5meldinger er kun \u00e5pne i noen f\u00e5 dager p\u00e5 helt bestemte datoer. S\u00f8rg for at du <a href=\"https:\/\/test-technique-ski.fr\/no\/skiteknisk-proveregistrering\/\">melder deg p\u00e5 den tekniske pr\u00f8ven<\/a> i god tid, slik at du ikke g\u00e5r glipp av datoen du har valgt.  <\/p>\n\n<p>De aller f\u00f8rste datoene som er tilgjengelige for 1. sesjon 2025-2026 av den tekniske pr\u00f8ven i alpint vil bli presentert nedenfor s\u00e5 snart de er offisielt publisert.<\/p>\n\n<div style=\"height:10px\" aria-hidden=\"true\" class=\"wp-block-spacer\"><\/div>\n\n<h2 class=\"wp-block-heading\">Datoer for de tekniske testarrangementene i alpint 2026<\/h2>\n\n<p>Datoene er publisert av GEPAFO Montagne for de 2 sesjonene 2025-2026 :<\/p>\n\n<figure class=\"wp-block-table\"><table><tbody><tr><td class=\"has-text-align-center\" data-align=\"center\">Beliggenhet<\/td><td class=\"has-text-align-center\" data-align=\"center\">Avd.<\/td><td class=\"has-text-align-center\" data-align=\"center\">Testdatoer<\/td><td class=\"has-text-align-center\" data-align=\"center\">Registrert min.<\/td><td class=\"has-text-align-center\" data-align=\"center\">Maks p\u00e5meldte<\/td><td class=\"has-text-align-center\" data-align=\"center\">\u00c5pningsdato for registrering<\/td><td class=\"has-text-align-center\" data-align=\"center\">P\u00e5meldingsfrist<\/td><\/tr><tr><td class=\"has-text-align-center\" data-align=\"center\">Val Thorens<\/td><td class=\"has-text-align-center\" data-align=\"center\">73<\/td><td class=\"has-text-align-center\" data-align=\"center\">fra 15\/12\/25 til 17\/12\/25<\/td><td class=\"has-text-align-center\" data-align=\"center\">40<\/td><td class=\"has-text-align-center\" data-align=\"center\">140<\/td><td class=\"has-text-align-center\" data-align=\"center\">13\/10\/25<\/td><td class=\"has-text-align-center\" data-align=\"center\">21\/11\/25<\/td><\/tr><tr><td class=\"has-text-align-center\" data-align=\"center\"><a href=\"https:\/\/test-technique-ski.fr\/no\/test-teknikk-ski-alpin-menuires\/\">Les Menuires<\/a><\/td><td class=\"has-text-align-center\" data-align=\"center\">73<\/td><td class=\"has-text-align-center\" data-align=\"center\">fra 05\/01\/26 til 09\/01\/26<\/td><td class=\"has-text-align-center\" data-align=\"center\">40<\/td><td class=\"has-text-align-center\" data-align=\"center\">280<\/td><td class=\"has-text-align-center\" data-align=\"center\">13\/10\/25<\/td><td class=\"has-text-align-center\" data-align=\"center\">21\/11\/25<\/td><\/tr><tr><td class=\"has-text-align-center\" data-align=\"center\">Font Romeu<\/td><td class=\"has-text-align-center\" data-align=\"center\">73<\/td><td class=\"has-text-align-center\" data-align=\"center\">fra 06\/01\/26 til 08\/01\/26<\/td><td class=\"has-text-align-center\" data-align=\"center\">40<\/td><td class=\"has-text-align-center\" data-align=\"center\">140<\/td><td class=\"has-text-align-center\" data-align=\"center\">13\/10\/25<\/td><td class=\"has-text-align-center\" data-align=\"center\">21\/11\/25<\/td><\/tr><tr><td class=\"has-text-align-center\" data-align=\"center\">Le Sauze<\/td><td class=\"has-text-align-center\" data-align=\"center\">04<\/td><td class=\"has-text-align-center\" data-align=\"center\">fra 12\/01\/26 til 14\/01\/26<\/td><td class=\"has-text-align-center\" data-align=\"center\">40<\/td><td class=\"has-text-align-center\" data-align=\"center\">140<\/td><td class=\"has-text-align-center\" data-align=\"center\">13\/10\/25<\/td><td class=\"has-text-align-center\" data-align=\"center\">21\/11\/25<\/td><\/tr><tr><td class=\"has-text-align-center\" data-align=\"center\">Isola 2000<\/td><td class=\"has-text-align-center\" data-align=\"center\">06<\/td><td class=\"has-text-align-center\" data-align=\"center\">fra 15\/01\/26 til 17\/01\/26<\/td><td class=\"has-text-align-center\" data-align=\"center\">40<\/td><td class=\"has-text-align-center\" data-align=\"center\">140<\/td><td class=\"has-text-align-center\" data-align=\"center\">13\/10\/25<\/td><td class=\"has-text-align-center\" data-align=\"center\">21\/11\/25<\/td><\/tr><tr><td class=\"has-text-align-center\" data-align=\"center\">Le Grand Bornand<\/td><td class=\"has-text-align-center\" data-align=\"center\">74<\/td><td class=\"has-text-align-center\" data-align=\"center\">fra 19\/01\/26 til 23\/01\/26<\/td><td class=\"has-text-align-center\" data-align=\"center\">40<\/td><td class=\"has-text-align-center\" data-align=\"center\">280<\/td><td class=\"has-text-align-center\" data-align=\"center\">13\/10\/25<\/td><td class=\"has-text-align-center\" data-align=\"center\">21\/11\/25<\/td><\/tr><tr><td class=\"has-text-align-center\" data-align=\"center\">Alpe d&#8217;Huez<\/td><td class=\"has-text-align-center\" data-align=\"center\">38<\/td><td class=\"has-text-align-center\" data-align=\"center\">fra 26\/01\/26 til 30\/01\/26<\/td><td class=\"has-text-align-center\" data-align=\"center\">40<\/td><td class=\"has-text-align-center\" data-align=\"center\">280<\/td><td class=\"has-text-align-center\" data-align=\"center\">13\/10\/25<\/td><td class=\"has-text-align-center\" data-align=\"center\">21\/11\/25<\/td><\/tr><tr><td class=\"has-text-align-center\" data-align=\"center\">Markstein<\/td><td class=\"has-text-align-center\" data-align=\"center\">68<\/td><td class=\"has-text-align-center\" data-align=\"center\">fra 02\/02\/26 til 03\/02\/26<\/td><td class=\"has-text-align-center\" data-align=\"center\">40<\/td><td class=\"has-text-align-center\" data-align=\"center\">70<\/td><td class=\"has-text-align-center\" data-align=\"center\">13\/10\/25<\/td><td class=\"has-text-align-center\" data-align=\"center\">21\/11\/25<\/td><\/tr><tr><td class=\"has-text-align-center\" data-align=\"center\">Lelex<\/td><td class=\"has-text-align-center\" data-align=\"center\">01<\/td><td class=\"has-text-align-center\" data-align=\"center\">fra 04\/02\/26 til 05\/02\/26<\/td><td class=\"has-text-align-center\" data-align=\"center\">40<\/td><td class=\"has-text-align-center\" data-align=\"center\">70<\/td><td class=\"has-text-align-center\" data-align=\"center\">13\/10\/25<\/td><td class=\"has-text-align-center\" data-align=\"center\">21\/11\/25<\/td><\/tr><tr><td class=\"has-text-align-center\" data-align=\"center\">Superbesse<\/td><td class=\"has-text-align-center\" data-align=\"center\">63<\/td><td class=\"has-text-align-center\" data-align=\"center\">fra 06\/02\/26 til 07\/02\/26<\/td><td class=\"has-text-align-center\" data-align=\"center\">40<\/td><td class=\"has-text-align-center\" data-align=\"center\">70<\/td><td class=\"has-text-align-center\" data-align=\"center\">13\/10\/25<\/td><td class=\"has-text-align-center\" data-align=\"center\">21\/11\/25<\/td><\/tr><tr><td class=\"has-text-align-center\" data-align=\"center\">Peyragudes<\/td><td class=\"has-text-align-center\" data-align=\"center\">65<\/td><td class=\"has-text-align-center\" data-align=\"center\">fra 09\/03\/26 til 11\/03\/26<\/td><td class=\"has-text-align-center\" data-align=\"center\">40<\/td><td class=\"has-text-align-center\" data-align=\"center\">140<\/td><td class=\"has-text-align-center\" data-align=\"center\">09\/02\/26<\/td><td class=\"has-text-align-center\" data-align=\"center\">27\/02\/26<\/td><\/tr><tr><td class=\"has-text-align-center\" data-align=\"center\">Morzine<\/td><td class=\"has-text-align-center\" data-align=\"center\">74<\/td><td class=\"has-text-align-center\" data-align=\"center\">fra 09\/03\/26 til 13\/03\/26<\/td><td class=\"has-text-align-center\" data-align=\"center\">40<\/td><td class=\"has-text-align-center\" data-align=\"center\">280<\/td><td class=\"has-text-align-center\" data-align=\"center\">09\/02\/26<\/td><td class=\"has-text-align-center\" data-align=\"center\">27\/02\/26<\/td><\/tr><tr><td class=\"has-text-align-center\" data-align=\"center\">Alpe d&#8217;Huez<\/td><td class=\"has-text-align-center\" data-align=\"center\">38<\/td><td class=\"has-text-align-center\" data-align=\"center\">fra 16\/03\/26 til 20\/03\/26<\/td><td class=\"has-text-align-center\" data-align=\"center\">40<\/td><td class=\"has-text-align-center\" data-align=\"center\">280<\/td><td class=\"has-text-align-center\" data-align=\"center\">09\/02\/26<\/td><td class=\"has-text-align-center\" data-align=\"center\">27\/02\/26<\/td><\/tr><tr><td class=\"has-text-align-center\" data-align=\"center\">Montgen\u00e8vre<\/td><td class=\"has-text-align-center\" data-align=\"center\">05<\/td><td class=\"has-text-align-center\" data-align=\"center\">fra 23\/03\/26 til 27\/03\/26<\/td><td class=\"has-text-align-center\" data-align=\"center\">40<\/td><td class=\"has-text-align-center\" data-align=\"center\">280<\/td><td class=\"has-text-align-center\" data-align=\"center\">09\/02\/26<\/td><td class=\"has-text-align-center\" data-align=\"center\">27\/02\/26<\/td><\/tr><tr><td class=\"has-text-align-center\" data-align=\"center\">Val Cenis<\/td><td class=\"has-text-align-center\" data-align=\"center\">73<\/td><td class=\"has-text-align-center\" data-align=\"center\">fra 30\/03\/26 til 03\/04\/26<\/td><td class=\"has-text-align-center\" data-align=\"center\">40<\/td><td class=\"has-text-align-center\" data-align=\"center\">280<\/td><td class=\"has-text-align-center\" data-align=\"center\">09\/02\/26<\/td><td class=\"has-text-align-center\" data-align=\"center\">27\/02\/26<\/td><\/tr><tr><td class=\"has-text-align-center\" data-align=\"center\"><a href=\"https:\/\/test-technique-ski.fr\/no\/val-thorens\/\" type=\"page\" id=\"3819\">Val Thorens<\/a><\/td><td class=\"has-text-align-center\" data-align=\"center\">73<\/td><td class=\"has-text-align-center\" data-align=\"center\">fra 20\/04\/26 til 22\/04\/26<\/td><td class=\"has-text-align-center\" data-align=\"center\">40<\/td><td class=\"has-text-align-center\" data-align=\"center\">140<\/td><td class=\"has-text-align-center\" data-align=\"center\">09\/02\/26<\/td><td class=\"has-text-align-center\" data-align=\"center\">27\/02\/26<\/td><\/tr><\/tbody><\/table><figcaption class=\"wp-element-caption\">Kalender med datoer for den tekniske pr\u00f8ven i alpint i Frankrike i 2025-2026<\/figcaption><\/figure>\n\n<div style=\"height:10px\" aria-hidden=\"true\" class=\"wp-block-spacer\"><\/div>\n\n<h2 class=\"wp-block-heading\">Oppl\u00e6ringskurs i teknisk test i Les Menuires  <\/h2>\n\n<p>ESF Academy i Les Menuires arrangerer <a href=\"https:\/\/test-technique-ski.fr\/no\/alpint-teknisk-proveforberedende-kurs\/\">Technical Test-kurs<\/a> p\u00e5 slal\u00e5mstadionet <strong>i Les M\u00e9nuires gjennom hele skisesongen<\/strong>. Disse kursene er med p\u00e5 \u00e5 forberede den <a href=\"https:\/\/test-technique-ski.fr\/no\/test-teknikk-ski-alpin-menuires\/\">tekniske testen i Les Menuires<\/a>, som finner sted fra 5. januar 2026. <\/p>\n","protected":false},"excerpt":{"rendered":"<p>Datoer for den tekniske pr\u00f8ven i alpint i 2026 Her finner du alle datoene for den tekniske pr\u00f8ven i alpint vinteren 2026. De tekniske testene i 2026 vil finne sted i to \u00f8kter: P\u00e5meldinger er kun \u00e5pne i noen f\u00e5 dager p\u00e5 helt bestemte datoer. S\u00f8rg for at du melder deg p\u00e5 den tekniske pr\u00f8ven [&hellip;]<\/p>\n","protected":false},"author":1,"featured_media":0,"parent":0,"menu_order":0,"comment_status":"closed","ping_status":"closed","template":"","meta":{"footnotes":""},"class_list":["post-496","page","type-page","status-publish","hentry"],"yoast_head":"<!-- This site is optimized with the Yoast SEO plugin v27.3 - https:\/\/yoast.com\/product\/yoast-seo-wordpress\/ -->\n<title>Datoer for tekniske tester for alpint<\/title>\n<meta name=\"description\" content=\"Finn ut datoene for de alpine skitekniske testene i Frankrike. Alle registreringsdatoene for \u00e5 ta din tekniske skitest\" \/>\n<meta name=\"robots\" content=\"index, follow, max-snippet:-1, max-image-preview:large, max-video-preview:-1\" \/>\n<link rel=\"canonical\" href=\"https:\/\/test-technique-ski.fr\/no\/teknisk-testdato-for-alpinski\/\" \/>\n<meta property=\"og:locale\" content=\"nb_NO\" \/>\n<meta property=\"og:type\" content=\"article\" \/>\n<meta property=\"og:title\" content=\"Datoer for tekniske tester for alpint\" \/>\n<meta property=\"og:description\" content=\"Finn ut datoene for de alpine skitekniske testene i Frankrike. Alle registreringsdatoene for \u00e5 ta din tekniske skitest\" \/>\n<meta property=\"og:url\" content=\"https:\/\/test-technique-ski.fr\/no\/teknisk-testdato-for-alpinski\/\" \/>\n<meta property=\"og:site_name\" content=\"TEST TECHNIQUE SKI\" \/>\n<meta property=\"article:modified_time\" content=\"2026-02-28T10:21:51+00:00\" \/>\n<meta name=\"twitter:card\" content=\"summary_large_image\" \/>\n<meta name=\"twitter:label1\" content=\"Ansl. lesetid\" \/>\n\t<meta name=\"twitter:data1\" content=\"1 minutt\" \/>\n<script type=\"application\/ld+json\" class=\"yoast-schema-graph\">{\"@context\":\"https:\\\/\\\/schema.org\",\"@graph\":[{\"@type\":\"WebPage\",\"@id\":\"https:\\\/\\\/test-technique-ski.fr\\\/no\\\/teknisk-testdato-for-alpinski\\\/\",\"url\":\"https:\\\/\\\/test-technique-ski.fr\\\/no\\\/teknisk-testdato-for-alpinski\\\/\",\"name\":\"Datoer for tekniske tester for alpint\",\"isPartOf\":{\"@id\":\"https:\\\/\\\/test-technique-ski.fr\\\/no\\\/#website\"},\"datePublished\":\"2023-01-05T13:56:16+00:00\",\"dateModified\":\"2026-02-28T10:21:51+00:00\",\"description\":\"Finn ut datoene for de alpine skitekniske testene i Frankrike. Alle registreringsdatoene for \u00e5 ta din tekniske skitest\",\"inLanguage\":\"nb-NO\",\"potentialAction\":[{\"@type\":\"ReadAction\",\"target\":[\"https:\\\/\\\/test-technique-ski.fr\\\/no\\\/teknisk-testdato-for-alpinski\\\/\"]}]},{\"@type\":\"WebSite\",\"@id\":\"https:\\\/\\\/test-technique-ski.fr\\\/no\\\/#website\",\"url\":\"https:\\\/\\\/test-technique-ski.fr\\\/no\\\/\",\"name\":\"TEST TECHNIQUE SKI\",\"description\":\"\",\"potentialAction\":[{\"@type\":\"SearchAction\",\"target\":{\"@type\":\"EntryPoint\",\"urlTemplate\":\"https:\\\/\\\/test-technique-ski.fr\\\/no\\\/?s={search_term_string}\"},\"query-input\":{\"@type\":\"PropertyValueSpecification\",\"valueRequired\":true,\"valueName\":\"search_term_string\"}}],\"inLanguage\":\"nb-NO\"}]}<\/script>\n<!-- \/ Yoast SEO plugin. -->","yoast_head_json":{"title":"Datoer for tekniske tester for alpint","description":"Finn ut datoene for de alpine skitekniske testene i Frankrike. Alle registreringsdatoene for \u00e5 ta din tekniske skitest","robots":{"index":"index","follow":"follow","max-snippet":"max-snippet:-1","max-image-preview":"max-image-preview:large","max-video-preview":"max-video-preview:-1"},"canonical":"https:\/\/test-technique-ski.fr\/no\/teknisk-testdato-for-alpinski\/","og_locale":"nb_NO","og_type":"article","og_title":"Datoer for tekniske tester for alpint","og_description":"Finn ut datoene for de alpine skitekniske testene i Frankrike. Alle registreringsdatoene for \u00e5 ta din tekniske skitest","og_url":"https:\/\/test-technique-ski.fr\/no\/teknisk-testdato-for-alpinski\/","og_site_name":"TEST TECHNIQUE SKI","article_modified_time":"2026-02-28T10:21:51+00:00","twitter_card":"summary_large_image","twitter_misc":{"Ansl. lesetid":"1 minutt"},"schema":{"@context":"https:\/\/schema.org","@graph":[{"@type":"WebPage","@id":"https:\/\/test-technique-ski.fr\/no\/teknisk-testdato-for-alpinski\/","url":"https:\/\/test-technique-ski.fr\/no\/teknisk-testdato-for-alpinski\/","name":"Datoer for tekniske tester for alpint","isPartOf":{"@id":"https:\/\/test-technique-ski.fr\/no\/#website"},"datePublished":"2023-01-05T13:56:16+00:00","dateModified":"2026-02-28T10:21:51+00:00","description":"Finn ut datoene for de alpine skitekniske testene i Frankrike. Alle registreringsdatoene for \u00e5 ta din tekniske skitest","inLanguage":"nb-NO","potentialAction":[{"@type":"ReadAction","target":["https:\/\/test-technique-ski.fr\/no\/teknisk-testdato-for-alpinski\/"]}]},{"@type":"WebSite","@id":"https:\/\/test-technique-ski.fr\/no\/#website","url":"https:\/\/test-technique-ski.fr\/no\/","name":"TEST TECHNIQUE SKI","description":"","potentialAction":[{"@type":"SearchAction","target":{"@type":"EntryPoint","urlTemplate":"https:\/\/test-technique-ski.fr\/no\/?s={search_term_string}"},"query-input":{"@type":"PropertyValueSpecification","valueRequired":true,"valueName":"search_term_string"}}],"inLanguage":"nb-NO"}]}},"_links":{"self":[{"href":"https:\/\/test-technique-ski.fr\/no\/wp-json\/wp\/v2\/pages\/496","targetHints":{"allow":["GET"]}}],"collection":[{"href":"https:\/\/test-technique-ski.fr\/no\/wp-json\/wp\/v2\/pages"}],"about":[{"href":"https:\/\/test-technique-ski.fr\/no\/wp-json\/wp\/v2\/types\/page"}],"author":[{"embeddable":true,"href":"https:\/\/test-technique-ski.fr\/no\/wp-json\/wp\/v2\/users\/1"}],"replies":[{"embeddable":true,"href":"https:\/\/test-technique-ski.fr\/no\/wp-json\/wp\/v2\/comments?post=496"}],"version-history":[{"count":8,"href":"https:\/\/test-technique-ski.fr\/no\/wp-json\/wp\/v2\/pages\/496\/revisions"}],"predecessor-version":[{"id":3873,"href":"https:\/\/test-technique-ski.fr\/no\/wp-json\/wp\/v2\/pages\/496\/revisions\/3873"}],"wp:attachment":[{"href":"https:\/\/test-technique-ski.fr\/no\/wp-json\/wp\/v2\/media?parent=496"}],"curies":[{"name":"wp","href":"https:\/\/api.w.org\/{rel}","templated":true}]}}