{"id":1379,"date":"2024-01-11T09:21:47","date_gmt":"2024-01-11T09:21:47","guid":{"rendered":"https:\/\/test-technique-ski.fr\/ctt-common-training-test\/"},"modified":"2026-02-28T10:22:33","modified_gmt":"2026-02-28T10:22:33","slug":"ctt-common-training-test-eurotest","status":"publish","type":"page","link":"https:\/\/test-technique-ski.fr\/pt-pt\/ctt-common-training-test-eurotest\/","title":{"rendered":"CTT Common Training Test esqui alpino"},"content":{"rendered":"\n<h1 class=\"wp-block-heading\">CTT Teste de forma\u00e7\u00e3o comum de esqui alpino<\/h1>\n\n<p>Descubra tudo o que precisa de saber sobre o Teste de Treino Comum (TFC): condi\u00e7\u00f5es de inscri\u00e7\u00e3o, datas dos testes e um guia passo a passo para se inscrever no TFC de esqui alpino.<\/p>\n\n<h2 class=\"wp-block-heading\">O que \u00e9 o teste de forma\u00e7\u00e3o comum?<\/h2>\n\n<p>O Teste de Forma\u00e7\u00e3o Comum (TFC) \u00e9 um conjunto de avalia\u00e7\u00f5es concebidas para medir as compet\u00eancias e os conhecimentos dos participantes em v\u00e1rias \u00e1reas, incluindo desportos de inverno como o esqui alpino. Este teste avalia o n\u00edvel dos candidatos para garantir que possuem as qualifica\u00e7\u00f5es necess\u00e1rias para participar em cursos de forma\u00e7\u00e3o ou concursos espec\u00edficos. Os CTT s\u00e3o reconhecidos a n\u00edvel nacional e internacional e oferecem aos participantes uma certifica\u00e7\u00e3o valiosa para a sua carreira desportiva ou profissional.<\/p>\n\n<h2 class=\"wp-block-heading\">Quais s\u00e3o as condi\u00e7\u00f5es de inscri\u00e7\u00e3o nos CTT?<\/h2>\n\n<p>Para se inscreverem num teste comum de forma\u00e7\u00e3o, os candidatos devem preencher um certo n\u00famero de condi\u00e7\u00f5es, que podem variar consoante o tipo de teste. As condi\u00e7\u00f5es incluem:<\/p>\n\n<ul class=\"wp-block-list\">\n<li>Ter atingido uma idade m\u00ednima espec\u00edfica (frequentemente 16 anos ou mais).<\/li>\n\n\n\n<li>Possuir um n\u00edvel pr\u00e9vio de compet\u00eancias ou de forma\u00e7\u00e3o no dom\u00ednio em causa.<\/li>\n\n\n\n<li>Apresentar um atestado m\u00e9dico que comprove a sua capacidade para praticar o desporto em quest\u00e3o.<\/li>\n\n\n\n<li>Pagar a taxa de inscri\u00e7\u00e3o no teste.<\/li>\n<\/ul>\n\n<p>\u00c9 fundamental verificar as condi\u00e7\u00f5es espec\u00edficas do CTT em que se pretende inscrever, uma vez que estas podem variar.<\/p>\n\n<h2 class=\"wp-block-heading\">Quais s\u00e3o as datas da prova t\u00e9cnica dos CTT em 2026?<\/h2>\n\n<p>Eis as primeiras datas publicadas pelo GEPAFO Montagne para a 1.\u00aa sess\u00e3o de 2025-2026:<\/p>\n\n<figure class=\"wp-block-table\"><table><tbody><tr><td class=\"has-text-align-center\" data-align=\"center\">Localiza\u00e7\u00e3o<\/td><td class=\"has-text-align-center\" data-align=\"center\">Dep.<\/td><td class=\"has-text-align-center\" data-align=\"center\">Datas dos testes<\/td><td class=\"has-text-align-center\" data-align=\"center\">Registado min.<\/td><td class=\"has-text-align-center\" data-align=\"center\">N\u00famero m\u00e1ximo de registos<\/td><td class=\"has-text-align-center\" data-align=\"center\">Data de abertura do registo<\/td><td class=\"has-text-align-center\" data-align=\"center\">Data-limite de inscri\u00e7\u00e3o<\/td><\/tr><tr><td class=\"has-text-align-center\" data-align=\"center\">L&#8217;Alpe d&#8217;Huez<\/td><td class=\"has-text-align-center\" data-align=\"center\">38<\/td><td class=\"has-text-align-center\" data-align=\"center\">18\/12\/2025 a 20\/12\/2025<\/td><td class=\"has-text-align-center\" data-align=\"center\">40<\/td><td class=\"has-text-align-center\" data-align=\"center\">180<\/td><td class=\"has-text-align-center\" data-align=\"center\">13\/10\/2025<\/td><td class=\"has-text-align-center\" data-align=\"center\">21\/11\/2025<\/td><\/tr><tr><td class=\"has-text-align-center\" data-align=\"center\">Morzine<\/td><td class=\"has-text-align-center\" data-align=\"center\">74<\/td><td class=\"has-text-align-center\" data-align=\"center\">12\/01\/2026 a 14\/01\/2026<\/td><td class=\"has-text-align-center\" data-align=\"center\">40<\/td><td class=\"has-text-align-center\" data-align=\"center\">180<\/td><td class=\"has-text-align-center\" data-align=\"center\">13\/10\/2025<\/td><td class=\"has-text-align-center\" data-align=\"center\">21\/11\/2025<\/td><\/tr><tr><td class=\"has-text-align-center\" data-align=\"center\"><a href=\"https:\/\/test-technique-ski.fr\/pt-pt\/teste-tecnica-ski-alpin-menuires\/\">Les Menuires<\/a><\/td><td class=\"has-text-align-center\" data-align=\"center\">73<\/td><td class=\"has-text-align-center\" data-align=\"center\">22\/01\/2026 a 24\/01\/2026<\/td><td class=\"has-text-align-center\" data-align=\"center\">40<\/td><td class=\"has-text-align-center\" data-align=\"center\">180<\/td><td class=\"has-text-align-center\" data-align=\"center\">13\/10\/2025<\/td><td class=\"has-text-align-center\" data-align=\"center\">21\/11\/2025<\/td><\/tr><tr><td class=\"has-text-align-center\" data-align=\"center\">Santo: Lary Soulan<\/td><td class=\"has-text-align-center\" data-align=\"center\">65<\/td><td class=\"has-text-align-center\" data-align=\"center\">02\/02\/2026 a 03\/02\/2026<\/td><td class=\"has-text-align-center\" data-align=\"center\">40<\/td><td class=\"has-text-align-center\" data-align=\"center\">90<\/td><td class=\"has-text-align-center\" data-align=\"center\">13\/10\/2025<\/td><td class=\"has-text-align-center\" data-align=\"center\">21\/11\/2025<\/td><\/tr><tr><td class=\"has-text-align-center\" data-align=\"center\">Serre Chevalier<\/td><td class=\"has-text-align-center\" data-align=\"center\">06<\/td><td class=\"has-text-align-center\" data-align=\"center\">04\/02\/2026 a 06\/02\/2026<\/td><td class=\"has-text-align-center\" data-align=\"center\">40<\/td><td class=\"has-text-align-center\" data-align=\"center\">180<\/td><td class=\"has-text-align-center\" data-align=\"center\">13\/10\/2025<\/td><td class=\"has-text-align-center\" data-align=\"center\">21\/11\/2025<\/td><\/tr><tr><td class=\"has-text-align-center\" data-align=\"center\">Santo: Lary Soulan<\/td><td class=\"has-text-align-center\" data-align=\"center\">65<\/td><td class=\"has-text-align-center\" data-align=\"center\">17\/03\/2026 a 18\/03\/2026<\/td><td class=\"has-text-align-center\" data-align=\"center\">40<\/td><td class=\"has-text-align-center\" data-align=\"center\">90<\/td><td class=\"has-text-align-center\" data-align=\"center\">  09\/02\/2026<\/td><td class=\"has-text-align-center\" data-align=\"center\">  27\/02\/2026<\/td><\/tr><tr><td class=\"has-text-align-center\" data-align=\"center\">Auron<\/td><td class=\"has-text-align-center\" data-align=\"center\">06<\/td><td class=\"has-text-align-center\" data-align=\"center\">19\/03\/2026 a 20\/03\/2026<\/td><td class=\"has-text-align-center\" data-align=\"center\">40<\/td><td class=\"has-text-align-center\" data-align=\"center\">90<\/td><td class=\"has-text-align-center\" data-align=\"center\">  09\/02\/2026<\/td><td class=\"has-text-align-center\" data-align=\"center\">  27\/02\/2026<\/td><\/tr><tr><td class=\"has-text-align-center\" data-align=\"center\">L&#8217;Alpe d&#8217;Huez<\/td><td class=\"has-text-align-center\" data-align=\"center\">38<\/td><td class=\"has-text-align-center\" data-align=\"center\">30\/03\/2026 a 03\/04\/2026<\/td><td class=\"has-text-align-center\" data-align=\"center\">40<\/td><td class=\"has-text-align-center\" data-align=\"center\">360<\/td><td class=\"has-text-align-center\" data-align=\"center\">  09\/02\/2026<\/td><td class=\"has-text-align-center\" data-align=\"center\">  27\/02\/2026<\/td><\/tr><tr><td class=\"has-text-align-center\" data-align=\"center\"><a href=\"https:\/\/test-technique-ski.fr\/pt-pt\/val-thorens\/\" type=\"page\" id=\"3819\">Val Thorens<\/a><\/td><td class=\"has-text-align-center\" data-align=\"center\">73<\/td><td class=\"has-text-align-center\" data-align=\"center\">23\/04\/2026 a 25\/04\/2026<\/td><td class=\"has-text-align-center\" data-align=\"center\">40<\/td><td class=\"has-text-align-center\" data-align=\"center\">180<\/td><td class=\"has-text-align-center\" data-align=\"center\">  09\/02\/2026<\/td><td class=\"has-text-align-center\" data-align=\"center\">  27\/02\/2026<\/td><\/tr><\/tbody><\/table><figcaption class=\"wp-element-caption\">Calend\u00e1rio de datas para o ensaio t\u00e9cnico do C.T.T. em Fran\u00e7a em 2026<\/figcaption><\/figure>\n\n<h2 class=\"wp-block-heading\">Curso de forma\u00e7\u00e3o nos CTT em Les Menuires<\/h2>\n\n<p>A Academia ESF de Menuires organizou um <a href=\"https:\/\/test-technique-ski.fr\/pt-pt\/curso-de-preparacao-para-provas-tecnicas-de-esqui-alpino\/\">curso de forma\u00e7\u00e3o para a Prova T\u00e9cnica<\/a> CTT no Est\u00e1dio <strong>de<\/strong> Slalom <strong>de Les M\u00e9nuires de 12 a 22 de janeiro de 2026<\/strong>. Este curso serviu de prepara\u00e7\u00e3o para a Prova T\u00e9cnica CTT em Les Menuires, que se realizou de 22 a 24 de janeiro de 2026. <\/p>\n\n<p>Para participar no curso, contacta <strong>Nicolas Flage<\/strong> atrav\u00e9s do <a href=\"tel:+33625690113\">n\u00famero 06 25 69 01 13<\/a>.<\/p>\n\n<div style=\"height:30px\" aria-hidden=\"true\" class=\"wp-block-spacer\"><\/div>\n\n<h2 class=\"wp-block-heading\">Como \u00e9 que me inscrevo num CTT de esqui alpino?<\/h2>\n\n<p>Para se inscrever num CTT, siga estes passos:<\/p>\n\n<ol class=\"wp-block-list\">\n<li><strong>Visite o s\u00edtio oficial:<\/strong> Comece por visitar o s\u00edtio oficial dos organizadores dos CTT de esqui alpino.<\/li>\n\n\n\n<li><strong>Consultar as condi\u00e7\u00f5es de inscri\u00e7\u00e3o:<\/strong> Certifique-se de que preenche todas as condi\u00e7\u00f5es exigidas para a inscri\u00e7\u00e3o.<\/li>\n\n\n\n<li><strong>Escolha a data:<\/strong> seleccione a data que mais lhe conv\u00e9m de entre as propostas para o TFC de esqui alpino.<\/li>\n\n\n\n<li>Preencher o formul\u00e1rio de <strong>inscri\u00e7\u00e3o:<\/strong> Preencher o formul\u00e1rio em linha com todas as informa\u00e7\u00f5es solicitadas.<\/li>\n\n\n\n<li><strong>Pagar a taxa de inscri\u00e7\u00e3o:<\/strong> Efectue o pagamento para finalizar a sua inscri\u00e7\u00e3o no teste.<\/li>\n\n\n\n<li>Prepara-te <strong>para o teste:<\/strong> Prepara-te adequadamente para passares no teu CTT de esqui alpino.<\/li>\n<\/ol>\n\n<p>Certifique-se de que segue todas as instru\u00e7\u00f5es fornecidas pela organiza\u00e7\u00e3o para se inscrever com \u00eaxito e se preparar adequadamente para o teste.<\/p>\n","protected":false},"excerpt":{"rendered":"<p>CTT Teste de forma\u00e7\u00e3o comum de esqui alpino Descubra tudo o que precisa de saber sobre o Teste de Treino Comum (TFC): condi\u00e7\u00f5es de inscri\u00e7\u00e3o, datas dos testes e um guia passo a passo para se inscrever no TFC de esqui alpino. O que \u00e9 o teste de forma\u00e7\u00e3o comum? O Teste de Forma\u00e7\u00e3o Comum [&hellip;]<\/p>\n","protected":false},"author":1,"featured_media":0,"parent":0,"menu_order":0,"comment_status":"closed","ping_status":"closed","template":"","meta":{"footnotes":""},"class_list":["post-1379","page","type-page","status-publish","hentry"],"yoast_head":"<!-- This site is optimized with the Yoast SEO plugin v27.3 - https:\/\/yoast.com\/product\/yoast-seo-wordpress\/ -->\n<title>CTT Common Training Test esqui alpino - TEST TECHNIQUE SKI<\/title>\n<meta name=\"description\" content=\"O Eurotest \u00e9 atualmente designado por Teste de Forma\u00e7\u00e3o Comum. Permite a v\u00e1rios pa\u00edses europeus organizarem uma prova t\u00e9cnica de esqui alpino.\" \/>\n<meta name=\"robots\" content=\"index, follow, max-snippet:-1, max-image-preview:large, max-video-preview:-1\" \/>\n<link rel=\"canonical\" href=\"https:\/\/test-technique-ski.fr\/pt-pt\/ctt-common-training-test-eurotest\/\" \/>\n<meta property=\"og:locale\" content=\"pt_PT\" \/>\n<meta property=\"og:type\" content=\"article\" \/>\n<meta property=\"og:title\" content=\"CTT Common Training Test esqui alpino - TEST TECHNIQUE SKI\" \/>\n<meta property=\"og:description\" content=\"O Eurotest \u00e9 atualmente designado por Teste de Forma\u00e7\u00e3o Comum. Permite a v\u00e1rios pa\u00edses europeus organizarem uma prova t\u00e9cnica de esqui alpino.\" \/>\n<meta property=\"og:url\" content=\"https:\/\/test-technique-ski.fr\/pt-pt\/ctt-common-training-test-eurotest\/\" \/>\n<meta property=\"og:site_name\" content=\"TEST TECHNIQUE SKI\" \/>\n<meta property=\"article:modified_time\" content=\"2026-02-28T10:22:33+00:00\" \/>\n<meta name=\"twitter:card\" content=\"summary_large_image\" \/>\n<meta name=\"twitter:label1\" content=\"Tempo estimado de leitura\" \/>\n\t<meta name=\"twitter:data1\" content=\"3 minutos\" \/>\n<script type=\"application\/ld+json\" class=\"yoast-schema-graph\">{\"@context\":\"https:\\\/\\\/schema.org\",\"@graph\":[{\"@type\":\"WebPage\",\"@id\":\"https:\\\/\\\/test-technique-ski.fr\\\/pt-pt\\\/ctt-common-training-test-eurotest\\\/\",\"url\":\"https:\\\/\\\/test-technique-ski.fr\\\/pt-pt\\\/ctt-common-training-test-eurotest\\\/\",\"name\":\"CTT Common Training Test esqui alpino - TEST TECHNIQUE SKI\",\"isPartOf\":{\"@id\":\"https:\\\/\\\/test-technique-ski.fr\\\/pt-pt\\\/#website\"},\"datePublished\":\"2024-01-11T09:21:47+00:00\",\"dateModified\":\"2026-02-28T10:22:33+00:00\",\"description\":\"O Eurotest \u00e9 atualmente designado por Teste de Forma\u00e7\u00e3o Comum. Permite a v\u00e1rios pa\u00edses europeus organizarem uma prova t\u00e9cnica de esqui alpino.\",\"inLanguage\":\"pt-PT\",\"potentialAction\":[{\"@type\":\"ReadAction\",\"target\":[\"https:\\\/\\\/test-technique-ski.fr\\\/pt-pt\\\/ctt-common-training-test-eurotest\\\/\"]}]},{\"@type\":\"WebSite\",\"@id\":\"https:\\\/\\\/test-technique-ski.fr\\\/pt-pt\\\/#website\",\"url\":\"https:\\\/\\\/test-technique-ski.fr\\\/pt-pt\\\/\",\"name\":\"TEST TECHNIQUE SKI\",\"description\":\"\",\"potentialAction\":[{\"@type\":\"SearchAction\",\"target\":{\"@type\":\"EntryPoint\",\"urlTemplate\":\"https:\\\/\\\/test-technique-ski.fr\\\/pt-pt\\\/?s={search_term_string}\"},\"query-input\":{\"@type\":\"PropertyValueSpecification\",\"valueRequired\":true,\"valueName\":\"search_term_string\"}}],\"inLanguage\":\"pt-PT\"}]}<\/script>\n<!-- \/ Yoast SEO plugin. -->","yoast_head_json":{"title":"CTT Common Training Test esqui alpino - TEST TECHNIQUE SKI","description":"O Eurotest \u00e9 atualmente designado por Teste de Forma\u00e7\u00e3o Comum. Permite a v\u00e1rios pa\u00edses europeus organizarem uma prova t\u00e9cnica de esqui alpino.","robots":{"index":"index","follow":"follow","max-snippet":"max-snippet:-1","max-image-preview":"max-image-preview:large","max-video-preview":"max-video-preview:-1"},"canonical":"https:\/\/test-technique-ski.fr\/pt-pt\/ctt-common-training-test-eurotest\/","og_locale":"pt_PT","og_type":"article","og_title":"CTT Common Training Test esqui alpino - TEST TECHNIQUE SKI","og_description":"O Eurotest \u00e9 atualmente designado por Teste de Forma\u00e7\u00e3o Comum. Permite a v\u00e1rios pa\u00edses europeus organizarem uma prova t\u00e9cnica de esqui alpino.","og_url":"https:\/\/test-technique-ski.fr\/pt-pt\/ctt-common-training-test-eurotest\/","og_site_name":"TEST TECHNIQUE SKI","article_modified_time":"2026-02-28T10:22:33+00:00","twitter_card":"summary_large_image","twitter_misc":{"Tempo estimado de leitura":"3 minutos"},"schema":{"@context":"https:\/\/schema.org","@graph":[{"@type":"WebPage","@id":"https:\/\/test-technique-ski.fr\/pt-pt\/ctt-common-training-test-eurotest\/","url":"https:\/\/test-technique-ski.fr\/pt-pt\/ctt-common-training-test-eurotest\/","name":"CTT Common Training Test esqui alpino - TEST TECHNIQUE SKI","isPartOf":{"@id":"https:\/\/test-technique-ski.fr\/pt-pt\/#website"},"datePublished":"2024-01-11T09:21:47+00:00","dateModified":"2026-02-28T10:22:33+00:00","description":"O Eurotest \u00e9 atualmente designado por Teste de Forma\u00e7\u00e3o Comum. Permite a v\u00e1rios pa\u00edses europeus organizarem uma prova t\u00e9cnica de esqui alpino.","inLanguage":"pt-PT","potentialAction":[{"@type":"ReadAction","target":["https:\/\/test-technique-ski.fr\/pt-pt\/ctt-common-training-test-eurotest\/"]}]},{"@type":"WebSite","@id":"https:\/\/test-technique-ski.fr\/pt-pt\/#website","url":"https:\/\/test-technique-ski.fr\/pt-pt\/","name":"TEST TECHNIQUE SKI","description":"","potentialAction":[{"@type":"SearchAction","target":{"@type":"EntryPoint","urlTemplate":"https:\/\/test-technique-ski.fr\/pt-pt\/?s={search_term_string}"},"query-input":{"@type":"PropertyValueSpecification","valueRequired":true,"valueName":"search_term_string"}}],"inLanguage":"pt-PT"}]}},"_links":{"self":[{"href":"https:\/\/test-technique-ski.fr\/pt-pt\/wp-json\/wp\/v2\/pages\/1379","targetHints":{"allow":["GET"]}}],"collection":[{"href":"https:\/\/test-technique-ski.fr\/pt-pt\/wp-json\/wp\/v2\/pages"}],"about":[{"href":"https:\/\/test-technique-ski.fr\/pt-pt\/wp-json\/wp\/v2\/types\/page"}],"author":[{"embeddable":true,"href":"https:\/\/test-technique-ski.fr\/pt-pt\/wp-json\/wp\/v2\/users\/1"}],"replies":[{"embeddable":true,"href":"https:\/\/test-technique-ski.fr\/pt-pt\/wp-json\/wp\/v2\/comments?post=1379"}],"version-history":[{"count":8,"href":"https:\/\/test-technique-ski.fr\/pt-pt\/wp-json\/wp\/v2\/pages\/1379\/revisions"}],"predecessor-version":[{"id":3882,"href":"https:\/\/test-technique-ski.fr\/pt-pt\/wp-json\/wp\/v2\/pages\/1379\/revisions\/3882"}],"wp:attachment":[{"href":"https:\/\/test-technique-ski.fr\/pt-pt\/wp-json\/wp\/v2\/media?parent=1379"}],"curies":[{"name":"wp","href":"https:\/\/api.w.org\/{rel}","templated":true}]}}