{"id":516,"date":"2023-01-05T13:56:16","date_gmt":"2023-01-05T13:56:16","guid":{"rendered":"https:\/\/test-technique-ski.fr\/datas-teste-tecnologia-ski-alpin\/"},"modified":"2026-02-28T10:21:51","modified_gmt":"2026-02-28T10:21:51","slug":"data-do-teste-tecnico-de-esqui-alpino","status":"publish","type":"page","link":"https:\/\/test-technique-ski.fr\/pt-pt\/data-do-teste-tecnico-de-esqui-alpino\/","title":{"rendered":"Datas Prova t\u00e9cnica de esqui alpino"},"content":{"rendered":"\n<h1 class=\"wp-block-heading\">Datas para a Prova T\u00e9cnica de Esqui Alpino em 2026<\/h1>\n\n<p>Descobre todas as datas para a <a href=\"https:\/\/test-technique-ski.fr\/pt-pt\/\">Prova T\u00e9cnica de Esqui<\/a> Alpino no inverno de 2026.<\/p>\n\n<p><strong>As provas t\u00e9cnicas de 2026 realizar-se-\u00e3o em duas sess\u00f5es:<\/strong><\/p>\n\n<ul class=\"wp-block-list\">\n<li>A primeira sess\u00e3o decorre de 15 de dezembro a 7 de fevereiro de 2026.<\/li>\n\n\n\n<li>A segunda sess\u00e3o decorre de 9 de mar\u00e7o a 22 de abril de 2026.<\/li>\n<\/ul>\n\n<div style=\"height:10px\" aria-hidden=\"true\" class=\"wp-block-spacer\"><\/div>\n\n<p>As inscri\u00e7\u00f5es s\u00f3 est\u00e3o abertas durante alguns dias, em datas muito espec\u00edficas. N\u00e3o te esque\u00e7as de te <a href=\"https:\/\/test-technique-ski.fr\/pt-pt\/registo-tecnico-teste-ski\/\">inscrever na prova t\u00e9cnica<\/a> com bastante anteced\u00eancia para n\u00e3o perderes a data escolhida.  <\/p>\n\n<p>As primeiras datas dispon\u00edveis para a 1\u00aa sess\u00e3o 2025-2026 da Prova T\u00e9cnica de Esqui Alpino ser\u00e3o apresentadas abaixo, assim que forem oficialmente publicadas.<\/p>\n\n<div style=\"height:10px\" aria-hidden=\"true\" class=\"wp-block-spacer\"><\/div>\n\n<h2 class=\"wp-block-heading\">Datas das provas t\u00e9cnicas de esqui alpino de 2026<\/h2>\n\n<p>As datas s\u00e3o publicadas pelo GEPAFO Montagne para as 2 sess\u00f5es 2025-2026 :<\/p>\n\n<figure class=\"wp-block-table\"><table><tbody><tr><td class=\"has-text-align-center\" data-align=\"center\">Localiza\u00e7\u00e3o<\/td><td class=\"has-text-align-center\" data-align=\"center\">Dep.<\/td><td class=\"has-text-align-center\" data-align=\"center\">Datas dos testes<\/td><td class=\"has-text-align-center\" data-align=\"center\">Registado min.<\/td><td class=\"has-text-align-center\" data-align=\"center\">N\u00famero m\u00e1ximo de registos<\/td><td class=\"has-text-align-center\" data-align=\"center\">Data de abertura do registo<\/td><td class=\"has-text-align-center\" data-align=\"center\">Data-limite de inscri\u00e7\u00e3o<\/td><\/tr><tr><td class=\"has-text-align-center\" data-align=\"center\">Val Thorens<\/td><td class=\"has-text-align-center\" data-align=\"center\">73<\/td><td class=\"has-text-align-center\" data-align=\"center\">de 15\/12\/25 a 17\/12\/25<\/td><td class=\"has-text-align-center\" data-align=\"center\">40<\/td><td class=\"has-text-align-center\" data-align=\"center\">140<\/td><td class=\"has-text-align-center\" data-align=\"center\">13\/10\/25<\/td><td class=\"has-text-align-center\" data-align=\"center\">21\/11\/25<\/td><\/tr><tr><td class=\"has-text-align-center\" data-align=\"center\"><a href=\"https:\/\/test-technique-ski.fr\/pt-pt\/teste-tecnica-ski-alpin-menuires\/\">Les Menuires<\/a><\/td><td class=\"has-text-align-center\" data-align=\"center\">73<\/td><td class=\"has-text-align-center\" data-align=\"center\">de 05\/01\/26 a 09\/01\/26<\/td><td class=\"has-text-align-center\" data-align=\"center\">40<\/td><td class=\"has-text-align-center\" data-align=\"center\">280<\/td><td class=\"has-text-align-center\" data-align=\"center\">13\/10\/25<\/td><td class=\"has-text-align-center\" data-align=\"center\">21\/11\/25<\/td><\/tr><tr><td class=\"has-text-align-center\" data-align=\"center\">Font Romeu<\/td><td class=\"has-text-align-center\" data-align=\"center\">73<\/td><td class=\"has-text-align-center\" data-align=\"center\">de 06\/01\/26 a 08\/01\/26<\/td><td class=\"has-text-align-center\" data-align=\"center\">40<\/td><td class=\"has-text-align-center\" data-align=\"center\">140<\/td><td class=\"has-text-align-center\" data-align=\"center\">13\/10\/25<\/td><td class=\"has-text-align-center\" data-align=\"center\">21\/11\/25<\/td><\/tr><tr><td class=\"has-text-align-center\" data-align=\"center\">O Sauze<\/td><td class=\"has-text-align-center\" data-align=\"center\">04<\/td><td class=\"has-text-align-center\" data-align=\"center\">de 12\/01\/26 a 14\/01\/26<\/td><td class=\"has-text-align-center\" data-align=\"center\">40<\/td><td class=\"has-text-align-center\" data-align=\"center\">140<\/td><td class=\"has-text-align-center\" data-align=\"center\">13\/10\/25<\/td><td class=\"has-text-align-center\" data-align=\"center\">21\/11\/25<\/td><\/tr><tr><td class=\"has-text-align-center\" data-align=\"center\">Isola 2000<\/td><td class=\"has-text-align-center\" data-align=\"center\">06<\/td><td class=\"has-text-align-center\" data-align=\"center\">de 15\/01\/26 a 17\/01\/26<\/td><td class=\"has-text-align-center\" data-align=\"center\">40<\/td><td class=\"has-text-align-center\" data-align=\"center\">140<\/td><td class=\"has-text-align-center\" data-align=\"center\">13\/10\/25<\/td><td class=\"has-text-align-center\" data-align=\"center\">21\/11\/25<\/td><\/tr><tr><td class=\"has-text-align-center\" data-align=\"center\">O Grande Nascimento<\/td><td class=\"has-text-align-center\" data-align=\"center\">74<\/td><td class=\"has-text-align-center\" data-align=\"center\">de 19\/01\/26 a 23\/01\/26<\/td><td class=\"has-text-align-center\" data-align=\"center\">40<\/td><td class=\"has-text-align-center\" data-align=\"center\">280<\/td><td class=\"has-text-align-center\" data-align=\"center\">13\/10\/25<\/td><td class=\"has-text-align-center\" data-align=\"center\">21\/11\/25<\/td><\/tr><tr><td class=\"has-text-align-center\" data-align=\"center\">L&#8217;Alpe d&#8217;Huez<\/td><td class=\"has-text-align-center\" data-align=\"center\">38<\/td><td class=\"has-text-align-center\" data-align=\"center\">de 26\/01\/26 a 30\/01\/26<\/td><td class=\"has-text-align-center\" data-align=\"center\">40<\/td><td class=\"has-text-align-center\" data-align=\"center\">280<\/td><td class=\"has-text-align-center\" data-align=\"center\">13\/10\/25<\/td><td class=\"has-text-align-center\" data-align=\"center\">21\/11\/25<\/td><\/tr><tr><td class=\"has-text-align-center\" data-align=\"center\">Markstein<\/td><td class=\"has-text-align-center\" data-align=\"center\">68<\/td><td class=\"has-text-align-center\" data-align=\"center\">de 02\/02\/26 a 03\/02\/26<\/td><td class=\"has-text-align-center\" data-align=\"center\">40<\/td><td class=\"has-text-align-center\" data-align=\"center\">70<\/td><td class=\"has-text-align-center\" data-align=\"center\">13\/10\/25<\/td><td class=\"has-text-align-center\" data-align=\"center\">21\/11\/25<\/td><\/tr><tr><td class=\"has-text-align-center\" data-align=\"center\">Lelex<\/td><td class=\"has-text-align-center\" data-align=\"center\">01<\/td><td class=\"has-text-align-center\" data-align=\"center\">de 04\/02\/26 a 05\/02\/26<\/td><td class=\"has-text-align-center\" data-align=\"center\">40<\/td><td class=\"has-text-align-center\" data-align=\"center\">70<\/td><td class=\"has-text-align-center\" data-align=\"center\">13\/10\/25<\/td><td class=\"has-text-align-center\" data-align=\"center\">21\/11\/25<\/td><\/tr><tr><td class=\"has-text-align-center\" data-align=\"center\">Superbesse<\/td><td class=\"has-text-align-center\" data-align=\"center\">63<\/td><td class=\"has-text-align-center\" data-align=\"center\">de 06\/02\/26 a 07\/02\/26<\/td><td class=\"has-text-align-center\" data-align=\"center\">40<\/td><td class=\"has-text-align-center\" data-align=\"center\">70<\/td><td class=\"has-text-align-center\" data-align=\"center\">13\/10\/25<\/td><td class=\"has-text-align-center\" data-align=\"center\">21\/11\/25<\/td><\/tr><tr><td class=\"has-text-align-center\" data-align=\"center\">Peyragudes<\/td><td class=\"has-text-align-center\" data-align=\"center\">65<\/td><td class=\"has-text-align-center\" data-align=\"center\">de 09\/03\/26 a 11\/03\/26<\/td><td class=\"has-text-align-center\" data-align=\"center\">40<\/td><td class=\"has-text-align-center\" data-align=\"center\">140<\/td><td class=\"has-text-align-center\" data-align=\"center\">09\/02\/26<\/td><td class=\"has-text-align-center\" data-align=\"center\">27\/02\/26<\/td><\/tr><tr><td class=\"has-text-align-center\" data-align=\"center\">Morzine<\/td><td class=\"has-text-align-center\" data-align=\"center\">74<\/td><td class=\"has-text-align-center\" data-align=\"center\">de 09\/03\/26 a 13\/03\/26<\/td><td class=\"has-text-align-center\" data-align=\"center\">40<\/td><td class=\"has-text-align-center\" data-align=\"center\">280<\/td><td class=\"has-text-align-center\" data-align=\"center\">09\/02\/26<\/td><td class=\"has-text-align-center\" data-align=\"center\">27\/02\/26<\/td><\/tr><tr><td class=\"has-text-align-center\" data-align=\"center\">L&#8217;Alpe d&#8217;Huez<\/td><td class=\"has-text-align-center\" data-align=\"center\">38<\/td><td class=\"has-text-align-center\" data-align=\"center\">de 16\/03\/26 a 20\/03\/26<\/td><td class=\"has-text-align-center\" data-align=\"center\">40<\/td><td class=\"has-text-align-center\" data-align=\"center\">280<\/td><td class=\"has-text-align-center\" data-align=\"center\">09\/02\/26<\/td><td class=\"has-text-align-center\" data-align=\"center\">27\/02\/26<\/td><\/tr><tr><td class=\"has-text-align-center\" data-align=\"center\">Montgen\u00e8vre<\/td><td class=\"has-text-align-center\" data-align=\"center\">05<\/td><td class=\"has-text-align-center\" data-align=\"center\">de 23\/03\/26 a 27\/03\/26<\/td><td class=\"has-text-align-center\" data-align=\"center\">40<\/td><td class=\"has-text-align-center\" data-align=\"center\">280<\/td><td class=\"has-text-align-center\" data-align=\"center\">09\/02\/26<\/td><td class=\"has-text-align-center\" data-align=\"center\">27\/02\/26<\/td><\/tr><tr><td class=\"has-text-align-center\" data-align=\"center\">Val Cenis<\/td><td class=\"has-text-align-center\" data-align=\"center\">73<\/td><td class=\"has-text-align-center\" data-align=\"center\">de 30\/03\/26 a 03\/04\/26<\/td><td class=\"has-text-align-center\" data-align=\"center\">40<\/td><td class=\"has-text-align-center\" data-align=\"center\">280<\/td><td class=\"has-text-align-center\" data-align=\"center\">09\/02\/26<\/td><td class=\"has-text-align-center\" data-align=\"center\">27\/02\/26<\/td><\/tr><tr><td class=\"has-text-align-center\" data-align=\"center\"><a href=\"https:\/\/test-technique-ski.fr\/pt-pt\/val-thorens\/\" type=\"page\" id=\"3819\">Val Thorens<\/a><\/td><td class=\"has-text-align-center\" data-align=\"center\">73<\/td><td class=\"has-text-align-center\" data-align=\"center\">de 20\/04\/26 a 22\/04\/26<\/td><td class=\"has-text-align-center\" data-align=\"center\">40<\/td><td class=\"has-text-align-center\" data-align=\"center\">140<\/td><td class=\"has-text-align-center\" data-align=\"center\">09\/02\/26<\/td><td class=\"has-text-align-center\" data-align=\"center\">27\/02\/26<\/td><\/tr><\/tbody><\/table><figcaption class=\"wp-element-caption\">Calend\u00e1rio de datas para a Prova T\u00e9cnica de Esqui Alpino em Fran\u00e7a em 2025-2026<\/figcaption><\/figure>\n\n<div style=\"height:10px\" aria-hidden=\"true\" class=\"wp-block-spacer\"><\/div>\n\n<h2 class=\"wp-block-heading\">Curso de forma\u00e7\u00e3o Teste T\u00e9cnico em Les Menuires  <\/h2>\n\n<p>A Academia ESF de Les Menuires organiza <a href=\"https:\/\/test-technique-ski.fr\/pt-pt\/curso-de-preparacao-para-provas-tecnicas-de-esqui-alpino\/\">cursos de forma\u00e7\u00e3o para a Prova T\u00e9cnica<\/a> no Est\u00e1dio de Slalom <strong>de Les M\u00e9nuires durante toda a \u00e9poca de esqui<\/strong>. Estes cursos ajudam a preparar a <a href=\"https:\/\/test-technique-ski.fr\/pt-pt\/teste-tecnica-ski-alpin-menuires\/\">Prova T\u00e9cnica de Les Menuires<\/a>, que ter\u00e1 lugar a partir de 5 de janeiro de 2026. <\/p>\n","protected":false},"excerpt":{"rendered":"<p>Datas para a Prova T\u00e9cnica de Esqui Alpino em 2026 Descobre todas as datas para a Prova T\u00e9cnica de Esqui Alpino no inverno de 2026. As provas t\u00e9cnicas de 2026 realizar-se-\u00e3o em duas sess\u00f5es: As inscri\u00e7\u00f5es s\u00f3 est\u00e3o abertas durante alguns dias, em datas muito espec\u00edficas. N\u00e3o te esque\u00e7as de te inscrever na prova t\u00e9cnica [&hellip;]<\/p>\n","protected":false},"author":1,"featured_media":0,"parent":0,"menu_order":0,"comment_status":"closed","ping_status":"closed","template":"","meta":{"footnotes":""},"class_list":["post-516","page","type-page","status-publish","hentry"],"yoast_head":"<!-- This site is optimized with the Yoast SEO plugin v27.3 - https:\/\/yoast.com\/product\/yoast-seo-wordpress\/ -->\n<title>Datas Prova t\u00e9cnica de esqui alpino<\/title>\n<meta name=\"description\" content=\"Descubra as datas dos testes t\u00e9cnicos em Fran\u00e7a. Todas as datas de inscri\u00e7\u00e3o para fazer o seu teste t\u00e9cnico de esqui\" \/>\n<meta name=\"robots\" content=\"index, follow, max-snippet:-1, max-image-preview:large, max-video-preview:-1\" \/>\n<link rel=\"canonical\" href=\"https:\/\/test-technique-ski.fr\/pt-pt\/data-do-teste-tecnico-de-esqui-alpino\/\" \/>\n<meta property=\"og:locale\" content=\"pt_PT\" \/>\n<meta property=\"og:type\" content=\"article\" \/>\n<meta property=\"og:title\" content=\"Datas Prova t\u00e9cnica de esqui alpino\" \/>\n<meta property=\"og:description\" content=\"Descubra as datas dos testes t\u00e9cnicos em Fran\u00e7a. Todas as datas de inscri\u00e7\u00e3o para fazer o seu teste t\u00e9cnico de esqui\" \/>\n<meta property=\"og:url\" content=\"https:\/\/test-technique-ski.fr\/pt-pt\/data-do-teste-tecnico-de-esqui-alpino\/\" \/>\n<meta property=\"og:site_name\" content=\"TEST TECHNIQUE SKI\" \/>\n<meta property=\"article:modified_time\" content=\"2026-02-28T10:21:51+00:00\" \/>\n<meta name=\"twitter:card\" content=\"summary_large_image\" \/>\n<meta name=\"twitter:label1\" content=\"Tempo estimado de leitura\" \/>\n\t<meta name=\"twitter:data1\" content=\"2 minutos\" \/>\n<script type=\"application\/ld+json\" class=\"yoast-schema-graph\">{\"@context\":\"https:\\\/\\\/schema.org\",\"@graph\":[{\"@type\":\"WebPage\",\"@id\":\"https:\\\/\\\/test-technique-ski.fr\\\/pt-pt\\\/data-do-teste-tecnico-de-esqui-alpino\\\/\",\"url\":\"https:\\\/\\\/test-technique-ski.fr\\\/pt-pt\\\/data-do-teste-tecnico-de-esqui-alpino\\\/\",\"name\":\"Datas Prova t\u00e9cnica de esqui alpino\",\"isPartOf\":{\"@id\":\"https:\\\/\\\/test-technique-ski.fr\\\/pt-pt\\\/#website\"},\"datePublished\":\"2023-01-05T13:56:16+00:00\",\"dateModified\":\"2026-02-28T10:21:51+00:00\",\"description\":\"Descubra as datas dos testes t\u00e9cnicos em Fran\u00e7a. Todas as datas de inscri\u00e7\u00e3o para fazer o seu teste t\u00e9cnico de esqui\",\"inLanguage\":\"pt-PT\",\"potentialAction\":[{\"@type\":\"ReadAction\",\"target\":[\"https:\\\/\\\/test-technique-ski.fr\\\/pt-pt\\\/data-do-teste-tecnico-de-esqui-alpino\\\/\"]}]},{\"@type\":\"WebSite\",\"@id\":\"https:\\\/\\\/test-technique-ski.fr\\\/pt-pt\\\/#website\",\"url\":\"https:\\\/\\\/test-technique-ski.fr\\\/pt-pt\\\/\",\"name\":\"TEST TECHNIQUE SKI\",\"description\":\"\",\"potentialAction\":[{\"@type\":\"SearchAction\",\"target\":{\"@type\":\"EntryPoint\",\"urlTemplate\":\"https:\\\/\\\/test-technique-ski.fr\\\/pt-pt\\\/?s={search_term_string}\"},\"query-input\":{\"@type\":\"PropertyValueSpecification\",\"valueRequired\":true,\"valueName\":\"search_term_string\"}}],\"inLanguage\":\"pt-PT\"}]}<\/script>\n<!-- \/ Yoast SEO plugin. -->","yoast_head_json":{"title":"Datas Prova t\u00e9cnica de esqui alpino","description":"Descubra as datas dos testes t\u00e9cnicos em Fran\u00e7a. Todas as datas de inscri\u00e7\u00e3o para fazer o seu teste t\u00e9cnico de esqui","robots":{"index":"index","follow":"follow","max-snippet":"max-snippet:-1","max-image-preview":"max-image-preview:large","max-video-preview":"max-video-preview:-1"},"canonical":"https:\/\/test-technique-ski.fr\/pt-pt\/data-do-teste-tecnico-de-esqui-alpino\/","og_locale":"pt_PT","og_type":"article","og_title":"Datas Prova t\u00e9cnica de esqui alpino","og_description":"Descubra as datas dos testes t\u00e9cnicos em Fran\u00e7a. Todas as datas de inscri\u00e7\u00e3o para fazer o seu teste t\u00e9cnico de esqui","og_url":"https:\/\/test-technique-ski.fr\/pt-pt\/data-do-teste-tecnico-de-esqui-alpino\/","og_site_name":"TEST TECHNIQUE SKI","article_modified_time":"2026-02-28T10:21:51+00:00","twitter_card":"summary_large_image","twitter_misc":{"Tempo estimado de leitura":"2 minutos"},"schema":{"@context":"https:\/\/schema.org","@graph":[{"@type":"WebPage","@id":"https:\/\/test-technique-ski.fr\/pt-pt\/data-do-teste-tecnico-de-esqui-alpino\/","url":"https:\/\/test-technique-ski.fr\/pt-pt\/data-do-teste-tecnico-de-esqui-alpino\/","name":"Datas Prova t\u00e9cnica de esqui alpino","isPartOf":{"@id":"https:\/\/test-technique-ski.fr\/pt-pt\/#website"},"datePublished":"2023-01-05T13:56:16+00:00","dateModified":"2026-02-28T10:21:51+00:00","description":"Descubra as datas dos testes t\u00e9cnicos em Fran\u00e7a. Todas as datas de inscri\u00e7\u00e3o para fazer o seu teste t\u00e9cnico de esqui","inLanguage":"pt-PT","potentialAction":[{"@type":"ReadAction","target":["https:\/\/test-technique-ski.fr\/pt-pt\/data-do-teste-tecnico-de-esqui-alpino\/"]}]},{"@type":"WebSite","@id":"https:\/\/test-technique-ski.fr\/pt-pt\/#website","url":"https:\/\/test-technique-ski.fr\/pt-pt\/","name":"TEST TECHNIQUE SKI","description":"","potentialAction":[{"@type":"SearchAction","target":{"@type":"EntryPoint","urlTemplate":"https:\/\/test-technique-ski.fr\/pt-pt\/?s={search_term_string}"},"query-input":{"@type":"PropertyValueSpecification","valueRequired":true,"valueName":"search_term_string"}}],"inLanguage":"pt-PT"}]}},"_links":{"self":[{"href":"https:\/\/test-technique-ski.fr\/pt-pt\/wp-json\/wp\/v2\/pages\/516","targetHints":{"allow":["GET"]}}],"collection":[{"href":"https:\/\/test-technique-ski.fr\/pt-pt\/wp-json\/wp\/v2\/pages"}],"about":[{"href":"https:\/\/test-technique-ski.fr\/pt-pt\/wp-json\/wp\/v2\/types\/page"}],"author":[{"embeddable":true,"href":"https:\/\/test-technique-ski.fr\/pt-pt\/wp-json\/wp\/v2\/users\/1"}],"replies":[{"embeddable":true,"href":"https:\/\/test-technique-ski.fr\/pt-pt\/wp-json\/wp\/v2\/comments?post=516"}],"version-history":[{"count":8,"href":"https:\/\/test-technique-ski.fr\/pt-pt\/wp-json\/wp\/v2\/pages\/516\/revisions"}],"predecessor-version":[{"id":3872,"href":"https:\/\/test-technique-ski.fr\/pt-pt\/wp-json\/wp\/v2\/pages\/516\/revisions\/3872"}],"wp:attachment":[{"href":"https:\/\/test-technique-ski.fr\/pt-pt\/wp-json\/wp\/v2\/media?parent=516"}],"curies":[{"name":"wp","href":"https:\/\/api.w.org\/{rel}","templated":true}]}}