{"id":1381,"date":"2024-01-11T09:21:47","date_gmt":"2024-01-11T09:21:47","guid":{"rendered":"https:\/\/test-technique-ski.fr\/ctt-gemensam-utbildning-test\/"},"modified":"2026-02-28T10:22:33","modified_gmt":"2026-02-28T10:22:33","slug":"ctt-common-training-test-eurotest","status":"publish","type":"page","link":"https:\/\/test-technique-ski.fr\/sv\/ctt-common-training-test-eurotest\/","title":{"rendered":"CTT Common Training Test alpin skid\u00e5kning"},"content":{"rendered":"\n<h1 class=\"wp-block-heading\">CTT Gemensam utbildning Test de ski alpin<\/h1>\n\n<p>Ta reda p\u00e5 allt du beh\u00f6ver veta om Common Training Test (CTT): registreringsvillkor, testdatum och en steg-f\u00f6r-steg-guide till hur du registrerar dig f\u00f6r CTT i alpin skid\u00e5kning.<\/p>\n\n<h2 class=\"wp-block-heading\">Vad \u00e4r det gemensamma utbildningstestet?<\/h2>\n\n<p>Common Training Test (CTT) \u00e4r en upps\u00e4ttning utv\u00e4rderingar som \u00e4r utformade f\u00f6r att m\u00e4ta deltagarnas f\u00e4rdigheter och kunskaper inom olika omr\u00e5den, inklusive vintersporter som utf\u00f6rs\u00e5kning p\u00e5 skidor. Detta prov syftar till att bed\u00f6ma om den s\u00f6kande har de kvalifikationer som kr\u00e4vs f\u00f6r att delta i en s\u00e4rskild utbildning eller t\u00e4vling. CTT \u00e4r erk\u00e4nda p\u00e5 nationell och internationell niv\u00e5 och erbjuder deltagarna en v\u00e4rdefull certifiering f\u00f6r deras idrottsliga eller professionella karri\u00e4r.<\/p>\n\n<h2 class=\"wp-block-heading\">Vilka \u00e4r villkoren f\u00f6r att registrera sig f\u00f6r en CTT?<\/h2>\n\n<p>F\u00f6r att anm\u00e4la sig till ett gemensamt utbildningsprov m\u00e5ste du uppfylla ett antal villkor, som kan variera beroende p\u00e5 vilken typ av prov det g\u00e4ller. Villkoren omfattar:<\/p>\n\n<ul class=\"wp-block-list\">\n<li>Har uppn\u00e5tt en viss minimi\u00e5lder (ofta 16 \u00e5r eller \u00e4ldre).<\/li>\n\n\n\n<li>Ha en tidigare niv\u00e5 av skicklighet eller utbildning inom det ber\u00f6rda omr\u00e5det.<\/li>\n\n\n\n<li>Uppvisa ett l\u00e4karintyg som intygar att du kan ut\u00f6va sporten i fr\u00e5ga.<\/li>\n\n\n\n<li>Betala registreringsavgiften f\u00f6r provet.<\/li>\n<\/ul>\n\n<p>Det \u00e4r viktigt att kontrollera de s\u00e4rskilda villkoren f\u00f6r den CTT som du vill anm\u00e4la dig till, eftersom de kan variera.<\/p>\n\n<h2 class=\"wp-block-heading\">Vilka \u00e4r datumen f\u00f6r det tekniska CTT-provet 2026?<\/h2>\n\n<p>H\u00e4r \u00e4r de f\u00f6rsta datumen som publicerats av GEPAFO Montagne f\u00f6r den 1:a sessionen 2025-2026:<\/p>\n\n<figure class=\"wp-block-table\"><table><tbody><tr><td class=\"has-text-align-center\" data-align=\"center\">Plats<\/td><td class=\"has-text-align-center\" data-align=\"center\">Dep.<\/td><td class=\"has-text-align-center\" data-align=\"center\">Datum f\u00f6r test<\/td><td class=\"has-text-align-center\" data-align=\"center\">Registrerad min.<\/td><td class=\"has-text-align-center\" data-align=\"center\">Max. antal registreringar<\/td><td class=\"has-text-align-center\" data-align=\"center\">Datum f\u00f6r \u00f6ppnande av registrering<\/td><td class=\"has-text-align-center\" data-align=\"center\">Sista dag f\u00f6r registrering<\/td><\/tr><tr><td class=\"has-text-align-center\" data-align=\"center\">L&#8217;Alpe d&#8217;Huez<\/td><td class=\"has-text-align-center\" data-align=\"center\">38<\/td><td class=\"has-text-align-center\" data-align=\"center\">18\/12\/2025 till 20\/12\/2025<\/td><td class=\"has-text-align-center\" data-align=\"center\">40<\/td><td class=\"has-text-align-center\" data-align=\"center\">180<\/td><td class=\"has-text-align-center\" data-align=\"center\">13\/10\/2025<\/td><td class=\"has-text-align-center\" data-align=\"center\">21\/11\/2025<\/td><\/tr><tr><td class=\"has-text-align-center\" data-align=\"center\">Morzine<\/td><td class=\"has-text-align-center\" data-align=\"center\">74<\/td><td class=\"has-text-align-center\" data-align=\"center\">2026-01-12 till 2026-01-14<\/td><td class=\"has-text-align-center\" data-align=\"center\">40<\/td><td class=\"has-text-align-center\" data-align=\"center\">180<\/td><td class=\"has-text-align-center\" data-align=\"center\">13\/10\/2025<\/td><td class=\"has-text-align-center\" data-align=\"center\">21\/11\/2025<\/td><\/tr><tr><td class=\"has-text-align-center\" data-align=\"center\"><a href=\"https:\/\/test-technique-ski.fr\/sv\/test-teknik-ski-alpin-menuires\/\">Les Menuires<\/a><\/td><td class=\"has-text-align-center\" data-align=\"center\">73<\/td><td class=\"has-text-align-center\" data-align=\"center\">22\/01\/2026 till 24\/01\/2026<\/td><td class=\"has-text-align-center\" data-align=\"center\">40<\/td><td class=\"has-text-align-center\" data-align=\"center\">180<\/td><td class=\"has-text-align-center\" data-align=\"center\">13\/10\/2025<\/td><td class=\"has-text-align-center\" data-align=\"center\">21\/11\/2025<\/td><\/tr><tr><td class=\"has-text-align-center\" data-align=\"center\">Saint Lary Soulan<\/td><td class=\"has-text-align-center\" data-align=\"center\">65<\/td><td class=\"has-text-align-center\" data-align=\"center\">02\/02\/2026 till 03\/02\/2026<\/td><td class=\"has-text-align-center\" data-align=\"center\">40<\/td><td class=\"has-text-align-center\" data-align=\"center\">90<\/td><td class=\"has-text-align-center\" data-align=\"center\">13\/10\/2025<\/td><td class=\"has-text-align-center\" data-align=\"center\">21\/11\/2025<\/td><\/tr><tr><td class=\"has-text-align-center\" data-align=\"center\">Serre Chevalier<\/td><td class=\"has-text-align-center\" data-align=\"center\">06<\/td><td class=\"has-text-align-center\" data-align=\"center\">2026-02-04 till 2026-02-06<\/td><td class=\"has-text-align-center\" data-align=\"center\">40<\/td><td class=\"has-text-align-center\" data-align=\"center\">180<\/td><td class=\"has-text-align-center\" data-align=\"center\">13\/10\/2025<\/td><td class=\"has-text-align-center\" data-align=\"center\">21\/11\/2025<\/td><\/tr><tr><td class=\"has-text-align-center\" data-align=\"center\">Saint Lary Soulan<\/td><td class=\"has-text-align-center\" data-align=\"center\">65<\/td><td class=\"has-text-align-center\" data-align=\"center\">17\/03\/2026 till 18\/03\/2026<\/td><td class=\"has-text-align-center\" data-align=\"center\">40<\/td><td class=\"has-text-align-center\" data-align=\"center\">90<\/td><td class=\"has-text-align-center\" data-align=\"center\">  09\/02\/2026<\/td><td class=\"has-text-align-center\" data-align=\"center\">  27\/02\/2026<\/td><\/tr><tr><td class=\"has-text-align-center\" data-align=\"center\">Auron<\/td><td class=\"has-text-align-center\" data-align=\"center\">06<\/td><td class=\"has-text-align-center\" data-align=\"center\">19\/03\/2026 till 20\/03\/2026<\/td><td class=\"has-text-align-center\" data-align=\"center\">40<\/td><td class=\"has-text-align-center\" data-align=\"center\">90<\/td><td class=\"has-text-align-center\" data-align=\"center\">  09\/02\/2026<\/td><td class=\"has-text-align-center\" data-align=\"center\">  27\/02\/2026<\/td><\/tr><tr><td class=\"has-text-align-center\" data-align=\"center\">L&#8217;Alpe d&#8217;Huez<\/td><td class=\"has-text-align-center\" data-align=\"center\">38<\/td><td class=\"has-text-align-center\" data-align=\"center\">30\/03\/2026 till 03\/04\/2026<\/td><td class=\"has-text-align-center\" data-align=\"center\">40<\/td><td class=\"has-text-align-center\" data-align=\"center\">360<\/td><td class=\"has-text-align-center\" data-align=\"center\">  09\/02\/2026<\/td><td class=\"has-text-align-center\" data-align=\"center\">  27\/02\/2026<\/td><\/tr><tr><td class=\"has-text-align-center\" data-align=\"center\"><a href=\"https:\/\/test-technique-ski.fr\/sv\/val-thorens\/\" type=\"page\" id=\"3819\">Val Thorens<\/a><\/td><td class=\"has-text-align-center\" data-align=\"center\">73<\/td><td class=\"has-text-align-center\" data-align=\"center\">23\/04\/2026 till 25\/04\/2026<\/td><td class=\"has-text-align-center\" data-align=\"center\">40<\/td><td class=\"has-text-align-center\" data-align=\"center\">180<\/td><td class=\"has-text-align-center\" data-align=\"center\">  09\/02\/2026<\/td><td class=\"has-text-align-center\" data-align=\"center\">  27\/02\/2026<\/td><\/tr><\/tbody><\/table><figcaption class=\"wp-element-caption\">Kalender med datum f\u00f6r det tekniska testet av C.T.T. i Frankrike 2026<\/figcaption><\/figure>\n\n<h2 class=\"wp-block-heading\">Utbildningskurs vid CTT i Les Menuires<\/h2>\n\n<p>Menuires ESF Academy anordnade en <a href=\"https:\/\/test-technique-ski.fr\/sv\/teknisk-provforberedelsekurs-for-alpin-skidakning\/\">utbildningskurs f\u00f6r CTT:s tekniska test<\/a> p\u00e5 slalomstadion <strong>i Les M\u00e9nuires den 12-22 januari 2026<\/strong>. Kursen anv\u00e4ndes som f\u00f6rberedelse inf\u00f6r det tekniska CTT-testet i Les Menuires, som \u00e4gde rum den 22-24 januari 2026. <\/p>\n\n<p>F\u00f6r att delta i kursen, kontakta <strong>Nicolas Flage<\/strong> p\u00e5 <a href=\"tel:+33625690113\">06 25 69 01 13.<\/a><\/p>\n\n<div style=\"height:30px\" aria-hidden=\"true\" class=\"wp-block-spacer\"><\/div>\n\n<h2 class=\"wp-block-heading\">Hur registrerar jag mig f\u00f6r en CTT i alpin skid\u00e5kning?<\/h2>\n\n<p>G\u00f6r s\u00e5 h\u00e4r f\u00f6r att registrera dig f\u00f6r en CTT:<\/p>\n\n<ol class=\"wp-block-list\">\n<li><strong>Bes\u00f6k den officiella webbplatsen:<\/strong> B\u00f6rja med att bes\u00f6ka den officiella webbplatsen f\u00f6r arrang\u00f6rerna av CTT-t\u00e4vlingar i alpin skid\u00e5kning.<\/li>\n\n\n\n<li>Ta del av <strong>registreringsvillkoren:<\/strong> Kontrollera att du uppfyller alla villkor f\u00f6r registrering.<\/li>\n\n\n\n<li>V\u00e4lj <strong>datum:<\/strong> V\u00e4lj det datum som passar dig bland de datum som f\u00f6resl\u00e5s f\u00f6r CTT i alpin skid\u00e5kning.<\/li>\n\n\n\n<li><strong>Fyll i registreringsformul\u00e4ret:<\/strong> Fyll i onlineformul\u00e4ret med all information som efterfr\u00e5gas.<\/li>\n\n\n\n<li><strong>Betala registreringsavgiften:<\/strong> Skicka in betalningen f\u00f6r att slutf\u00f6ra din testregistrering.<\/li>\n\n\n\n<li><strong>F\u00f6rbered<\/strong> dig <strong>f\u00f6r provet:<\/strong> F\u00f6rbered dig p\u00e5 r\u00e4tt s\u00e4tt f\u00f6r att klara din CTT f\u00f6r alpin skid\u00e5kning.<\/li>\n<\/ol>\n\n<p>Se till att du f\u00f6ljer alla anvisningar fr\u00e5n organisationen f\u00f6r en lyckad registrering och l\u00e4mpliga f\u00f6rberedelser inf\u00f6r provet.<\/p>\n","protected":false},"excerpt":{"rendered":"<p>CTT Gemensam utbildning Test de ski alpin Ta reda p\u00e5 allt du beh\u00f6ver veta om Common Training Test (CTT): registreringsvillkor, testdatum och en steg-f\u00f6r-steg-guide till hur du registrerar dig f\u00f6r CTT i alpin skid\u00e5kning. Vad \u00e4r det gemensamma utbildningstestet? Common Training Test (CTT) \u00e4r en upps\u00e4ttning utv\u00e4rderingar som \u00e4r utformade f\u00f6r att m\u00e4ta deltagarnas f\u00e4rdigheter [&hellip;]<\/p>\n","protected":false},"author":1,"featured_media":0,"parent":0,"menu_order":0,"comment_status":"closed","ping_status":"closed","template":"","meta":{"footnotes":""},"class_list":["post-1381","page","type-page","status-publish","hentry"],"yoast_head":"<!-- This site is optimized with the Yoast SEO plugin v27.3 - https:\/\/yoast.com\/product\/yoast-seo-wordpress\/ -->\n<title>CTT Common Training Test alpin skid\u00e5kning - TEST TECHNIQUE SKI<\/title>\n<meta name=\"description\" content=\"Eurotest kallas nu f\u00f6r det gemensamma utbildningstestet. Det g\u00f6r det m\u00f6jligt f\u00f6r flera europeiska l\u00e4nder att anordna ett tekniskt prov i alpin skid\u00e5kning.\" \/>\n<meta name=\"robots\" content=\"index, follow, max-snippet:-1, max-image-preview:large, max-video-preview:-1\" \/>\n<link rel=\"canonical\" href=\"https:\/\/test-technique-ski.fr\/sv\/ctt-common-training-test-eurotest\/\" \/>\n<meta property=\"og:locale\" content=\"sv_SE\" \/>\n<meta property=\"og:type\" content=\"article\" \/>\n<meta property=\"og:title\" content=\"CTT Common Training Test alpin skid\u00e5kning - TEST TECHNIQUE SKI\" \/>\n<meta property=\"og:description\" content=\"Eurotest kallas nu f\u00f6r det gemensamma utbildningstestet. Det g\u00f6r det m\u00f6jligt f\u00f6r flera europeiska l\u00e4nder att anordna ett tekniskt prov i alpin skid\u00e5kning.\" \/>\n<meta property=\"og:url\" content=\"https:\/\/test-technique-ski.fr\/sv\/ctt-common-training-test-eurotest\/\" \/>\n<meta property=\"og:site_name\" content=\"TEST TECHNIQUE SKI\" \/>\n<meta property=\"article:modified_time\" content=\"2026-02-28T10:22:33+00:00\" \/>\n<meta name=\"twitter:card\" content=\"summary_large_image\" \/>\n<meta name=\"twitter:label1\" content=\"Ber\u00e4knad l\u00e4stid\" \/>\n\t<meta name=\"twitter:data1\" content=\"3 minuter\" \/>\n<script type=\"application\/ld+json\" class=\"yoast-schema-graph\">{\"@context\":\"https:\\\/\\\/schema.org\",\"@graph\":[{\"@type\":\"WebPage\",\"@id\":\"https:\\\/\\\/test-technique-ski.fr\\\/sv\\\/ctt-common-training-test-eurotest\\\/\",\"url\":\"https:\\\/\\\/test-technique-ski.fr\\\/sv\\\/ctt-common-training-test-eurotest\\\/\",\"name\":\"CTT Common Training Test alpin skid\u00e5kning - TEST TECHNIQUE SKI\",\"isPartOf\":{\"@id\":\"https:\\\/\\\/test-technique-ski.fr\\\/sv\\\/#website\"},\"datePublished\":\"2024-01-11T09:21:47+00:00\",\"dateModified\":\"2026-02-28T10:22:33+00:00\",\"description\":\"Eurotest kallas nu f\u00f6r det gemensamma utbildningstestet. Det g\u00f6r det m\u00f6jligt f\u00f6r flera europeiska l\u00e4nder att anordna ett tekniskt prov i alpin skid\u00e5kning.\",\"inLanguage\":\"sv-SE\",\"potentialAction\":[{\"@type\":\"ReadAction\",\"target\":[\"https:\\\/\\\/test-technique-ski.fr\\\/sv\\\/ctt-common-training-test-eurotest\\\/\"]}]},{\"@type\":\"WebSite\",\"@id\":\"https:\\\/\\\/test-technique-ski.fr\\\/sv\\\/#website\",\"url\":\"https:\\\/\\\/test-technique-ski.fr\\\/sv\\\/\",\"name\":\"TEST TECHNIQUE SKI\",\"description\":\"\",\"potentialAction\":[{\"@type\":\"SearchAction\",\"target\":{\"@type\":\"EntryPoint\",\"urlTemplate\":\"https:\\\/\\\/test-technique-ski.fr\\\/sv\\\/?s={search_term_string}\"},\"query-input\":{\"@type\":\"PropertyValueSpecification\",\"valueRequired\":true,\"valueName\":\"search_term_string\"}}],\"inLanguage\":\"sv-SE\"}]}<\/script>\n<!-- \/ Yoast SEO plugin. -->","yoast_head_json":{"title":"CTT Common Training Test alpin skid\u00e5kning - TEST TECHNIQUE SKI","description":"Eurotest kallas nu f\u00f6r det gemensamma utbildningstestet. Det g\u00f6r det m\u00f6jligt f\u00f6r flera europeiska l\u00e4nder att anordna ett tekniskt prov i alpin skid\u00e5kning.","robots":{"index":"index","follow":"follow","max-snippet":"max-snippet:-1","max-image-preview":"max-image-preview:large","max-video-preview":"max-video-preview:-1"},"canonical":"https:\/\/test-technique-ski.fr\/sv\/ctt-common-training-test-eurotest\/","og_locale":"sv_SE","og_type":"article","og_title":"CTT Common Training Test alpin skid\u00e5kning - TEST TECHNIQUE SKI","og_description":"Eurotest kallas nu f\u00f6r det gemensamma utbildningstestet. Det g\u00f6r det m\u00f6jligt f\u00f6r flera europeiska l\u00e4nder att anordna ett tekniskt prov i alpin skid\u00e5kning.","og_url":"https:\/\/test-technique-ski.fr\/sv\/ctt-common-training-test-eurotest\/","og_site_name":"TEST TECHNIQUE SKI","article_modified_time":"2026-02-28T10:22:33+00:00","twitter_card":"summary_large_image","twitter_misc":{"Ber\u00e4knad l\u00e4stid":"3 minuter"},"schema":{"@context":"https:\/\/schema.org","@graph":[{"@type":"WebPage","@id":"https:\/\/test-technique-ski.fr\/sv\/ctt-common-training-test-eurotest\/","url":"https:\/\/test-technique-ski.fr\/sv\/ctt-common-training-test-eurotest\/","name":"CTT Common Training Test alpin skid\u00e5kning - TEST TECHNIQUE SKI","isPartOf":{"@id":"https:\/\/test-technique-ski.fr\/sv\/#website"},"datePublished":"2024-01-11T09:21:47+00:00","dateModified":"2026-02-28T10:22:33+00:00","description":"Eurotest kallas nu f\u00f6r det gemensamma utbildningstestet. Det g\u00f6r det m\u00f6jligt f\u00f6r flera europeiska l\u00e4nder att anordna ett tekniskt prov i alpin skid\u00e5kning.","inLanguage":"sv-SE","potentialAction":[{"@type":"ReadAction","target":["https:\/\/test-technique-ski.fr\/sv\/ctt-common-training-test-eurotest\/"]}]},{"@type":"WebSite","@id":"https:\/\/test-technique-ski.fr\/sv\/#website","url":"https:\/\/test-technique-ski.fr\/sv\/","name":"TEST TECHNIQUE SKI","description":"","potentialAction":[{"@type":"SearchAction","target":{"@type":"EntryPoint","urlTemplate":"https:\/\/test-technique-ski.fr\/sv\/?s={search_term_string}"},"query-input":{"@type":"PropertyValueSpecification","valueRequired":true,"valueName":"search_term_string"}}],"inLanguage":"sv-SE"}]}},"_links":{"self":[{"href":"https:\/\/test-technique-ski.fr\/sv\/wp-json\/wp\/v2\/pages\/1381","targetHints":{"allow":["GET"]}}],"collection":[{"href":"https:\/\/test-technique-ski.fr\/sv\/wp-json\/wp\/v2\/pages"}],"about":[{"href":"https:\/\/test-technique-ski.fr\/sv\/wp-json\/wp\/v2\/types\/page"}],"author":[{"embeddable":true,"href":"https:\/\/test-technique-ski.fr\/sv\/wp-json\/wp\/v2\/users\/1"}],"replies":[{"embeddable":true,"href":"https:\/\/test-technique-ski.fr\/sv\/wp-json\/wp\/v2\/comments?post=1381"}],"version-history":[{"count":8,"href":"https:\/\/test-technique-ski.fr\/sv\/wp-json\/wp\/v2\/pages\/1381\/revisions"}],"predecessor-version":[{"id":3877,"href":"https:\/\/test-technique-ski.fr\/sv\/wp-json\/wp\/v2\/pages\/1381\/revisions\/3877"}],"wp:attachment":[{"href":"https:\/\/test-technique-ski.fr\/sv\/wp-json\/wp\/v2\/media?parent=1381"}],"curies":[{"name":"wp","href":"https:\/\/api.w.org\/{rel}","templated":true}]}}