{"id":2526,"date":"2025-03-31T14:35:08","date_gmt":"2025-03-31T13:35:08","guid":{"rendered":"https:\/\/test-technique-ski.fr\/stage-ski-slalom-automne\/"},"modified":"2026-01-05T20:11:12","modified_gmt":"2026-01-05T20:11:12","slug":"stage-ski-slalom-automne","status":"publish","type":"page","link":"https:\/\/test-technique-ski.fr\/sv\/stage-ski-slalom-automne\/","title":{"rendered":"Kurs i slalomskid\u00e5kning p\u00e5 h\u00f6sten"},"content":{"rendered":"\n<h1 class=\"wp-block-heading\">Utbildning i skidalpinism p\u00e5 Allhelgonadagen<\/h1>\n\n<h2 class=\"wp-block-heading\">H\u00f6stens alpina t\u00e4vlingsbana p\u00e5 SnowWorld d&#8217;Amn\u00e9ville<\/h2>\n\n<p>Delta i v\u00e5ra <a href=\"https:\/\/test-technique-ski.fr\/sv\/stage-ski-slalom-amneville\/\">kurser i slalomskid\u00e5kning i Amn\u00e9ville<\/a>. V\u00e5ra intensivkurser i skidt\u00e4vling anordnas p\u00e5 inomhusanl\u00e4ggningen SnowWorld i Amn\u00e9ville i Frankrike. Precis som v\u00e5ra <a href=\"https:\/\/test-technique-ski.fr\/sv\/stage-ski-slalom-ete\/\">sommarslalomkurser i Tignes<\/a> \u00e4r dessa kurser en utm\u00e4rkt f\u00f6rberedelse inf\u00f6r vinters\u00e4songen. De g\u00f6r det m\u00f6jligt f\u00f6r skid\u00e5kare att arbeta med sin teknik under optimala f\u00f6rh\u00e5llanden i oktober n\u00e4r skidorterna \u00e4nnu inte \u00e4r \u00f6ppna.<\/p>\n\n<h2 class=\"wp-block-heading\">Varf\u00f6r v\u00e4lja en skidkurs i Amn\u00e9ville p\u00e5 Allhelgonadagen?<\/h2>\n\n<p>Inomhuskupolen <a href=\"https:\/\/www.snowworld.com\/amneville\/fr\">SnowWorld i Amn\u00e9ville<\/a> erbjuder perfekta f\u00f6rh\u00e5llanden, med sn\u00f6t\u00e4ckta backar \u00e5ret runt. Vi reserverar och privatiserar banor speciellt f\u00f6r v\u00e5ra slalomtr\u00e4ningspass, vilket garanterar en idealisk milj\u00f6 f\u00f6r effektiv utveckling.<\/p>\n\n<p><strong>Skidkurs h\u00f6sten 2026 kontakt<\/strong>: Nicolas p\u00e5 <a href=\"tel:0033625690113\">06 25 69 01 13<\/a><\/p>\n\n<div style=\"height:30px\" aria-hidden=\"true\" class=\"wp-block-spacer\"><\/div>\n\n<figure class=\"wp-block-image size-large\"><img fetchpriority=\"high\" decoding=\"async\" width=\"1024\" height=\"865\" src=\"https:\/\/test-technique-ski.fr\/wp-content\/uploads\/2025\/03\/IMG_1992-1024x865.jpg\" alt=\"\" class=\"wp-image-2667\" srcset=\"https:\/\/test-technique-ski.fr\/wp-content\/uploads\/2025\/03\/IMG_1992-1024x865.jpg 1024w, https:\/\/test-technique-ski.fr\/wp-content\/uploads\/2025\/03\/IMG_1992-300x253.jpg 300w, https:\/\/test-technique-ski.fr\/wp-content\/uploads\/2025\/03\/IMG_1992-768x649.jpg 768w, https:\/\/test-technique-ski.fr\/wp-content\/uploads\/2025\/03\/IMG_1992.jpg 1290w\" sizes=\"(max-width: 1024px) 100vw, 1024px\" \/><figcaption class=\"wp-element-caption\">inomhuskurs i slalom i oktober i Amn\u00e9ville<\/figcaption><\/figure>\n\n<h2 class=\"wp-block-heading\">Ett intensivt och omfattande program<\/h2>\n\n<p>V\u00e5ra kurser omfattar flera timmars slalom\u00e5kning varje dag, f\u00f6ljt av djupg\u00e5ende fysiska f\u00f6rberedelser f\u00f6r att s\u00e4kerst\u00e4lla maximala framsteg:<\/p>\n\n<ul class=\"wp-block-list\">\n<li><strong>Intensiv slalomtr\u00e4ning<\/strong>: exakt tekniskt arbete p\u00e5 privata banor, m\u00e5linriktade och tidsbest\u00e4mda \u00f6vningar.<\/li>\n\n\n\n<li><strong>Fysiska f\u00f6rberedelser<\/strong>: t\u00e4vlingsspecifik tr\u00e4ning, muskelst\u00e4rkande \u00f6vningar, plyometri, uth\u00e5llighetstr\u00e4ning och koordinations\u00f6vningar.<\/li>\n\n\n\n<li><strong>Videoanalys <\/strong>: personliga genomg\u00e5ngar f\u00f6r att snabbt identifiera omr\u00e5den d\u00e4r f\u00f6rb\u00e4ttringar kan g\u00f6ras.<\/li>\n<\/ul>\n\n<div style=\"height:20px\" aria-hidden=\"true\" class=\"wp-block-spacer\"><\/div>\n\n<h2 class=\"wp-block-heading\">Datum och priser f\u00f6r v\u00e5ra h\u00f6stkurser i Amn\u00e9ville<\/h2>\n\n<ul class=\"wp-block-list\">\n<li><strong>Fr\u00e5n 18 oktober till 22 oktober 2026<\/strong>: 4 dagar \/ 790 \u20ac allt inklusive (utom busstransport*)<\/li>\n\n\n\n<li><strong>Fr\u00e5n 22 oktober till 26 oktober 2026<\/strong>: 4 dagar \/ 790 \u20ac allt inklusive (utom busstransport*)<\/li>\n<\/ul>\n\n<div style=\"height:10px\" aria-hidden=\"true\" class=\"wp-block-spacer\"><\/div>\n\n<p><strong>I dessa priser ing\u00e5r boende, m\u00e5ltider, liftkort och professionell handledning.<\/strong><\/p>\n\n<div style=\"height:20px\" aria-hidden=\"true\" class=\"wp-block-spacer\"><\/div>\n\n<h2 class=\"wp-block-heading\">\u00d6vervakning av erk\u00e4nda yrkesut\u00f6vare<\/h2>\n\n<p>V\u00e5rt team av professionella tr\u00e4nare, som kommer fr\u00e5n nationella t\u00e4vlingar och <a href=\"https:\/\/www.esf-lesmenuires.fr\/les-menuires\/\">Menuires ESF<\/a>, kommer att ge dig personlig teknisk support under hela kursen. Deras expertis och r\u00e5d hj\u00e4lper dig att f\u00e5 sj\u00e4lvf\u00f6rtroende och bli redo f\u00f6r vinterns t\u00e4vlingar.<\/p>\n\n<h2 class=\"wp-block-heading\">Boka din h\u00f6stf\u00f6rberedande kurs i Amn\u00e9ville nu!<\/h2>\n\n<p>Platserna \u00e4r begr\u00e4nsade f\u00f6r att garantera kvaliteten p\u00e5 v\u00e5r coachning, s\u00e5 v\u00e4nta inte l\u00e4ngre med att boka din plats och optimera dina f\u00f6rberedelser inf\u00f6r vinterns t\u00e4vlingss\u00e4song.<\/p>\n\n<p><strong>Skidkurs h\u00f6sten 2026 kontakt<\/strong>: Nicolas p\u00e5 <a href=\"tel:0033625690113\">06 25 69 01 13<\/a><\/p>\n","protected":false},"excerpt":{"rendered":"<p>Utbildning i skidalpinism p\u00e5 Allhelgonadagen H\u00f6stens alpina t\u00e4vlingsbana p\u00e5 SnowWorld d&#8217;Amn\u00e9ville Delta i v\u00e5ra kurser i slalomskid\u00e5kning i Amn\u00e9ville. V\u00e5ra intensivkurser i skidt\u00e4vling anordnas p\u00e5 inomhusanl\u00e4ggningen SnowWorld i Amn\u00e9ville i Frankrike. Precis som v\u00e5ra sommarslalomkurser i Tignes \u00e4r dessa kurser en utm\u00e4rkt f\u00f6rberedelse inf\u00f6r vinters\u00e4songen. De g\u00f6r det m\u00f6jligt f\u00f6r skid\u00e5kare att arbeta med sin [&hellip;]<\/p>\n","protected":false},"author":1,"featured_media":0,"parent":0,"menu_order":0,"comment_status":"closed","ping_status":"closed","template":"","meta":{"footnotes":""},"class_list":["post-2526","page","type-page","status-publish","hentry"],"yoast_head":"<!-- This site is optimized with the Yoast SEO plugin v27.3 - https:\/\/yoast.com\/product\/yoast-seo-wordpress\/ -->\n<title>Kurs i slalomskid\u00e5kning p\u00e5 h\u00f6sten - TEST TECHNIQUE SKI<\/title>\n<meta name=\"description\" content=\"Delta i h\u00f6stens skidt\u00e4vlingskurser i Amn\u00e9ville f\u00f6r att f\u00f6rbereda dig inf\u00f6r vinters\u00e4songen. Slalomkurser f\u00f6r ungdomar och vuxna\" \/>\n<meta name=\"robots\" content=\"index, follow, max-snippet:-1, max-image-preview:large, max-video-preview:-1\" \/>\n<link rel=\"canonical\" href=\"https:\/\/test-technique-ski.fr\/sv\/stage-ski-slalom-automne\/\" \/>\n<meta property=\"og:locale\" content=\"sv_SE\" \/>\n<meta property=\"og:type\" content=\"article\" \/>\n<meta property=\"og:title\" content=\"Kurs i slalomskid\u00e5kning p\u00e5 h\u00f6sten - TEST TECHNIQUE SKI\" \/>\n<meta property=\"og:description\" content=\"Delta i h\u00f6stens skidt\u00e4vlingskurser i Amn\u00e9ville f\u00f6r att f\u00f6rbereda dig inf\u00f6r vinters\u00e4songen. Slalomkurser f\u00f6r ungdomar och vuxna\" \/>\n<meta property=\"og:url\" content=\"https:\/\/test-technique-ski.fr\/sv\/stage-ski-slalom-automne\/\" \/>\n<meta property=\"og:site_name\" content=\"TEST TECHNIQUE SKI\" \/>\n<meta property=\"article:modified_time\" content=\"2026-01-05T20:11:12+00:00\" \/>\n<meta property=\"og:image\" content=\"https:\/\/test-technique-ski.fr\/wp-content\/uploads\/2025\/03\/IMG_1992.jpg\" \/>\n\t<meta property=\"og:image:width\" content=\"1290\" \/>\n\t<meta property=\"og:image:height\" content=\"1090\" \/>\n\t<meta property=\"og:image:type\" content=\"image\/jpeg\" \/>\n<meta name=\"twitter:card\" content=\"summary_large_image\" \/>\n<meta name=\"twitter:label1\" content=\"Ber\u00e4knad l\u00e4stid\" \/>\n\t<meta name=\"twitter:data1\" content=\"2 minuter\" \/>\n<script type=\"application\/ld+json\" class=\"yoast-schema-graph\">{\"@context\":\"https:\\\/\\\/schema.org\",\"@graph\":[{\"@type\":\"WebPage\",\"@id\":\"https:\\\/\\\/test-technique-ski.fr\\\/sv\\\/stage-ski-slalom-automne\\\/\",\"url\":\"https:\\\/\\\/test-technique-ski.fr\\\/sv\\\/stage-ski-slalom-automne\\\/\",\"name\":\"Kurs i slalomskid\u00e5kning p\u00e5 h\u00f6sten - TEST TECHNIQUE SKI\",\"isPartOf\":{\"@id\":\"https:\\\/\\\/test-technique-ski.fr\\\/sv\\\/#website\"},\"primaryImageOfPage\":{\"@id\":\"https:\\\/\\\/test-technique-ski.fr\\\/sv\\\/stage-ski-slalom-automne\\\/#primaryimage\"},\"image\":{\"@id\":\"https:\\\/\\\/test-technique-ski.fr\\\/sv\\\/stage-ski-slalom-automne\\\/#primaryimage\"},\"thumbnailUrl\":\"https:\\\/\\\/test-technique-ski.fr\\\/wp-content\\\/uploads\\\/2025\\\/03\\\/IMG_1992-1024x865.jpg\",\"datePublished\":\"2025-03-31T13:35:08+00:00\",\"dateModified\":\"2026-01-05T20:11:12+00:00\",\"description\":\"Delta i h\u00f6stens skidt\u00e4vlingskurser i Amn\u00e9ville f\u00f6r att f\u00f6rbereda dig inf\u00f6r vinters\u00e4songen. Slalomkurser f\u00f6r ungdomar och vuxna\",\"inLanguage\":\"sv-SE\",\"potentialAction\":[{\"@type\":\"ReadAction\",\"target\":[\"https:\\\/\\\/test-technique-ski.fr\\\/sv\\\/stage-ski-slalom-automne\\\/\"]}]},{\"@type\":\"ImageObject\",\"inLanguage\":\"sv-SE\",\"@id\":\"https:\\\/\\\/test-technique-ski.fr\\\/sv\\\/stage-ski-slalom-automne\\\/#primaryimage\",\"url\":\"https:\\\/\\\/test-technique-ski.fr\\\/wp-content\\\/uploads\\\/2025\\\/03\\\/IMG_1992-1024x865.jpg\",\"contentUrl\":\"https:\\\/\\\/test-technique-ski.fr\\\/wp-content\\\/uploads\\\/2025\\\/03\\\/IMG_1992-1024x865.jpg\"},{\"@type\":\"WebSite\",\"@id\":\"https:\\\/\\\/test-technique-ski.fr\\\/sv\\\/#website\",\"url\":\"https:\\\/\\\/test-technique-ski.fr\\\/sv\\\/\",\"name\":\"TEST TECHNIQUE SKI\",\"description\":\"\",\"potentialAction\":[{\"@type\":\"SearchAction\",\"target\":{\"@type\":\"EntryPoint\",\"urlTemplate\":\"https:\\\/\\\/test-technique-ski.fr\\\/sv\\\/?s={search_term_string}\"},\"query-input\":{\"@type\":\"PropertyValueSpecification\",\"valueRequired\":true,\"valueName\":\"search_term_string\"}}],\"inLanguage\":\"sv-SE\"}]}<\/script>\n<!-- \/ Yoast SEO plugin. -->","yoast_head_json":{"title":"Kurs i slalomskid\u00e5kning p\u00e5 h\u00f6sten - TEST TECHNIQUE SKI","description":"Delta i h\u00f6stens skidt\u00e4vlingskurser i Amn\u00e9ville f\u00f6r att f\u00f6rbereda dig inf\u00f6r vinters\u00e4songen. Slalomkurser f\u00f6r ungdomar och vuxna","robots":{"index":"index","follow":"follow","max-snippet":"max-snippet:-1","max-image-preview":"max-image-preview:large","max-video-preview":"max-video-preview:-1"},"canonical":"https:\/\/test-technique-ski.fr\/sv\/stage-ski-slalom-automne\/","og_locale":"sv_SE","og_type":"article","og_title":"Kurs i slalomskid\u00e5kning p\u00e5 h\u00f6sten - TEST TECHNIQUE SKI","og_description":"Delta i h\u00f6stens skidt\u00e4vlingskurser i Amn\u00e9ville f\u00f6r att f\u00f6rbereda dig inf\u00f6r vinters\u00e4songen. Slalomkurser f\u00f6r ungdomar och vuxna","og_url":"https:\/\/test-technique-ski.fr\/sv\/stage-ski-slalom-automne\/","og_site_name":"TEST TECHNIQUE SKI","article_modified_time":"2026-01-05T20:11:12+00:00","og_image":[{"width":1290,"height":1090,"url":"https:\/\/test-technique-ski.fr\/wp-content\/uploads\/2025\/03\/IMG_1992.jpg","type":"image\/jpeg"}],"twitter_card":"summary_large_image","twitter_misc":{"Ber\u00e4knad l\u00e4stid":"2 minuter"},"schema":{"@context":"https:\/\/schema.org","@graph":[{"@type":"WebPage","@id":"https:\/\/test-technique-ski.fr\/sv\/stage-ski-slalom-automne\/","url":"https:\/\/test-technique-ski.fr\/sv\/stage-ski-slalom-automne\/","name":"Kurs i slalomskid\u00e5kning p\u00e5 h\u00f6sten - TEST TECHNIQUE SKI","isPartOf":{"@id":"https:\/\/test-technique-ski.fr\/sv\/#website"},"primaryImageOfPage":{"@id":"https:\/\/test-technique-ski.fr\/sv\/stage-ski-slalom-automne\/#primaryimage"},"image":{"@id":"https:\/\/test-technique-ski.fr\/sv\/stage-ski-slalom-automne\/#primaryimage"},"thumbnailUrl":"https:\/\/test-technique-ski.fr\/wp-content\/uploads\/2025\/03\/IMG_1992-1024x865.jpg","datePublished":"2025-03-31T13:35:08+00:00","dateModified":"2026-01-05T20:11:12+00:00","description":"Delta i h\u00f6stens skidt\u00e4vlingskurser i Amn\u00e9ville f\u00f6r att f\u00f6rbereda dig inf\u00f6r vinters\u00e4songen. Slalomkurser f\u00f6r ungdomar och vuxna","inLanguage":"sv-SE","potentialAction":[{"@type":"ReadAction","target":["https:\/\/test-technique-ski.fr\/sv\/stage-ski-slalom-automne\/"]}]},{"@type":"ImageObject","inLanguage":"sv-SE","@id":"https:\/\/test-technique-ski.fr\/sv\/stage-ski-slalom-automne\/#primaryimage","url":"https:\/\/test-technique-ski.fr\/wp-content\/uploads\/2025\/03\/IMG_1992-1024x865.jpg","contentUrl":"https:\/\/test-technique-ski.fr\/wp-content\/uploads\/2025\/03\/IMG_1992-1024x865.jpg"},{"@type":"WebSite","@id":"https:\/\/test-technique-ski.fr\/sv\/#website","url":"https:\/\/test-technique-ski.fr\/sv\/","name":"TEST TECHNIQUE SKI","description":"","potentialAction":[{"@type":"SearchAction","target":{"@type":"EntryPoint","urlTemplate":"https:\/\/test-technique-ski.fr\/sv\/?s={search_term_string}"},"query-input":{"@type":"PropertyValueSpecification","valueRequired":true,"valueName":"search_term_string"}}],"inLanguage":"sv-SE"}]}},"_links":{"self":[{"href":"https:\/\/test-technique-ski.fr\/sv\/wp-json\/wp\/v2\/pages\/2526","targetHints":{"allow":["GET"]}}],"collection":[{"href":"https:\/\/test-technique-ski.fr\/sv\/wp-json\/wp\/v2\/pages"}],"about":[{"href":"https:\/\/test-technique-ski.fr\/sv\/wp-json\/wp\/v2\/types\/page"}],"author":[{"embeddable":true,"href":"https:\/\/test-technique-ski.fr\/sv\/wp-json\/wp\/v2\/users\/1"}],"replies":[{"embeddable":true,"href":"https:\/\/test-technique-ski.fr\/sv\/wp-json\/wp\/v2\/comments?post=2526"}],"version-history":[{"count":4,"href":"https:\/\/test-technique-ski.fr\/sv\/wp-json\/wp\/v2\/pages\/2526\/revisions"}],"predecessor-version":[{"id":3613,"href":"https:\/\/test-technique-ski.fr\/sv\/wp-json\/wp\/v2\/pages\/2526\/revisions\/3613"}],"wp:attachment":[{"href":"https:\/\/test-technique-ski.fr\/sv\/wp-json\/wp\/v2\/media?parent=2526"}],"curies":[{"name":"wp","href":"https:\/\/api.w.org\/{rel}","templated":true}]}}