{"id":3448,"date":"2025-10-24T14:46:06","date_gmt":"2025-10-24T13:46:06","guid":{"rendered":"https:\/\/test-technique-ski.fr\/stage-ski-slalom-amneville\/"},"modified":"2025-10-24T18:29:59","modified_gmt":"2025-10-24T17:29:59","slug":"stage-ski-slalom-amneville","status":"publish","type":"page","link":"https:\/\/test-technique-ski.fr\/sv\/stage-ski-slalom-amneville\/","title":{"rendered":"Skidslalombana i Amn\u00e9ville"},"content":{"rendered":"\n<h1 class=\"wp-block-heading\"><strong>Amn\u00e9ville slalombana | Unga t\u00e4vlande och tekniskt test<\/strong><\/h1>\n\n<p>Denna kurs erbjuder intensiv, strukturerad slalomtr\u00e4ning i inomhusbacken i Amn\u00e9ville-les-Thermes.<br\/>Den riktar sig till <strong>unga t\u00e4vlande<\/strong> och <strong>vuxna<\/strong> som f\u00f6rbereder sig f\u00f6r det <a href=\"https:\/\/test-technique-ski.fr\/sv\/\">tekniska testet i alpin skid\u00e5kning<\/a>.<\/p>\n\n<p>M\u00e5let \u00e4r att f\u00f6rb\u00e4ttra precisionen i banan, kvaliteten p\u00e5 st\u00f6det och rytmstyrningen genom en stor m\u00e4ngd passningar, vilket m\u00f6jligg\u00f6rs av de stabila f\u00f6rh\u00e5llandena p\u00e5 inomhusbanan.<\/p>\n\n<p><strong>Kontakt f\u00f6r slalomkursen i Amn\u00e9ville<\/strong>: Nicolas p\u00e5 <a href=\"tel:0033625690113\">06 25 69 01 13<\/a><\/p>\n\n<div style=\"height:10px\" aria-hidden=\"true\" class=\"wp-block-spacer\"><\/div>\n\n<h2 class=\"wp-block-heading\">Varf\u00f6r en slalombana i Amn\u00e9ville?<\/h2>\n\n<p>Inomhusbanan i Amn\u00e9ville erbjuder f\u00f6rh\u00e5llanden som \u00e4r s\u00e4rskilt l\u00e4mpade f\u00f6r tekniskt arbete:<\/p>\n\n<ul class=\"wp-block-list\">\n<li><strong>\u00d6ppet \u00e5ret runt<\/strong>, f\u00f6r f\u00f6rs\u00e4songstr\u00e4ning eller sn\u00f6fri tr\u00e4ning.<\/li>\n\n\n\n<li><strong>Korridor reserverad f\u00f6r slalom<\/strong>, vilket ger en stabil, ost\u00f6rd rutt.<\/li>\n\n\n\n<li><strong>Sn\u00f6n h\u00e5ller en temperatur p\u00e5 cirka -8 \u00b0C<\/strong>, vilket ger en h\u00e5rd, j\u00e4mn och konstant yta som \u00e4r idealisk f\u00f6r att arbeta med fotf\u00e4stet.<\/li>\n\n\n\n<li><strong>Inomhusmilj\u00f6<\/strong>, vilket eliminerar v\u00e4dervariationer och garanterar kontinuitet i sessionen.<\/li>\n\n\n\n<li><strong>Bes\u00f6k av kommitt\u00e9er och klubbar<\/strong> som bekr\u00e4ftar platsens l\u00e4mplighet f\u00f6r teknisk specialistutbildning.<\/li>\n<\/ul>\n\n<p>Dessa element g\u00f6r det m\u00f6jligt att \u00f6ka antalet passningar, analysera r\u00f6relser exakt och justera tekniken progressivt och m\u00e4tbart.<\/p>\n\n<figure class=\"wp-block-image size-large\"><img fetchpriority=\"high\" decoding=\"async\" width=\"1024\" height=\"865\" src=\"https:\/\/test-technique-ski.fr\/wp-content\/uploads\/2025\/03\/IMG_1992-1024x865.jpg\" alt=\"Amn&#xE9;ville slalombana f&#xF6;r skid&#xE5;kning  \" class=\"wp-image-2667\" srcset=\"https:\/\/test-technique-ski.fr\/wp-content\/uploads\/2025\/03\/IMG_1992-1024x865.jpg 1024w, https:\/\/test-technique-ski.fr\/wp-content\/uploads\/2025\/03\/IMG_1992-300x253.jpg 300w, https:\/\/test-technique-ski.fr\/wp-content\/uploads\/2025\/03\/IMG_1992-768x649.jpg 768w, https:\/\/test-technique-ski.fr\/wp-content\/uploads\/2025\/03\/IMG_1992.jpg 1290w\" sizes=\"(max-width: 1024px) 100vw, 1024px\" \/><figcaption class=\"wp-element-caption\">Slalombana vid Amn\u00e9ville snowworld<\/figcaption><\/figure>\n\n<h2 class=\"wp-block-heading\">Ledning och resurser<\/h2>\n\n<h3 class=\"wp-block-heading\"><strong>Kursansvarig och kontaktperson: Nicolas Flage<\/strong> &#8211; <a href=\"tel:0033625690113\">06 25 69 01 13<\/a><\/h3>\n\n<ul class=\"wp-block-list\">\n<li>Tidigare idrottsman p\u00e5 h\u00f6gsta niv\u00e5<\/li>\n\n\n\n<li><strong>Innehavare av Brevet d&#8217;Etat i alpin skid\u00e5kning<\/strong><\/li>\n\n\n\n<li>Tidigare <strong>FIS-cyklist<\/strong> (b\u00e4sta v\u00e4rde: <strong>28 FIS-po\u00e4ng<\/strong>)<\/li>\n\n\n\n<li><strong>8 Challenge des Moniteurs-finaler<\/strong> (2006 \u2192 2018)<\/li>\n\n\n\n<li><strong>Medlem av ESF Academy &#8211; ESF Les Menuires<\/strong><\/li>\n\n\n\n<li>Utbildad i <strong>Shiatsu<\/strong> (Ioka\u00ef-skolan)<\/li>\n\n\n\n<li>Utbildad i <strong>psykoterapi<\/strong> (\u00c9cole du soin, sedan 2011) och instrukt\u00f6r inom detta omr\u00e5de<\/li>\n\n\n\n<li>\u00c4ven involverad i <strong>mental f\u00f6rberedelse<\/strong><\/li>\n<\/ul>\n\n<p>Hans metod kombinerar <strong>h\u00f6g teknisk standard<\/strong>, <strong>r\u00f6relsef\u00f6rst\u00e5else<\/strong> och arbete med <strong>inre styrning<\/strong> (andning, koncentration, engagemang).<\/p>\n\n<h3 class=\"wp-block-heading\"><strong>Ytterligare st\u00f6d<\/strong><\/h3>\n\n<p>Nicolas Flage f\u00e5r hj\u00e4lp av<strong>specialiserade slalomtr\u00e4nare<\/strong> fr\u00e5n <strong>ESF Academy i Les Menuires<\/strong>, som alla har de n\u00f6dv\u00e4ndiga l\u00e4rarbeh\u00f6righeterna och har erfarenhet av att tr\u00e4na unga och vuxna t\u00e4vlande.<\/p>\n\n<p><strong>Coachningen sker i sm\u00e5 grupper<\/strong>, vilket g\u00f6r det m\u00f6jligt f\u00f6r :<\/p>\n\n<ul class=\"wp-block-list\">\n<li><strong>exakt observation av<\/strong> banor,<\/li>\n\n\n\n<li><strong>individuella korrigeringar<\/strong> f\u00f6r varje k\u00f6rning,<\/li>\n\n\n\n<li><strong>konsekvent tekniskt st\u00f6d<\/strong> under hela kursen.<\/li>\n<\/ul>\n\n<h2 class=\"wp-block-heading\"><strong>Ing\u00e5r i kursen<\/strong><\/h2>\n\n<ul class=\"wp-block-list\">\n<li>Tillg\u00e5ng till <a href=\"https:\/\/www.snowworld.com\/amneville\/fr\">snowworld-pisten<\/a> under hela kursen (liftkort ing\u00e5r)<\/li>\n\n\n\n<li>Teknisk \u00f6vervakning och slalomutrustning<\/li>\n\n\n\n<li>Boende och catering  <\/li>\n<\/ul>\n\n<p><strong>Priser f\u00f6r v\u00e5ra slalomkurser i Amn\u00e9ville: 4 dagar \/ 790 \u20ac allt inklusive (exklusive busstransport*)<\/strong><\/p>\n\n<p>I priset ing\u00e5r boende, m\u00e5ltider, liftkort och professionell handledning.<\/p>\n\n<p><\/p>\n","protected":false},"excerpt":{"rendered":"<p>Amn\u00e9ville slalombana | Unga t\u00e4vlande och tekniskt test Denna kurs erbjuder intensiv, strukturerad slalomtr\u00e4ning i inomhusbacken i Amn\u00e9ville-les-Thermes.Den riktar sig till unga t\u00e4vlande och vuxna som f\u00f6rbereder sig f\u00f6r det tekniska testet i alpin skid\u00e5kning. M\u00e5let \u00e4r att f\u00f6rb\u00e4ttra precisionen i banan, kvaliteten p\u00e5 st\u00f6det och rytmstyrningen genom en stor m\u00e4ngd passningar, vilket m\u00f6jligg\u00f6rs av [&hellip;]<\/p>\n","protected":false},"author":1,"featured_media":0,"parent":0,"menu_order":0,"comment_status":"closed","ping_status":"closed","template":"","meta":{"footnotes":""},"class_list":["post-3448","page","type-page","status-publish","hentry"],"yoast_head":"<!-- This site is optimized with the Yoast SEO plugin v27.3 - https:\/\/yoast.com\/product\/yoast-seo-wordpress\/ -->\n<title>Skidslalombana i Amn\u00e9ville - TEST TECHNIQUE SKI<\/title>\n<meta name=\"description\" content=\"Slalomkurs i Amn\u00e9ville: 4 dagars intensiv tr\u00e4ning, personlig coachning, videoanalys, snabba framsteg.\" \/>\n<meta name=\"robots\" content=\"index, follow, max-snippet:-1, max-image-preview:large, max-video-preview:-1\" \/>\n<link rel=\"canonical\" href=\"https:\/\/test-technique-ski.fr\/sv\/stage-ski-slalom-amneville\/\" \/>\n<meta property=\"og:locale\" content=\"sv_SE\" \/>\n<meta property=\"og:type\" content=\"article\" \/>\n<meta property=\"og:title\" content=\"Skidslalombana i Amn\u00e9ville - TEST TECHNIQUE SKI\" \/>\n<meta property=\"og:description\" content=\"Slalomkurs i Amn\u00e9ville: 4 dagars intensiv tr\u00e4ning, personlig coachning, videoanalys, snabba framsteg.\" \/>\n<meta property=\"og:url\" content=\"https:\/\/test-technique-ski.fr\/sv\/stage-ski-slalom-amneville\/\" \/>\n<meta property=\"og:site_name\" content=\"TEST TECHNIQUE SKI\" \/>\n<meta property=\"article:modified_time\" content=\"2025-10-24T17:29:59+00:00\" \/>\n<meta property=\"og:image\" content=\"https:\/\/test-technique-ski.fr\/wp-content\/uploads\/2025\/03\/IMG_1992.jpg\" \/>\n\t<meta property=\"og:image:width\" content=\"1290\" \/>\n\t<meta property=\"og:image:height\" content=\"1090\" \/>\n\t<meta property=\"og:image:type\" content=\"image\/jpeg\" \/>\n<meta name=\"twitter:card\" content=\"summary_large_image\" \/>\n<meta name=\"twitter:label1\" content=\"Ber\u00e4knad l\u00e4stid\" \/>\n\t<meta name=\"twitter:data1\" content=\"2 minuter\" \/>\n<script type=\"application\/ld+json\" class=\"yoast-schema-graph\">{\"@context\":\"https:\\\/\\\/schema.org\",\"@graph\":[{\"@type\":\"WebPage\",\"@id\":\"https:\\\/\\\/test-technique-ski.fr\\\/sv\\\/stage-ski-slalom-amneville\\\/\",\"url\":\"https:\\\/\\\/test-technique-ski.fr\\\/sv\\\/stage-ski-slalom-amneville\\\/\",\"name\":\"Skidslalombana i Amn\u00e9ville - TEST TECHNIQUE SKI\",\"isPartOf\":{\"@id\":\"https:\\\/\\\/test-technique-ski.fr\\\/sv\\\/#website\"},\"primaryImageOfPage\":{\"@id\":\"https:\\\/\\\/test-technique-ski.fr\\\/sv\\\/stage-ski-slalom-amneville\\\/#primaryimage\"},\"image\":{\"@id\":\"https:\\\/\\\/test-technique-ski.fr\\\/sv\\\/stage-ski-slalom-amneville\\\/#primaryimage\"},\"thumbnailUrl\":\"https:\\\/\\\/test-technique-ski.fr\\\/wp-content\\\/uploads\\\/2025\\\/03\\\/IMG_1992-1024x865.jpg\",\"datePublished\":\"2025-10-24T13:46:06+00:00\",\"dateModified\":\"2025-10-24T17:29:59+00:00\",\"description\":\"Slalomkurs i Amn\u00e9ville: 4 dagars intensiv tr\u00e4ning, personlig coachning, videoanalys, snabba framsteg.\",\"inLanguage\":\"sv-SE\",\"potentialAction\":[{\"@type\":\"ReadAction\",\"target\":[\"https:\\\/\\\/test-technique-ski.fr\\\/sv\\\/stage-ski-slalom-amneville\\\/\"]}]},{\"@type\":\"ImageObject\",\"inLanguage\":\"sv-SE\",\"@id\":\"https:\\\/\\\/test-technique-ski.fr\\\/sv\\\/stage-ski-slalom-amneville\\\/#primaryimage\",\"url\":\"https:\\\/\\\/test-technique-ski.fr\\\/wp-content\\\/uploads\\\/2025\\\/03\\\/IMG_1992-1024x865.jpg\",\"contentUrl\":\"https:\\\/\\\/test-technique-ski.fr\\\/wp-content\\\/uploads\\\/2025\\\/03\\\/IMG_1992-1024x865.jpg\"},{\"@type\":\"WebSite\",\"@id\":\"https:\\\/\\\/test-technique-ski.fr\\\/sv\\\/#website\",\"url\":\"https:\\\/\\\/test-technique-ski.fr\\\/sv\\\/\",\"name\":\"TEST TECHNIQUE SKI\",\"description\":\"\",\"potentialAction\":[{\"@type\":\"SearchAction\",\"target\":{\"@type\":\"EntryPoint\",\"urlTemplate\":\"https:\\\/\\\/test-technique-ski.fr\\\/sv\\\/?s={search_term_string}\"},\"query-input\":{\"@type\":\"PropertyValueSpecification\",\"valueRequired\":true,\"valueName\":\"search_term_string\"}}],\"inLanguage\":\"sv-SE\"}]}<\/script>\n<!-- \/ Yoast SEO plugin. -->","yoast_head_json":{"title":"Skidslalombana i Amn\u00e9ville - TEST TECHNIQUE SKI","description":"Slalomkurs i Amn\u00e9ville: 4 dagars intensiv tr\u00e4ning, personlig coachning, videoanalys, snabba framsteg.","robots":{"index":"index","follow":"follow","max-snippet":"max-snippet:-1","max-image-preview":"max-image-preview:large","max-video-preview":"max-video-preview:-1"},"canonical":"https:\/\/test-technique-ski.fr\/sv\/stage-ski-slalom-amneville\/","og_locale":"sv_SE","og_type":"article","og_title":"Skidslalombana i Amn\u00e9ville - TEST TECHNIQUE SKI","og_description":"Slalomkurs i Amn\u00e9ville: 4 dagars intensiv tr\u00e4ning, personlig coachning, videoanalys, snabba framsteg.","og_url":"https:\/\/test-technique-ski.fr\/sv\/stage-ski-slalom-amneville\/","og_site_name":"TEST TECHNIQUE SKI","article_modified_time":"2025-10-24T17:29:59+00:00","og_image":[{"width":1290,"height":1090,"url":"https:\/\/test-technique-ski.fr\/wp-content\/uploads\/2025\/03\/IMG_1992.jpg","type":"image\/jpeg"}],"twitter_card":"summary_large_image","twitter_misc":{"Ber\u00e4knad l\u00e4stid":"2 minuter"},"schema":{"@context":"https:\/\/schema.org","@graph":[{"@type":"WebPage","@id":"https:\/\/test-technique-ski.fr\/sv\/stage-ski-slalom-amneville\/","url":"https:\/\/test-technique-ski.fr\/sv\/stage-ski-slalom-amneville\/","name":"Skidslalombana i Amn\u00e9ville - TEST TECHNIQUE SKI","isPartOf":{"@id":"https:\/\/test-technique-ski.fr\/sv\/#website"},"primaryImageOfPage":{"@id":"https:\/\/test-technique-ski.fr\/sv\/stage-ski-slalom-amneville\/#primaryimage"},"image":{"@id":"https:\/\/test-technique-ski.fr\/sv\/stage-ski-slalom-amneville\/#primaryimage"},"thumbnailUrl":"https:\/\/test-technique-ski.fr\/wp-content\/uploads\/2025\/03\/IMG_1992-1024x865.jpg","datePublished":"2025-10-24T13:46:06+00:00","dateModified":"2025-10-24T17:29:59+00:00","description":"Slalomkurs i Amn\u00e9ville: 4 dagars intensiv tr\u00e4ning, personlig coachning, videoanalys, snabba framsteg.","inLanguage":"sv-SE","potentialAction":[{"@type":"ReadAction","target":["https:\/\/test-technique-ski.fr\/sv\/stage-ski-slalom-amneville\/"]}]},{"@type":"ImageObject","inLanguage":"sv-SE","@id":"https:\/\/test-technique-ski.fr\/sv\/stage-ski-slalom-amneville\/#primaryimage","url":"https:\/\/test-technique-ski.fr\/wp-content\/uploads\/2025\/03\/IMG_1992-1024x865.jpg","contentUrl":"https:\/\/test-technique-ski.fr\/wp-content\/uploads\/2025\/03\/IMG_1992-1024x865.jpg"},{"@type":"WebSite","@id":"https:\/\/test-technique-ski.fr\/sv\/#website","url":"https:\/\/test-technique-ski.fr\/sv\/","name":"TEST TECHNIQUE SKI","description":"","potentialAction":[{"@type":"SearchAction","target":{"@type":"EntryPoint","urlTemplate":"https:\/\/test-technique-ski.fr\/sv\/?s={search_term_string}"},"query-input":{"@type":"PropertyValueSpecification","valueRequired":true,"valueName":"search_term_string"}}],"inLanguage":"sv-SE"}]}},"_links":{"self":[{"href":"https:\/\/test-technique-ski.fr\/sv\/wp-json\/wp\/v2\/pages\/3448","targetHints":{"allow":["GET"]}}],"collection":[{"href":"https:\/\/test-technique-ski.fr\/sv\/wp-json\/wp\/v2\/pages"}],"about":[{"href":"https:\/\/test-technique-ski.fr\/sv\/wp-json\/wp\/v2\/types\/page"}],"author":[{"embeddable":true,"href":"https:\/\/test-technique-ski.fr\/sv\/wp-json\/wp\/v2\/users\/1"}],"replies":[{"embeddable":true,"href":"https:\/\/test-technique-ski.fr\/sv\/wp-json\/wp\/v2\/comments?post=3448"}],"version-history":[{"count":4,"href":"https:\/\/test-technique-ski.fr\/sv\/wp-json\/wp\/v2\/pages\/3448\/revisions"}],"predecessor-version":[{"id":3515,"href":"https:\/\/test-technique-ski.fr\/sv\/wp-json\/wp\/v2\/pages\/3448\/revisions\/3515"}],"wp:attachment":[{"href":"https:\/\/test-technique-ski.fr\/sv\/wp-json\/wp\/v2\/media?parent=3448"}],"curies":[{"name":"wp","href":"https:\/\/api.w.org\/{rel}","templated":true}]}}