{"id":509,"date":"2023-01-05T13:56:16","date_gmt":"2023-01-05T13:56:16","guid":{"rendered":"https:\/\/test-technique-ski.fr\/datum-test-teknik-ski-alpin\/"},"modified":"2026-02-28T10:21:51","modified_gmt":"2026-02-28T10:21:51","slug":"tekniskt-testdatum-for-alpina-skidor","status":"publish","type":"page","link":"https:\/\/test-technique-ski.fr\/sv\/tekniskt-testdatum-for-alpina-skidor\/","title":{"rendered":"Datum Tekniskt test utf\u00f6rs\u00e5kning"},"content":{"rendered":"\n<h1 class=\"wp-block-heading\">Datum f\u00f6r det tekniska provet i alpin skid\u00e5kning 2026<\/h1>\n\n<p>Ta reda p\u00e5 alla datum f\u00f6r det <a href=\"https:\/\/test-technique-ski.fr\/sv\/\">tekniska provet i alpin skid\u00e5kning<\/a> vintern 2026.<\/p>\n\n<p><strong>De tekniska testerna 2026 kommer att \u00e4ga rum i 2 sessioner:<\/strong><\/p>\n\n<ul class=\"wp-block-list\">\n<li>Den f\u00f6rsta sessionen l\u00f6per fr\u00e5n den 15 december till den 7 februari 2026.<\/li>\n\n\n\n<li>Den andra sammantr\u00e4desperioden l\u00f6per fr\u00e5n den 9 mars till den 22 april 2026.<\/li>\n<\/ul>\n\n<div style=\"height:10px\" aria-hidden=\"true\" class=\"wp-block-spacer\"><\/div>\n\n<p>Registreringarna \u00e4r endast \u00f6ppna under n\u00e5gra dagar p\u00e5 mycket specifika datum. Se till att du <a href=\"https:\/\/test-technique-ski.fr\/sv\/skidteknisk-testregistrering\/\">anm\u00e4ler dig till det tekniska provet<\/a> i god tid s\u00e5 att du inte missar det datum du har valt.  <\/p>\n\n<p>De allra f\u00f6rsta tillg\u00e4ngliga datumen f\u00f6r den f\u00f6rsta sessionen 2025-2026 av det tekniska testet i alpin skid\u00e5kning kommer att presenteras nedan s\u00e5 snart de har publicerats officiellt.<\/p>\n\n<div style=\"height:10px\" aria-hidden=\"true\" class=\"wp-block-spacer\"><\/div>\n\n<h2 class=\"wp-block-heading\">Datum f\u00f6r de tekniska testerna i alpin skid\u00e5kning 2026<\/h2>\n\n<p>Datumen publiceras av GEPAFO Montagne f\u00f6r de 2 sessionerna 2025-2026 :<\/p>\n\n<figure class=\"wp-block-table\"><table><tbody><tr><td class=\"has-text-align-center\" data-align=\"center\">Plats<\/td><td class=\"has-text-align-center\" data-align=\"center\">Dep.<\/td><td class=\"has-text-align-center\" data-align=\"center\">Datum f\u00f6r test<\/td><td class=\"has-text-align-center\" data-align=\"center\">Registrerad min.<\/td><td class=\"has-text-align-center\" data-align=\"center\">Max. antal registreringar<\/td><td class=\"has-text-align-center\" data-align=\"center\">Datum f\u00f6r \u00f6ppnande av registrering<\/td><td class=\"has-text-align-center\" data-align=\"center\">Sista dag f\u00f6r registrering<\/td><\/tr><tr><td class=\"has-text-align-center\" data-align=\"center\">Val Thorens<\/td><td class=\"has-text-align-center\" data-align=\"center\">73<\/td><td class=\"has-text-align-center\" data-align=\"center\">fr\u00e5n 15\/12\/25 till 17\/12\/25<\/td><td class=\"has-text-align-center\" data-align=\"center\">40<\/td><td class=\"has-text-align-center\" data-align=\"center\">140<\/td><td class=\"has-text-align-center\" data-align=\"center\">13\/10\/25<\/td><td class=\"has-text-align-center\" data-align=\"center\">21\/11\/25<\/td><\/tr><tr><td class=\"has-text-align-center\" data-align=\"center\"><a href=\"https:\/\/test-technique-ski.fr\/sv\/test-teknik-ski-alpin-menuires\/\">Les Menuires<\/a><\/td><td class=\"has-text-align-center\" data-align=\"center\">73<\/td><td class=\"has-text-align-center\" data-align=\"center\">fr\u00e5n 05\/01\/26 till 09\/01\/26<\/td><td class=\"has-text-align-center\" data-align=\"center\">40<\/td><td class=\"has-text-align-center\" data-align=\"center\">280<\/td><td class=\"has-text-align-center\" data-align=\"center\">13\/10\/25<\/td><td class=\"has-text-align-center\" data-align=\"center\">21\/11\/25<\/td><\/tr><tr><td class=\"has-text-align-center\" data-align=\"center\">Font Romeu<\/td><td class=\"has-text-align-center\" data-align=\"center\">73<\/td><td class=\"has-text-align-center\" data-align=\"center\">fr\u00e5n 06\/01\/26 till 08\/01\/26<\/td><td class=\"has-text-align-center\" data-align=\"center\">40<\/td><td class=\"has-text-align-center\" data-align=\"center\">140<\/td><td class=\"has-text-align-center\" data-align=\"center\">13\/10\/25<\/td><td class=\"has-text-align-center\" data-align=\"center\">21\/11\/25<\/td><\/tr><tr><td class=\"has-text-align-center\" data-align=\"center\">Le Sauze<\/td><td class=\"has-text-align-center\" data-align=\"center\">04<\/td><td class=\"has-text-align-center\" data-align=\"center\">fr\u00e5n 12\/01\/26 till 14\/01\/26<\/td><td class=\"has-text-align-center\" data-align=\"center\">40<\/td><td class=\"has-text-align-center\" data-align=\"center\">140<\/td><td class=\"has-text-align-center\" data-align=\"center\">13\/10\/25<\/td><td class=\"has-text-align-center\" data-align=\"center\">21\/11\/25<\/td><\/tr><tr><td class=\"has-text-align-center\" data-align=\"center\">Isola 2000<\/td><td class=\"has-text-align-center\" data-align=\"center\">06<\/td><td class=\"has-text-align-center\" data-align=\"center\">fr\u00e5n 15\/01\/26 till 17\/01\/26<\/td><td class=\"has-text-align-center\" data-align=\"center\">40<\/td><td class=\"has-text-align-center\" data-align=\"center\">140<\/td><td class=\"has-text-align-center\" data-align=\"center\">13\/10\/25<\/td><td class=\"has-text-align-center\" data-align=\"center\">21\/11\/25<\/td><\/tr><tr><td class=\"has-text-align-center\" data-align=\"center\">Le Grand Bornand<\/td><td class=\"has-text-align-center\" data-align=\"center\">74<\/td><td class=\"has-text-align-center\" data-align=\"center\">fr\u00e5n 19\/01\/26 till 23\/01\/26<\/td><td class=\"has-text-align-center\" data-align=\"center\">40<\/td><td class=\"has-text-align-center\" data-align=\"center\">280<\/td><td class=\"has-text-align-center\" data-align=\"center\">13\/10\/25<\/td><td class=\"has-text-align-center\" data-align=\"center\">21\/11\/25<\/td><\/tr><tr><td class=\"has-text-align-center\" data-align=\"center\">L&#8217;Alpe d&#8217;Huez<\/td><td class=\"has-text-align-center\" data-align=\"center\">38<\/td><td class=\"has-text-align-center\" data-align=\"center\">fr\u00e5n 26\/01\/26 till 30\/01\/26<\/td><td class=\"has-text-align-center\" data-align=\"center\">40<\/td><td class=\"has-text-align-center\" data-align=\"center\">280<\/td><td class=\"has-text-align-center\" data-align=\"center\">13\/10\/25<\/td><td class=\"has-text-align-center\" data-align=\"center\">21\/11\/25<\/td><\/tr><tr><td class=\"has-text-align-center\" data-align=\"center\">Markstein<\/td><td class=\"has-text-align-center\" data-align=\"center\">68<\/td><td class=\"has-text-align-center\" data-align=\"center\">fr\u00e5n 02\/02\/26 till 03\/02\/26<\/td><td class=\"has-text-align-center\" data-align=\"center\">40<\/td><td class=\"has-text-align-center\" data-align=\"center\">70<\/td><td class=\"has-text-align-center\" data-align=\"center\">13\/10\/25<\/td><td class=\"has-text-align-center\" data-align=\"center\">21\/11\/25<\/td><\/tr><tr><td class=\"has-text-align-center\" data-align=\"center\">Lelex<\/td><td class=\"has-text-align-center\" data-align=\"center\">01<\/td><td class=\"has-text-align-center\" data-align=\"center\">fr\u00e5n 04\/02\/26 till 05\/02\/26<\/td><td class=\"has-text-align-center\" data-align=\"center\">40<\/td><td class=\"has-text-align-center\" data-align=\"center\">70<\/td><td class=\"has-text-align-center\" data-align=\"center\">13\/10\/25<\/td><td class=\"has-text-align-center\" data-align=\"center\">21\/11\/25<\/td><\/tr><tr><td class=\"has-text-align-center\" data-align=\"center\">Superbesse<\/td><td class=\"has-text-align-center\" data-align=\"center\">63<\/td><td class=\"has-text-align-center\" data-align=\"center\">fr\u00e5n 06\/02\/26 till 07\/02\/26<\/td><td class=\"has-text-align-center\" data-align=\"center\">40<\/td><td class=\"has-text-align-center\" data-align=\"center\">70<\/td><td class=\"has-text-align-center\" data-align=\"center\">13\/10\/25<\/td><td class=\"has-text-align-center\" data-align=\"center\">21\/11\/25<\/td><\/tr><tr><td class=\"has-text-align-center\" data-align=\"center\">Peyragudes<\/td><td class=\"has-text-align-center\" data-align=\"center\">65<\/td><td class=\"has-text-align-center\" data-align=\"center\">fr\u00e5n 09\/03\/26 till 11\/03\/26<\/td><td class=\"has-text-align-center\" data-align=\"center\">40<\/td><td class=\"has-text-align-center\" data-align=\"center\">140<\/td><td class=\"has-text-align-center\" data-align=\"center\">09\/02\/26<\/td><td class=\"has-text-align-center\" data-align=\"center\">27\/02\/26<\/td><\/tr><tr><td class=\"has-text-align-center\" data-align=\"center\">Morzine<\/td><td class=\"has-text-align-center\" data-align=\"center\">74<\/td><td class=\"has-text-align-center\" data-align=\"center\">fr\u00e5n 09\/03\/26 till 13\/03\/26<\/td><td class=\"has-text-align-center\" data-align=\"center\">40<\/td><td class=\"has-text-align-center\" data-align=\"center\">280<\/td><td class=\"has-text-align-center\" data-align=\"center\">09\/02\/26<\/td><td class=\"has-text-align-center\" data-align=\"center\">27\/02\/26<\/td><\/tr><tr><td class=\"has-text-align-center\" data-align=\"center\">L&#8217;Alpe d&#8217;Huez<\/td><td class=\"has-text-align-center\" data-align=\"center\">38<\/td><td class=\"has-text-align-center\" data-align=\"center\">fr\u00e5n 16\/03\/26 till 20\/03\/26<\/td><td class=\"has-text-align-center\" data-align=\"center\">40<\/td><td class=\"has-text-align-center\" data-align=\"center\">280<\/td><td class=\"has-text-align-center\" data-align=\"center\">09\/02\/26<\/td><td class=\"has-text-align-center\" data-align=\"center\">27\/02\/26<\/td><\/tr><tr><td class=\"has-text-align-center\" data-align=\"center\">Montgen\u00e8vre<\/td><td class=\"has-text-align-center\" data-align=\"center\">05<\/td><td class=\"has-text-align-center\" data-align=\"center\">fr\u00e5n 23\/03\/26 till 27\/03\/26<\/td><td class=\"has-text-align-center\" data-align=\"center\">40<\/td><td class=\"has-text-align-center\" data-align=\"center\">280<\/td><td class=\"has-text-align-center\" data-align=\"center\">09\/02\/26<\/td><td class=\"has-text-align-center\" data-align=\"center\">27\/02\/26<\/td><\/tr><tr><td class=\"has-text-align-center\" data-align=\"center\">Val Cenis<\/td><td class=\"has-text-align-center\" data-align=\"center\">73<\/td><td class=\"has-text-align-center\" data-align=\"center\">fr\u00e5n 30\/03\/26 till 03\/04\/26<\/td><td class=\"has-text-align-center\" data-align=\"center\">40<\/td><td class=\"has-text-align-center\" data-align=\"center\">280<\/td><td class=\"has-text-align-center\" data-align=\"center\">09\/02\/26<\/td><td class=\"has-text-align-center\" data-align=\"center\">27\/02\/26<\/td><\/tr><tr><td class=\"has-text-align-center\" data-align=\"center\"><a href=\"https:\/\/test-technique-ski.fr\/sv\/val-thorens\/\" type=\"page\" id=\"3819\">Val Thorens<\/a><\/td><td class=\"has-text-align-center\" data-align=\"center\">73<\/td><td class=\"has-text-align-center\" data-align=\"center\">fr\u00e5n 20\/04\/26 till 22\/04\/26<\/td><td class=\"has-text-align-center\" data-align=\"center\">40<\/td><td class=\"has-text-align-center\" data-align=\"center\">140<\/td><td class=\"has-text-align-center\" data-align=\"center\">09\/02\/26<\/td><td class=\"has-text-align-center\" data-align=\"center\">27\/02\/26<\/td><\/tr><\/tbody><\/table><figcaption class=\"wp-element-caption\">Kalender med datum f\u00f6r det tekniska provet i alpin skid\u00e5kning i Frankrike 2025-2026<\/figcaption><\/figure>\n\n<div style=\"height:10px\" aria-hidden=\"true\" class=\"wp-block-spacer\"><\/div>\n\n<h2 class=\"wp-block-heading\">Utbildning i tekniskt test i Les Menuires  <\/h2>\n\n<p>ESF Academy i Les Menuires anordnar <a href=\"https:\/\/test-technique-ski.fr\/sv\/teknisk-provforberedelsekurs-for-alpin-skidakning\/\">kurser i Technical Test<\/a> p\u00e5 slalomstadion <strong>i Les M\u00e9nuires under hela skids\u00e4songen<\/strong>. Dessa kurser hj\u00e4lper till att f\u00f6rbereda sig f\u00f6r det <a href=\"https:\/\/test-technique-ski.fr\/sv\/test-teknik-ski-alpin-menuires\/\">tekniska testet i Les Menuires<\/a>, som kommer att \u00e4ga rum den 5 januari 2026. <\/p>\n","protected":false},"excerpt":{"rendered":"<p>Datum f\u00f6r det tekniska provet i alpin skid\u00e5kning 2026 Ta reda p\u00e5 alla datum f\u00f6r det tekniska provet i alpin skid\u00e5kning vintern 2026. De tekniska testerna 2026 kommer att \u00e4ga rum i 2 sessioner: Registreringarna \u00e4r endast \u00f6ppna under n\u00e5gra dagar p\u00e5 mycket specifika datum. Se till att du anm\u00e4ler dig till det tekniska provet [&hellip;]<\/p>\n","protected":false},"author":1,"featured_media":0,"parent":0,"menu_order":0,"comment_status":"closed","ping_status":"closed","template":"","meta":{"footnotes":""},"class_list":["post-509","page","type-page","status-publish","hentry"],"yoast_head":"<!-- This site is optimized with the Yoast SEO plugin v27.3 - https:\/\/yoast.com\/product\/yoast-seo-wordpress\/ -->\n<title>Datum Tekniskt test utf\u00f6rs\u00e5kning<\/title>\n<meta name=\"description\" content=\"Uppt\u00e4ck datumen f\u00f6r de tekniska testerna i Frankrike. Alla registreringsdatum f\u00f6r att g\u00f6ra ditt tekniska skidprov\" \/>\n<meta name=\"robots\" content=\"index, follow, max-snippet:-1, max-image-preview:large, max-video-preview:-1\" \/>\n<link rel=\"canonical\" href=\"https:\/\/test-technique-ski.fr\/sv\/tekniskt-testdatum-for-alpina-skidor\/\" \/>\n<meta property=\"og:locale\" content=\"sv_SE\" \/>\n<meta property=\"og:type\" content=\"article\" \/>\n<meta property=\"og:title\" content=\"Datum Tekniskt test utf\u00f6rs\u00e5kning\" \/>\n<meta property=\"og:description\" content=\"Uppt\u00e4ck datumen f\u00f6r de tekniska testerna i Frankrike. Alla registreringsdatum f\u00f6r att g\u00f6ra ditt tekniska skidprov\" \/>\n<meta property=\"og:url\" content=\"https:\/\/test-technique-ski.fr\/sv\/tekniskt-testdatum-for-alpina-skidor\/\" \/>\n<meta property=\"og:site_name\" content=\"TEST TECHNIQUE SKI\" \/>\n<meta property=\"article:modified_time\" content=\"2026-02-28T10:21:51+00:00\" \/>\n<meta name=\"twitter:card\" content=\"summary_large_image\" \/>\n<meta name=\"twitter:label1\" content=\"Ber\u00e4knad l\u00e4stid\" \/>\n\t<meta name=\"twitter:data1\" content=\"2 minuter\" \/>\n<script type=\"application\/ld+json\" class=\"yoast-schema-graph\">{\"@context\":\"https:\\\/\\\/schema.org\",\"@graph\":[{\"@type\":\"WebPage\",\"@id\":\"https:\\\/\\\/test-technique-ski.fr\\\/sv\\\/tekniskt-testdatum-for-alpina-skidor\\\/\",\"url\":\"https:\\\/\\\/test-technique-ski.fr\\\/sv\\\/tekniskt-testdatum-for-alpina-skidor\\\/\",\"name\":\"Datum Tekniskt test utf\u00f6rs\u00e5kning\",\"isPartOf\":{\"@id\":\"https:\\\/\\\/test-technique-ski.fr\\\/sv\\\/#website\"},\"datePublished\":\"2023-01-05T13:56:16+00:00\",\"dateModified\":\"2026-02-28T10:21:51+00:00\",\"description\":\"Uppt\u00e4ck datumen f\u00f6r de tekniska testerna i Frankrike. Alla registreringsdatum f\u00f6r att g\u00f6ra ditt tekniska skidprov\",\"inLanguage\":\"sv-SE\",\"potentialAction\":[{\"@type\":\"ReadAction\",\"target\":[\"https:\\\/\\\/test-technique-ski.fr\\\/sv\\\/tekniskt-testdatum-for-alpina-skidor\\\/\"]}]},{\"@type\":\"WebSite\",\"@id\":\"https:\\\/\\\/test-technique-ski.fr\\\/sv\\\/#website\",\"url\":\"https:\\\/\\\/test-technique-ski.fr\\\/sv\\\/\",\"name\":\"TEST TECHNIQUE SKI\",\"description\":\"\",\"potentialAction\":[{\"@type\":\"SearchAction\",\"target\":{\"@type\":\"EntryPoint\",\"urlTemplate\":\"https:\\\/\\\/test-technique-ski.fr\\\/sv\\\/?s={search_term_string}\"},\"query-input\":{\"@type\":\"PropertyValueSpecification\",\"valueRequired\":true,\"valueName\":\"search_term_string\"}}],\"inLanguage\":\"sv-SE\"}]}<\/script>\n<!-- \/ Yoast SEO plugin. -->","yoast_head_json":{"title":"Datum Tekniskt test utf\u00f6rs\u00e5kning","description":"Uppt\u00e4ck datumen f\u00f6r de tekniska testerna i Frankrike. Alla registreringsdatum f\u00f6r att g\u00f6ra ditt tekniska skidprov","robots":{"index":"index","follow":"follow","max-snippet":"max-snippet:-1","max-image-preview":"max-image-preview:large","max-video-preview":"max-video-preview:-1"},"canonical":"https:\/\/test-technique-ski.fr\/sv\/tekniskt-testdatum-for-alpina-skidor\/","og_locale":"sv_SE","og_type":"article","og_title":"Datum Tekniskt test utf\u00f6rs\u00e5kning","og_description":"Uppt\u00e4ck datumen f\u00f6r de tekniska testerna i Frankrike. Alla registreringsdatum f\u00f6r att g\u00f6ra ditt tekniska skidprov","og_url":"https:\/\/test-technique-ski.fr\/sv\/tekniskt-testdatum-for-alpina-skidor\/","og_site_name":"TEST TECHNIQUE SKI","article_modified_time":"2026-02-28T10:21:51+00:00","twitter_card":"summary_large_image","twitter_misc":{"Ber\u00e4knad l\u00e4stid":"2 minuter"},"schema":{"@context":"https:\/\/schema.org","@graph":[{"@type":"WebPage","@id":"https:\/\/test-technique-ski.fr\/sv\/tekniskt-testdatum-for-alpina-skidor\/","url":"https:\/\/test-technique-ski.fr\/sv\/tekniskt-testdatum-for-alpina-skidor\/","name":"Datum Tekniskt test utf\u00f6rs\u00e5kning","isPartOf":{"@id":"https:\/\/test-technique-ski.fr\/sv\/#website"},"datePublished":"2023-01-05T13:56:16+00:00","dateModified":"2026-02-28T10:21:51+00:00","description":"Uppt\u00e4ck datumen f\u00f6r de tekniska testerna i Frankrike. Alla registreringsdatum f\u00f6r att g\u00f6ra ditt tekniska skidprov","inLanguage":"sv-SE","potentialAction":[{"@type":"ReadAction","target":["https:\/\/test-technique-ski.fr\/sv\/tekniskt-testdatum-for-alpina-skidor\/"]}]},{"@type":"WebSite","@id":"https:\/\/test-technique-ski.fr\/sv\/#website","url":"https:\/\/test-technique-ski.fr\/sv\/","name":"TEST TECHNIQUE SKI","description":"","potentialAction":[{"@type":"SearchAction","target":{"@type":"EntryPoint","urlTemplate":"https:\/\/test-technique-ski.fr\/sv\/?s={search_term_string}"},"query-input":{"@type":"PropertyValueSpecification","valueRequired":true,"valueName":"search_term_string"}}],"inLanguage":"sv-SE"}]}},"_links":{"self":[{"href":"https:\/\/test-technique-ski.fr\/sv\/wp-json\/wp\/v2\/pages\/509","targetHints":{"allow":["GET"]}}],"collection":[{"href":"https:\/\/test-technique-ski.fr\/sv\/wp-json\/wp\/v2\/pages"}],"about":[{"href":"https:\/\/test-technique-ski.fr\/sv\/wp-json\/wp\/v2\/types\/page"}],"author":[{"embeddable":true,"href":"https:\/\/test-technique-ski.fr\/sv\/wp-json\/wp\/v2\/users\/1"}],"replies":[{"embeddable":true,"href":"https:\/\/test-technique-ski.fr\/sv\/wp-json\/wp\/v2\/comments?post=509"}],"version-history":[{"count":8,"href":"https:\/\/test-technique-ski.fr\/sv\/wp-json\/wp\/v2\/pages\/509\/revisions"}],"predecessor-version":[{"id":3868,"href":"https:\/\/test-technique-ski.fr\/sv\/wp-json\/wp\/v2\/pages\/509\/revisions\/3868"}],"wp:attachment":[{"href":"https:\/\/test-technique-ski.fr\/sv\/wp-json\/wp\/v2\/media?parent=509"}],"curies":[{"name":"wp","href":"https:\/\/api.w.org\/{rel}","templated":true}]}}